{"id":7,"date":"2023-01-30T16:35:36","date_gmt":"2023-01-30T15:35:36","guid":{"rendered":"https:\/\/casaporciatti.it\/shop\/?page_id=7"},"modified":"2023-03-27T09:25:37","modified_gmt":"2023-03-27T07:25:37","slug":"home","status":"publish","type":"page","link":"https:\/\/casaporciatti.it\/shop\/","title":{"rendered":"Home"},"content":{"rendered":"\t\t<div data-elementor-type=\"wp-post\" data-elementor-id=\"7\" class=\"elementor elementor-7\">\n\t\t\t\t\t\t<section class=\"elementor-section elementor-top-section elementor-element elementor-element-ceb81e8 elementor-section-boxed elementor-section-height-default elementor-section-height-default\" data-id=\"ceb81e8\" data-element_type=\"section\" data-e-type=\"section\">\n\t\t\t\t\t\t<div class=\"elementor-container elementor-column-gap-default\">\n\t\t\t\t\t<div class=\"elementor-column elementor-col-100 elementor-top-column elementor-element elementor-element-3272501\" data-id=\"3272501\" data-element_type=\"column\" data-e-type=\"column\">\n\t\t\t<div class=\"elementor-widget-wrap elementor-element-populated\">\n\t\t\t\t\t\t<div class=\"elementor-element elementor-element-6397bb4 elementor-widget elementor-widget-image\" data-id=\"6397bb4\" data-element_type=\"widget\" data-e-type=\"widget\" data-widget_type=\"image.default\">\n\t\t\t\t<div class=\"elementor-widget-container\">\n\t\t\t\t\t\t\t\t\t\t\t\t\t\t\t<img fetchpriority=\"high\" decoding=\"async\" width=\"893\" height=\"400\" src=\"https:\/\/casaporciatti.it\/shop\/wp-content\/uploads\/2023\/02\/HomeHeader3-1.jpg\" class=\"attachment-full size-full wp-image-9824\" alt=\"\" srcset=\"https:\/\/casaporciatti.it\/shop\/wp-content\/uploads\/2023\/02\/HomeHeader3-1.jpg 893w, https:\/\/casaporciatti.it\/shop\/wp-content\/uploads\/2023\/02\/HomeHeader3-1-300x134.jpg 300w, https:\/\/casaporciatti.it\/shop\/wp-content\/uploads\/2023\/02\/HomeHeader3-1-768x344.jpg 768w, https:\/\/casaporciatti.it\/shop\/wp-content\/uploads\/2023\/02\/HomeHeader3-1-600x269.jpg 600w\" sizes=\"(max-width: 893px) 100vw, 893px\" title=\"\">\t\t\t\t\t\t\t\t\t\t\t\t\t\t\t<\/div>\n\t\t\t\t<\/div>\n\t\t\t\t\t<\/div>\n\t\t<\/div>\n\t\t\t\t\t<\/div>\n\t\t<\/section>\n\t\t\t\t<section class=\"elementor-section elementor-top-section elementor-element elementor-element-f877e01 elementor-section-boxed elementor-section-height-default elementor-section-height-default\" data-id=\"f877e01\" data-element_type=\"section\" data-e-type=\"section\">\n\t\t\t\t\t\t<div class=\"elementor-container elementor-column-gap-default\">\n\t\t\t\t\t<div class=\"elementor-column elementor-col-100 elementor-top-column elementor-element elementor-element-78dad99\" data-id=\"78dad99\" data-element_type=\"column\" data-e-type=\"column\">\n\t\t\t<div class=\"elementor-widget-wrap elementor-element-populated\">\n\t\t\t\t\t\t<div class=\"elementor-element elementor-element-8fd7805 elementor-widget elementor-widget-heading\" data-id=\"8fd7805\" data-element_type=\"widget\" data-e-type=\"widget\" data-widget_type=\"heading.default\">\n\t\t\t\t<div class=\"elementor-widget-container\">\n\t\t\t\t\t<h2 class=\"elementor-heading-title elementor-size-default\">Shop<\/h2>\t\t\t\t<\/div>\n\t\t\t\t<\/div>\n\t\t\t\t<div class=\"elementor-element elementor-element-cb59209 elementor-widget elementor-widget-text-editor\" data-id=\"cb59209\" data-element_type=\"widget\" data-e-type=\"widget\" data-widget_type=\"text-editor.default\">\n\t\t\t\t<div class=\"elementor-widget-container\">\n\t\t\t\t\t\t\t\t\t<p><b>Casa Porciatti<\/b>, nella propria enoteca di<b> Radda in Chianti<\/b>, seleziona i migliori vini toscani, tra cui quelli del Chianti Classico, oltre a vini italiani e francesi, dal 1965. Siamo anche un negozio online dove i nostri clienti e gli appassionati che ci hanno conosciuto in enoteca possono trovare la stessa attenzione e selezione del negozio di Radda in Chianti.<\/p>\n<p>Dopo anni di degustazioni e visite in cantina, ci siamo specializzati in un&#8217;ampia selezione di Chianti Classico, tra cui Chianti Classico Riserva e Chianti Classico Gran Selezione, dai produttori di vino di Radda, cos\u00ec come degli altri borghi del Chianti. La sezione Chianti Classico del nostro catalogo \u00e8 suddivisa per le nuove UGA, <b>Unit\u00e0 Geografiche Aggiuntive<\/b>, che sono aree di produzione definite dal Consorzio Chianti Classico e distinguibili in base a criteri specifici come la riconoscibilit\u00e0 enologica, la storicit\u00e0 e la notoriet\u00e0.<\/p>\n<p>Oltre a ci\u00f2, fra le nostre scelte, non dimentichiamo mai gli altri grandi vini toscani, come il <b>Brunello di Montalcino<\/b>, il <b>Nobile di Montepulciano<\/b> e <b>Bolgheri<\/b>. Siamo sempre alla ricerca del piccolo produttore artigianale che sia in grado di esprimere il vitigno Sangiovese e i vitigni autoctoni del proprio territorio.<br>L&#8217;enoteca e il catalogo online dei nostri vini rappresentano ci\u00f2 che amiamo di pi\u00f9. Perci\u00f2, non solo i vini toscani, ma anche una corposa e ragionata selezione di vini piemontesi, come il <b>Barolo<\/b> e il <b>Nebbiolo<\/b>, e vini francesi, come lo <b>Champagne<\/b> e la <b>Borgogna<\/b>, sono presenti.<\/p>\n<p>Siamo appassionati di vini autentici e legati al territorio. Ampio spazio nel nostro catalogo \u00e8 riservato ai <b>vini biologici<\/b> e <b>biodinamici<\/b>. Siamo convinti che il produttore che ha rispetto della propria terra sia anche rispettoso delle tradizioni che il suo vino tramanda.<\/p>\n<p>Vi invitiamo a sfogliare il nostro catalogo online o venirci a trovare a Radda in Chianti per scoprire tutte le chicche enologiche e gastronomiche presenti in negozio. Oltre ai vini, offriamo anche un&#8217;ampia scelta di salumi di nostra produzione e delle migliori specialit\u00e0 toscane.enoteca<\/p>\t\t\t\t\t\t\t\t<\/div>\n\t\t\t\t<\/div>\n\t\t\t\t\t<\/div>\n\t\t<\/div>\n\t\t\t\t\t<\/div>\n\t\t<\/section>\n\t\t\t\t<section class=\"elementor-section elementor-top-section elementor-element elementor-element-f2656b5 elementor-section-boxed elementor-section-height-default elementor-section-height-default\" data-id=\"f2656b5\" data-element_type=\"section\" data-e-type=\"section\">\n\t\t\t\t\t\t<div class=\"elementor-container elementor-column-gap-default\">\n\t\t\t\t\t<div class=\"elementor-column elementor-col-100 elementor-top-column elementor-element elementor-element-5247bb8\" data-id=\"5247bb8\" data-element_type=\"column\" data-e-type=\"column\">\n\t\t\t<div class=\"elementor-widget-wrap elementor-element-populated\">\n\t\t\t\t\t\t<div class=\"elementor-element elementor-element-fee995a elementor-widget elementor-widget-heading\" data-id=\"fee995a\" data-element_type=\"widget\" data-e-type=\"widget\" data-widget_type=\"heading.default\">\n\t\t\t\t<div class=\"elementor-widget-container\">\n\t\t\t\t\t<h2 class=\"elementor-heading-title elementor-size-default\">Ultimi arrivi<\/h2>\t\t\t\t<\/div>\n\t\t\t\t<\/div>\n\t\t\t\t<div class=\"elementor-element elementor-element-a910cbe elementor-widget elementor-widget-post_prodotti\" data-id=\"a910cbe\" data-element_type=\"widget\" data-e-type=\"widget\" data-widget_type=\"post_prodotti.default\">\n\t\t\t\t<div class=\"elementor-widget-container\">\n\t\t\t\t\t\t\t\t<script type=\"text\/javascript\">\n\t\t\t\tjQuery( function($) {\n\t\t\t\t  \t$(document).ready(function() {\n\t\t\t\t\t    $(\".carosello-prodottiultimi_arrivi\").owlCarousel({\n\t\t\t\t\t        loop:true,\n\t\t\t\t\t        autoplay:true,\n\t\t\t\t\t        responsiveClass: true,\n\t\t\t\t\t\t\tresponsive : {\n\t\t\t\t\t\t\t    \/\/ breakpoint from 0 up\n\t\t\t\t\t\t\t    0 : {\n\t\t\t\t\t\t\t        items : 1,\n\t\t\t\t\t\t\t    },\n\t\t\t\t\t\t\t    \/\/ breakpoint from 480 up\n\t\t\t\t\t\t\t    480 : {\n\t\t\t\t\t\t\t        items : 2,\n\t\t\t\t\t\t\t    },\n\t\t\t\t\t\t\t    \/\/ breakpoint from 768 up\n\t\t\t\t\t\t\t    768 : {\n\t\t\t\t\t\t\t        items : 3,\n\t\t\t\t\t\t\t    }\n\t\t\t\t\t\t\t},\n\t\t\t\t\t        items:3,\n\t\t\t\t\t        margin:30,\n\t\t\t\t\t        autoWidth:false,\n\t\t\t\t\t        autoplayHoverPause: true,\n\t\t\t\t\t        rewind:true,\n\t\t\t\t\t        lazyLoad:true,\n\t\t\t\t\t        nav:true,\n\t\t\t\t\t        navText: ['<i class=\"fa-solid fa-chevron-left\"><\/i>', '<i class=\"fa-solid fa-chevron-right\"><\/i>'],\n\t\t\t\t\t    });\n\t\t\t\t  \t});\n\t\t\t\t});\n\t\t\t<\/script>\n\t\t\t\t\t<style type=\"text\/css\">\n\t\t\t\t.woocommerce ul.products li.product, .woocommerce-page ul.products li.product {\n\t\t\t\t  width: 90.05%;\n\t\t\t\t}\n\t\t\t\t.owl-prev {\n\t\t\t\t    position: absolute;\n\t\t\t\t    top: 40%;\n\t\t\t\t    margin-left: -20px!important;\n\t\t\t\t    display: block !important;\n\t\t\t\t    background-color: transparent !important;\n\t\t\t\t}\n\n\t\t\t\t.owl-next {\n\t\t\t\t    position: absolute;\n\t\t\t\t    top: 40%;\n\t\t\t\t    right: -25px;\n\t\t\t\t    display: block !important;\n\t\t\t\t    background-color: transparent !important;\n\t\t\t\t}\n\t\t\t\t.owl-prev i, .owl-next i {\n\t\t\t\t\tfont-size: 20px;\n\t\t\t\t\tpadding: 10px 14px;\n\t\t\t\t\tcolor: white;\n\t\t\t\t\tbackground-color: var(--e-global-color-accent);\n\t\t\t\t\tborder-radius: 50%;\n\t\t\t\t}\n\t\t\t\t.owl-carousel .owl-item img {\n\t\t\t\t  width: auto;\n\t\t\t\t}\n\t\t<\/style>\n\t\t<section style=\"position:relative;\" class=\"\">\n\t\t\t\t\t\t<div class=\"container\">\n\t\t\t\t<div class=\"row d-flex align-items-center\">\n\t\t\t\t\t\t\t\t\t\t<div class=\"carosello-prodottiultimi_arrivi owl-carousel owl-theme\">\n\t\t\t\t\t\t\t\t\t\t\t\t\t  \t<article class=\"item \">\n\t\t\t\t\t\t\t  \t\t<div class=\"card\">\n\t\t\n\t\n\t<div class=\"card-text brand ele d-flex justify-content-center\">\n\t\t<a href=\"https:\/\/casaporciatti.it\/shop\/prodotto\/isole-e-olena-collezione-privata-chardonnay-2024\/\" title=\"ISOLE E OLENA COLLEZIONE PRIVATA Chardonnay 2024\">\n\t\t\t\n\t\t\t<img decoding=\"async\" width=\"300\" height=\"300\" src=\"https:\/\/casaporciatti.it\/shop\/wp-content\/uploads\/2026\/08\/isole-e-olena-chardonnay-300x300.png\" class=\"attachment-woocommerce_thumbnail size-woocommerce_thumbnail\" alt=\"isole e olena chardonnay\" srcset=\"https:\/\/casaporciatti.it\/shop\/wp-content\/uploads\/2026\/08\/isole-e-olena-chardonnay-300x300.png 300w, https:\/\/casaporciatti.it\/shop\/wp-content\/uploads\/2026\/08\/isole-e-olena-chardonnay-150x150.png 150w, https:\/\/casaporciatti.it\/shop\/wp-content\/uploads\/2026\/08\/isole-e-olena-chardonnay-100x100.png 100w, https:\/\/casaporciatti.it\/shop\/wp-content\/uploads\/2026\/08\/isole-e-olena-chardonnay.png 600w\" sizes=\"(max-width: 300px) 100vw, 300px\" title=\"\">\n\t\t<\/a>\n\t\t\t\t<div class=\"wishlistbella\">\n\t\t\t\t\t<\/div>\n\t<\/div>\n\t<div class=\"card-title titolo-elementor\">\n\t\t<a href=\"https:\/\/casaporciatti.it\/shop\/prodotto\/isole-e-olena-collezione-privata-chardonnay-2024\/\" title=\"ISOLE E OLENA COLLEZIONE PRIVATA Chardonnay 2024\">\n\t\t\t<h3 class=\"text-center px-3\" style=\"font-size: 16px;color: var( --e-global-color-text );\">ISOLE E OLENA COLLEZIONE PRIVATA Chardonnay 2024<\/h3>\n\t\t<\/a>\n\t<\/div>\n\n\t<div class=\"card-description homeel\">\n\t\t<div class=\"prezzo\">\n\t\t\t\n\t<span class=\"price\"><span class=\"woocommerce-Price-amount amount\"><bdi>82,00&nbsp;<span class=\"woocommerce-Price-currencySymbol\" translate=\"no\">&euro;<\/span><\/bdi><\/span><\/span>\n\t\t<\/div>\n\t<\/div>\n\t<div class=\"pulsantele py-3 justify-content-center\">\n\t\t\t\t\n\t\t\t<form class=\"cart\" action=\"https:\/\/casaporciatti.it\/shop\/prodotto\/isole-e-olena-collezione-privata-chardonnay-2024\/\" method=\"post\" enctype='multipart\/form-data'>\n\t\t\n\t\t\n\t\t\t<\/a><a class=\"button allinea\" style=\"\" href=\"https:\/\/wa.me\/393312783094?text=Salve%2C%20vorrei%20sapere%20quando%20torna%20disponibile%20il%20prodotto%20ISOLE%20E%20OLENA%20COLLEZIONE%20PRIVATA%20Chardonnay%202024%20che%20si%20trova%20qui%3A%20%22%20https%3A%2F%2Fcasaporciatti.it%2Fshop%2Fprodotto%2Fisole-e-olena-collezione-privata-chardonnay-2024%2F%20%22\" title=\"ISOLE E OLENA COLLEZIONE PRIVATA Chardonnay 2024\">Contattaci  <img decoding=\"async\" width=\"200\" height=\"200\" src=\"https:\/\/casaporciatti.it\/shop\/wp-content\/uploads\/2023\/02\/whatsapp.svg\" class=\"icona-wa\" alt=\"\" title=\"\"><\/a>\n\t\t\t\t\t<\/form>\n\t<\/div>\n<\/div>\t\t\t\t\t\t\t\t<\/article>\t  \n\t\t\t\t\t\t\t\t\t\t\t\t\t\t  \t<article class=\"item \">\n\t\t\t\t\t\t\t  \t\t<div class=\"card\">\n\t\t\n\t\n\t<div class=\"card-text brand ele d-flex justify-content-center\">\n\t\t<a href=\"https:\/\/casaporciatti.it\/shop\/prodotto\/domaine-fourrier-bourgogne-blanc-2023-vigne-comte-de-la-chappelle\/\" title=\"DOMAINE FOURRIER Bourgogne Blanc 2023 Vigne Comte de la Chappelle\">\n\t\t\t\n\t\t\t<img loading=\"lazy\" decoding=\"async\" width=\"300\" height=\"300\" src=\"https:\/\/casaporciatti.it\/shop\/wp-content\/uploads\/2026\/07\/Bourgogne-Blanc-DOC-Vigne-Comte-de-la-Chapelle-2023-\u2013-Jean-Marie-Fourrier-300x300.png\" class=\"attachment-woocommerce_thumbnail size-woocommerce_thumbnail\" alt=\"fourrier blanc\" srcset=\"https:\/\/casaporciatti.it\/shop\/wp-content\/uploads\/2026\/07\/Bourgogne-Blanc-DOC-Vigne-Comte-de-la-Chapelle-2023-\u2013-Jean-Marie-Fourrier-300x300.png 300w, https:\/\/casaporciatti.it\/shop\/wp-content\/uploads\/2026\/07\/Bourgogne-Blanc-DOC-Vigne-Comte-de-la-Chapelle-2023-\u2013-Jean-Marie-Fourrier-150x150.png 150w, https:\/\/casaporciatti.it\/shop\/wp-content\/uploads\/2026\/07\/Bourgogne-Blanc-DOC-Vigne-Comte-de-la-Chapelle-2023-\u2013-Jean-Marie-Fourrier-100x100.png 100w, https:\/\/casaporciatti.it\/shop\/wp-content\/uploads\/2026\/07\/Bourgogne-Blanc-DOC-Vigne-Comte-de-la-Chapelle-2023-\u2013-Jean-Marie-Fourrier.png 600w\" sizes=\"(max-width: 300px) 100vw, 300px\" title=\"\">\n\t\t<\/a>\n\t\t\t\t<div class=\"wishlistbella\">\n\t\t\t\t\t<\/div>\n\t<\/div>\n\t<div class=\"card-title titolo-elementor\">\n\t\t<a href=\"https:\/\/casaporciatti.it\/shop\/prodotto\/domaine-fourrier-bourgogne-blanc-2023-vigne-comte-de-la-chappelle\/\" title=\"DOMAINE FOURRIER Bourgogne Blanc 2023 Vigne Comte de la Chappelle\">\n\t\t\t<h3 class=\"text-center px-3\" style=\"font-size: 16px;color: var( --e-global-color-text );\">DOMAINE FOURRIER Bourgogne Blanc 2023 Vigne Comte de la Chappelle<\/h3>\n\t\t<\/a>\n\t<\/div>\n\n\t<div class=\"card-description homeel\">\n\t\t<div class=\"prezzo\">\n\t\t\t\n\t<span class=\"price\"><span class=\"woocommerce-Price-amount amount\"><bdi>83,00&nbsp;<span class=\"woocommerce-Price-currencySymbol\" translate=\"no\">&euro;<\/span><\/bdi><\/span><\/span>\n\t\t<\/div>\n\t<\/div>\n\t<div class=\"pulsantele py-3 justify-content-center\">\n\t\t\t\t\n\t\t\t<form class=\"cart\" action=\"https:\/\/casaporciatti.it\/shop\/prodotto\/domaine-fourrier-bourgogne-blanc-2023-vigne-comte-de-la-chappelle\/\" method=\"post\" enctype='multipart\/form-data'>\n\t\t\n\t\t\n\t\t\t<\/a><a title=\"Aggiungi al carrello DOMAINE FOURRIER Bourgogne Blanc 2023 Vigne Comte de la Chappelle\" href=\"\/shop\/wp-json\/wp\/v2\/pages\/7?add-to-cart=13629\" data-quantity=\"1\" class=\"btn d-grid gap-2 text-center button product_type_simple add_to_cart_button ajax_add_to_cart\" data-product_id=\"13629\" data-product_sku=\"c3cfef6cb798-4\" aria-label=\"Aggiungi al carrello: &quot;DOMAINE FOURRIER Bourgogne Blanc 2023 Vigne Comte de la Chappelle&quot;\" rel=\"nofollow\" data-success_message=\"&quot;DOMAINE FOURRIER Bourgogne Blanc 2023 Vigne Comte de la Chappelle&quot; \u00e8 stato aggiunto al tuo carrello\" role=\"button\">Aggiungi al carrello<\/a>\n\t\t\t\t\t<\/form>\n\t<\/div>\n<\/div>\t\t\t\t\t\t\t\t<\/article>\t  \n\t\t\t\t\t\t\t\t\t\t\t\t\t\t  \t<article class=\"item \">\n\t\t\t\t\t\t\t  \t\t<div class=\"card\">\n\t\t\n\t\n\t<div class=\"card-text brand ele d-flex justify-content-center\">\n\t\t<a href=\"https:\/\/casaporciatti.it\/shop\/prodotto\/masseto-2022-3-bottiglie-in-cassa-legno\/\" title=\"MASSETO 2022, 3 bottiglie in Cassa legno\">\n\t\t\t\n\t\t\t<img loading=\"lazy\" decoding=\"async\" width=\"300\" height=\"300\" src=\"https:\/\/casaporciatti.it\/shop\/wp-content\/uploads\/2026\/06\/masseto-cassa-legno-3-bottiglie-300x300.png\" class=\"attachment-woocommerce_thumbnail size-woocommerce_thumbnail\" alt=\"masseto 2022 cassa singola legno 3 bottiglie\" srcset=\"https:\/\/casaporciatti.it\/shop\/wp-content\/uploads\/2026\/06\/masseto-cassa-legno-3-bottiglie-300x300.png 300w, https:\/\/casaporciatti.it\/shop\/wp-content\/uploads\/2026\/06\/masseto-cassa-legno-3-bottiglie-150x150.png 150w, https:\/\/casaporciatti.it\/shop\/wp-content\/uploads\/2026\/06\/masseto-cassa-legno-3-bottiglie-100x100.png 100w, https:\/\/casaporciatti.it\/shop\/wp-content\/uploads\/2026\/06\/masseto-cassa-legno-3-bottiglie.png 600w\" sizes=\"(max-width: 300px) 100vw, 300px\" title=\"\">\n\t\t<\/a>\n\t\t\t\t<div class=\"wishlistbella\">\n\t\t\t\t\t<\/div>\n\t<\/div>\n\t<div class=\"card-title titolo-elementor\">\n\t\t<a href=\"https:\/\/casaporciatti.it\/shop\/prodotto\/masseto-2022-3-bottiglie-in-cassa-legno\/\" title=\"MASSETO 2022, 3 bottiglie in Cassa legno\">\n\t\t\t<h3 class=\"text-center px-3\" style=\"font-size: 16px;color: var( --e-global-color-text );\">MASSETO 2022, 3 bottiglie in Cassa legno<\/h3>\n\t\t<\/a>\n\t<\/div>\n\n\t<div class=\"card-description homeel\">\n\t\t<div class=\"prezzo\">\n\t\t\t\n\t<span class=\"price\"><span class=\"woocommerce-Price-amount amount\"><bdi>2.950,00&nbsp;<span class=\"woocommerce-Price-currencySymbol\" translate=\"no\">&euro;<\/span><\/bdi><\/span><\/span>\n\t\t<\/div>\n\t<\/div>\n\t<div class=\"pulsantele py-3 justify-content-center\">\n\t\t\t\t\n\t\t\t<form class=\"cart\" action=\"https:\/\/casaporciatti.it\/shop\/prodotto\/masseto-2022-3-bottiglie-in-cassa-legno\/\" method=\"post\" enctype='multipart\/form-data'>\n\t\t\n\t\t\n\t\t\t<\/a><a title=\"Aggiungi al carrello MASSETO 2022, 3 bottiglie in Cassa legno\" href=\"\/shop\/wp-json\/wp\/v2\/pages\/7?add-to-cart=13610\" data-quantity=\"1\" class=\"btn d-grid gap-2 text-center button product_type_simple add_to_cart_button ajax_add_to_cart\" data-product_id=\"13610\" data-product_sku=\"a949735a7a02-949736\" aria-label=\"Aggiungi al carrello: &quot;MASSETO 2022, 3 bottiglie in Cassa legno&quot;\" rel=\"nofollow\" data-success_message=\"&quot;MASSETO 2022, 3 bottiglie in Cassa legno&quot; \u00e8 stato aggiunto al tuo carrello\" role=\"button\">Aggiungi al carrello<\/a>\n\t\t\t\t\t<\/form>\n\t<\/div>\n<\/div>\t\t\t\t\t\t\t\t<\/article>\t  \n\t\t\t\t\t\t\t\t\t\t\t\t\t\t  \t<article class=\"item \">\n\t\t\t\t\t\t\t  \t\t<div class=\"card\">\n\t\t\n\t\n\t<div class=\"card-text brand ele d-flex justify-content-center\">\n\t\t<a href=\"https:\/\/casaporciatti.it\/shop\/prodotto\/vignaioli-di-radda-53017-2022\/\" title=\"VIGNAIOLI DI RADDA &#8220;53017&#8221; 2022\">\n\t\t\t\n\t\t\t<img loading=\"lazy\" decoding=\"async\" width=\"300\" height=\"300\" src=\"https:\/\/casaporciatti.it\/shop\/wp-content\/uploads\/2024\/05\/53017-il-vino-dei-vignaioli-300x300.jpg\" class=\"attachment-woocommerce_thumbnail size-woocommerce_thumbnail\" alt=\"vignaioli di radda\" srcset=\"https:\/\/casaporciatti.it\/shop\/wp-content\/uploads\/2024\/05\/53017-il-vino-dei-vignaioli-300x300.jpg 300w, https:\/\/casaporciatti.it\/shop\/wp-content\/uploads\/2024\/05\/53017-il-vino-dei-vignaioli-150x150.jpg 150w, https:\/\/casaporciatti.it\/shop\/wp-content\/uploads\/2024\/05\/53017-il-vino-dei-vignaioli-100x100.jpg 100w, https:\/\/casaporciatti.it\/shop\/wp-content\/uploads\/2024\/05\/53017-il-vino-dei-vignaioli.jpg 600w\" sizes=\"(max-width: 300px) 100vw, 300px\" title=\"\">\n\t\t<\/a>\n\t\t\t\t<div class=\"wishlistbella\">\n\t\t\t\t\t<\/div>\n\t<\/div>\n\t<div class=\"card-title titolo-elementor\">\n\t\t<a href=\"https:\/\/casaporciatti.it\/shop\/prodotto\/vignaioli-di-radda-53017-2022\/\" title=\"VIGNAIOLI DI RADDA &#8220;53017&#8221; 2022\">\n\t\t\t<h3 class=\"text-center px-3\" style=\"font-size: 16px;color: var( --e-global-color-text );\">VIGNAIOLI DI RADDA &#8220;53017&#8221; 2022<\/h3>\n\t\t<\/a>\n\t<\/div>\n\n\t<div class=\"card-description homeel\">\n\t\t<div class=\"prezzo\">\n\t\t\t\n\t<span class=\"price\"><span class=\"woocommerce-Price-amount amount\"><bdi>160,00&nbsp;<span class=\"woocommerce-Price-currencySymbol\" translate=\"no\">&euro;<\/span><\/bdi><\/span><\/span>\n\t\t<\/div>\n\t<\/div>\n\t<div class=\"pulsantele py-3 justify-content-center\">\n\t\t\t\t\n\t\t\t<form class=\"cart\" action=\"https:\/\/casaporciatti.it\/shop\/prodotto\/vignaioli-di-radda-53017-2022\/\" method=\"post\" enctype='multipart\/form-data'>\n\t\t\n\t\t\n\t\t\t<\/a><a class=\"button allinea\" style=\"\" href=\"https:\/\/wa.me\/393312783094?text=Salve%2C%20vorrei%20sapere%20quando%20torna%20disponibile%20il%20prodotto%20VIGNAIOLI%20DI%20RADDA%20%26%238220%3B53017%26%238221%3B%202022%20che%20si%20trova%20qui%3A%20%22%20https%3A%2F%2Fcasaporciatti.it%2Fshop%2Fprodotto%2Fvignaioli-di-radda-53017-2022%2F%20%22\" title=\"VIGNAIOLI DI RADDA &#8220;53017&#8221; 2022\">Contattaci  <img decoding=\"async\" width=\"200\" height=\"200\" src=\"https:\/\/casaporciatti.it\/shop\/wp-content\/uploads\/2023\/02\/whatsapp.svg\" class=\"icona-wa\" alt=\"\" title=\"\"><\/a>\n\t\t\t\t\t<\/form>\n\t<\/div>\n<\/div>\t\t\t\t\t\t\t\t<\/article>\t  \n\t\t\t\t\t\t\t\t\t\t\t\t\t\t  \t<article class=\"item \">\n\t\t\t\t\t\t\t  \t\t<div class=\"card\">\n\t\t\n\t\n\t<div class=\"card-text brand ele d-flex justify-content-center\">\n\t\t<a href=\"https:\/\/casaporciatti.it\/shop\/prodotto\/poderi-colla-barolo-bussia-dardi-le-rose-2021\/\" title=\"PODERI COLLA Barolo Bussia Dardi Le Rose 2021\">\n\t\t\t\n\t\t\t<img loading=\"lazy\" decoding=\"async\" width=\"300\" height=\"300\" src=\"https:\/\/casaporciatti.it\/shop\/wp-content\/uploads\/2026\/06\/dardi-le-rose-barolo-poderi-colla-300x300.png\" class=\"attachment-woocommerce_thumbnail size-woocommerce_thumbnail\" alt=\"dardi le rose barolo bussia\" srcset=\"https:\/\/casaporciatti.it\/shop\/wp-content\/uploads\/2026\/06\/dardi-le-rose-barolo-poderi-colla-300x300.png 300w, https:\/\/casaporciatti.it\/shop\/wp-content\/uploads\/2026\/06\/dardi-le-rose-barolo-poderi-colla-150x150.png 150w, https:\/\/casaporciatti.it\/shop\/wp-content\/uploads\/2026\/06\/dardi-le-rose-barolo-poderi-colla-100x100.png 100w, https:\/\/casaporciatti.it\/shop\/wp-content\/uploads\/2026\/06\/dardi-le-rose-barolo-poderi-colla.png 600w\" sizes=\"(max-width: 300px) 100vw, 300px\" title=\"\">\n\t\t<\/a>\n\t\t\t\t<div class=\"wishlistbella\">\n\t\t\t\t\t<\/div>\n\t<\/div>\n\t<div class=\"card-title titolo-elementor\">\n\t\t<a href=\"https:\/\/casaporciatti.it\/shop\/prodotto\/poderi-colla-barolo-bussia-dardi-le-rose-2021\/\" title=\"PODERI COLLA Barolo Bussia Dardi Le Rose 2021\">\n\t\t\t<h3 class=\"text-center px-3\" style=\"font-size: 16px;color: var( --e-global-color-text );\">PODERI COLLA Barolo Bussia Dardi Le Rose 2021<\/h3>\n\t\t<\/a>\n\t<\/div>\n\n\t<div class=\"card-description homeel\">\n\t\t<div class=\"prezzo\">\n\t\t\t\n\t<span class=\"price\"><span class=\"woocommerce-Price-amount amount\"><bdi>53,80&nbsp;<span class=\"woocommerce-Price-currencySymbol\" translate=\"no\">&euro;<\/span><\/bdi><\/span><\/span>\n\t\t<\/div>\n\t<\/div>\n\t<div class=\"pulsantele py-3 justify-content-center\">\n\t\t\t\t\n\t\t\t<form class=\"cart\" action=\"https:\/\/casaporciatti.it\/shop\/prodotto\/poderi-colla-barolo-bussia-dardi-le-rose-2021\/\" method=\"post\" enctype='multipart\/form-data'>\n\t\t\n\t\t\n\t\t\t<\/a><a title=\"Aggiungi al carrello PODERI COLLA Barolo Bussia Dardi Le Rose 2021\" href=\"\/shop\/wp-json\/wp\/v2\/pages\/7?add-to-cart=13566\" data-quantity=\"1\" class=\"btn d-grid gap-2 text-center button product_type_simple add_to_cart_button ajax_add_to_cart\" data-product_id=\"13566\" data-product_sku=\"79d4a8ae3872-2-3\" aria-label=\"Aggiungi al carrello: &quot;PODERI COLLA Barolo Bussia Dardi Le Rose 2021&quot;\" rel=\"nofollow\" data-success_message=\"&quot;PODERI COLLA Barolo Bussia Dardi Le Rose 2021&quot; \u00e8 stato aggiunto al tuo carrello\" role=\"button\">Aggiungi al carrello<\/a>\n\t\t\t\t\t<\/form>\n\t<\/div>\n<\/div>\t\t\t\t\t\t\t\t<\/article>\t  \n\t\t\t\t\t\t\t\t\t\t\t\t\t\t  \t<article class=\"item \">\n\t\t\t\t\t\t\t  \t\t<div class=\"card\">\n\t\t\n\t\n\t<div class=\"card-text brand ele d-flex justify-content-center\">\n\t\t<a href=\"https:\/\/casaporciatti.it\/shop\/prodotto\/elio-grasso-barolo-gavarini-chiniera-2021\/\" title=\"ELIO GRASSO Barolo Gavarini Chiniera 2021\">\n\t\t\t\n\t\t\t<img loading=\"lazy\" decoding=\"async\" width=\"300\" height=\"300\" src=\"https:\/\/casaporciatti.it\/shop\/wp-content\/uploads\/2026\/06\/elio-grasso-barolo-gavarini-chiniera-300x300.png\" class=\"attachment-woocommerce_thumbnail size-woocommerce_thumbnail\" alt=\"elio grasso barolo gavarini\" srcset=\"https:\/\/casaporciatti.it\/shop\/wp-content\/uploads\/2026\/06\/elio-grasso-barolo-gavarini-chiniera-300x300.png 300w, https:\/\/casaporciatti.it\/shop\/wp-content\/uploads\/2026\/06\/elio-grasso-barolo-gavarini-chiniera-150x150.png 150w, https:\/\/casaporciatti.it\/shop\/wp-content\/uploads\/2026\/06\/elio-grasso-barolo-gavarini-chiniera-100x100.png 100w, https:\/\/casaporciatti.it\/shop\/wp-content\/uploads\/2026\/06\/elio-grasso-barolo-gavarini-chiniera.png 600w\" sizes=\"(max-width: 300px) 100vw, 300px\" title=\"\">\n\t\t<\/a>\n\t\t\t\t\t<div class=\"brand-elementor py-3\">\n\t\t\t\t\t\t\t\t\t    <a title=\"Consigliato da Riccardo\" href=\"#\">\t\n\t\t\t\t\t    \t<img decoding=\"async\" style=\"height: 40px;width: auto;\" src=\"https:\/\/casaporciatti.it\/shop\/wp-content\/uploads\/2023\/01\/Consigliato-da-Riccardo.svg\" alt=\"Consigliato da Riccardo\" title=\"\">\n\t\t\t\t\t\t<\/a>\n\t\t\t\t\t\t\t\t\t\t    <a title=\"Produttori artigianali\" href=\"#\">\t\n\t\t\t\t\t    \t<img decoding=\"async\" style=\"height: 40px;width: auto;\" src=\"https:\/\/casaporciatti.it\/shop\/wp-content\/uploads\/2023\/01\/Produttori-artigianali.svg\" alt=\"Produttori artigianali\" title=\"\">\n\t\t\t\t\t\t<\/a>\n\t\t\t\t\t\t\t\t<\/div>\n\t\t\t\t<div class=\"wishlistbella\">\n\t\t\t\t\t<\/div>\n\t<\/div>\n\t<div class=\"card-title titolo-elementor\">\n\t\t<a href=\"https:\/\/casaporciatti.it\/shop\/prodotto\/elio-grasso-barolo-gavarini-chiniera-2021\/\" title=\"ELIO GRASSO Barolo Gavarini Chiniera 2021\">\n\t\t\t<h3 class=\"text-center px-3\" style=\"font-size: 16px;color: var( --e-global-color-text );\">ELIO GRASSO Barolo Gavarini Chiniera 2021<\/h3>\n\t\t<\/a>\n\t<\/div>\n\n\t<div class=\"card-description homeel\">\n\t\t<div class=\"prezzo\">\n\t\t\t\n\t<span class=\"price\"><span class=\"woocommerce-Price-amount amount\"><bdi>95,00&nbsp;<span class=\"woocommerce-Price-currencySymbol\" translate=\"no\">&euro;<\/span><\/bdi><\/span><\/span>\n\t\t<\/div>\n\t<\/div>\n\t<div class=\"pulsantele py-3 justify-content-center\">\n\t\t\t\t\n\t\t\t<form class=\"cart\" action=\"https:\/\/casaporciatti.it\/shop\/prodotto\/elio-grasso-barolo-gavarini-chiniera-2021\/\" method=\"post\" enctype='multipart\/form-data'>\n\t\t\n\t\t\n\t\t\t<\/a><a title=\"Aggiungi al carrello ELIO GRASSO Barolo Gavarini Chiniera 2021\" href=\"\/shop\/wp-json\/wp\/v2\/pages\/7?add-to-cart=13562\" data-quantity=\"1\" class=\"btn d-grid gap-2 text-center button product_type_simple add_to_cart_button ajax_add_to_cart\" data-product_id=\"13562\" data-product_sku=\"3702426b0105-1-3\" aria-label=\"Aggiungi al carrello: &quot;ELIO GRASSO Barolo Gavarini Chiniera 2021&quot;\" rel=\"nofollow\" data-success_message=\"&quot;ELIO GRASSO Barolo Gavarini Chiniera 2021&quot; \u00e8 stato aggiunto al tuo carrello\" role=\"button\">Aggiungi al carrello<\/a>\n\t\t\t\t\t<\/form>\n\t<\/div>\n<\/div>\t\t\t\t\t\t\t\t<\/article>\t  \n\t\t\t\t\t\t\t\t\t\t\t\t\t\t  \t<article class=\"item \">\n\t\t\t\t\t\t\t  \t\t<div class=\"card\">\n\t\t\n\t\n\t<div class=\"card-text brand ele d-flex justify-content-center\">\n\t\t<a href=\"https:\/\/casaporciatti.it\/shop\/prodotto\/pomona-vigna-del-termine-chianti-classico-gran-selezione-2022\/\" title=\"POMONA VIGNA DEL TERMINE Chianti Classico Gran Selezione 2022\">\n\t\t\t\n\t\t\t<img loading=\"lazy\" decoding=\"async\" width=\"300\" height=\"300\" src=\"https:\/\/casaporciatti.it\/shop\/wp-content\/uploads\/2026\/06\/pomona-vigna-del-termine-300x300.jpg\" class=\"attachment-woocommerce_thumbnail size-woocommerce_thumbnail\" alt=\"VIGNA DEL TERMINE POMONA CHIANTI CLASSICO\" srcset=\"https:\/\/casaporciatti.it\/shop\/wp-content\/uploads\/2026\/06\/pomona-vigna-del-termine-300x300.jpg 300w, https:\/\/casaporciatti.it\/shop\/wp-content\/uploads\/2026\/06\/pomona-vigna-del-termine-150x150.jpg 150w, https:\/\/casaporciatti.it\/shop\/wp-content\/uploads\/2026\/06\/pomona-vigna-del-termine-100x100.jpg 100w, https:\/\/casaporciatti.it\/shop\/wp-content\/uploads\/2026\/06\/pomona-vigna-del-termine.jpg 600w\" sizes=\"(max-width: 300px) 100vw, 300px\" title=\"\">\n\t\t<\/a>\n\t\t\t\t<div class=\"wishlistbella\">\n\t\t\t\t\t<\/div>\n\t<\/div>\n\t<div class=\"card-title titolo-elementor\">\n\t\t<a href=\"https:\/\/casaporciatti.it\/shop\/prodotto\/pomona-vigna-del-termine-chianti-classico-gran-selezione-2022\/\" title=\"POMONA VIGNA DEL TERMINE Chianti Classico Gran Selezione 2022\">\n\t\t\t<h3 class=\"text-center px-3\" style=\"font-size: 16px;color: var( --e-global-color-text );\">POMONA VIGNA DEL TERMINE Chianti Classico Gran Selezione 2022<\/h3>\n\t\t<\/a>\n\t<\/div>\n\n\t<div class=\"card-description homeel\">\n\t\t<div class=\"prezzo\">\n\t\t\t\n\t<span class=\"price\"><span class=\"woocommerce-Price-amount amount\"><bdi>35,00&nbsp;<span class=\"woocommerce-Price-currencySymbol\" translate=\"no\">&euro;<\/span><\/bdi><\/span><\/span>\n\t\t<\/div>\n\t<\/div>\n\t<div class=\"pulsantele py-3 justify-content-center\">\n\t\t\t\t\n\t\t\t<form class=\"cart\" action=\"https:\/\/casaporciatti.it\/shop\/prodotto\/pomona-vigna-del-termine-chianti-classico-gran-selezione-2022\/\" method=\"post\" enctype='multipart\/form-data'>\n\t\t\n\t\t\n\t\t\t<\/a><a class=\"button allinea\" style=\"\" href=\"https:\/\/wa.me\/393312783094?text=Salve%2C%20vorrei%20sapere%20quando%20torna%20disponibile%20il%20prodotto%20POMONA%20VIGNA%20DEL%20TERMINE%20Chianti%20Classico%20Gran%20Selezione%202022%20che%20si%20trova%20qui%3A%20%22%20https%3A%2F%2Fcasaporciatti.it%2Fshop%2Fprodotto%2Fpomona-vigna-del-termine-chianti-classico-gran-selezione-2022%2F%20%22\" title=\"POMONA VIGNA DEL TERMINE Chianti Classico Gran Selezione 2022\">Contattaci  <img decoding=\"async\" width=\"200\" height=\"200\" src=\"https:\/\/casaporciatti.it\/shop\/wp-content\/uploads\/2023\/02\/whatsapp.svg\" class=\"icona-wa\" alt=\"\" title=\"\"><\/a>\n\t\t\t\t\t<\/form>\n\t<\/div>\n<\/div>\t\t\t\t\t\t\t\t<\/article>\t  \n\t\t\t\t\t\t\t\t\t\t\t\t\t\t  \t<article class=\"item \">\n\t\t\t\t\t\t\t  \t\t<div class=\"card\">\n\t\t\n\t\n\t<div class=\"card-text brand ele d-flex justify-content-center\">\n\t\t<a href=\"https:\/\/casaporciatti.it\/shop\/prodotto\/belvedere1-chianti-classico-tenuta-dei-carfini-2024\/\" title=\"BELVEDERE1 Chianti Classico Tenuta dei Carfini 2024\">\n\t\t\t\n\t\t\t<img loading=\"lazy\" decoding=\"async\" width=\"300\" height=\"300\" src=\"https:\/\/casaporciatti.it\/shop\/wp-content\/uploads\/2026\/06\/tenuta-dei-carfini-300x300.jpg\" class=\"attachment-woocommerce_thumbnail size-woocommerce_thumbnail\" alt=\"belvedere1 tenuta dei carfini chianti classico\" srcset=\"https:\/\/casaporciatti.it\/shop\/wp-content\/uploads\/2026\/06\/tenuta-dei-carfini-300x300.jpg 300w, https:\/\/casaporciatti.it\/shop\/wp-content\/uploads\/2026\/06\/tenuta-dei-carfini-150x150.jpg 150w, https:\/\/casaporciatti.it\/shop\/wp-content\/uploads\/2026\/06\/tenuta-dei-carfini-100x100.jpg 100w, https:\/\/casaporciatti.it\/shop\/wp-content\/uploads\/2026\/06\/tenuta-dei-carfini.jpg 600w\" sizes=\"(max-width: 300px) 100vw, 300px\" title=\"\">\n\t\t<\/a>\n\t\t\t\t<div class=\"wishlistbella\">\n\t\t\t\t\t<\/div>\n\t<\/div>\n\t<div class=\"card-title titolo-elementor\">\n\t\t<a href=\"https:\/\/casaporciatti.it\/shop\/prodotto\/belvedere1-chianti-classico-tenuta-dei-carfini-2024\/\" title=\"BELVEDERE1 Chianti Classico Tenuta dei Carfini 2024\">\n\t\t\t<h3 class=\"text-center px-3\" style=\"font-size: 16px;color: var( --e-global-color-text );\">BELVEDERE1 Chianti Classico Tenuta dei Carfini 2024<\/h3>\n\t\t<\/a>\n\t<\/div>\n\n\t<div class=\"card-description homeel\">\n\t\t<div class=\"prezzo\">\n\t\t\t\n\t<span class=\"price\"><span class=\"woocommerce-Price-amount amount\"><bdi>27,00&nbsp;<span class=\"woocommerce-Price-currencySymbol\" translate=\"no\">&euro;<\/span><\/bdi><\/span><\/span>\n\t\t<\/div>\n\t<\/div>\n\t<div class=\"pulsantele py-3 justify-content-center\">\n\t\t\t\t\n\t\t\t<form class=\"cart\" action=\"https:\/\/casaporciatti.it\/shop\/prodotto\/belvedere1-chianti-classico-tenuta-dei-carfini-2024\/\" method=\"post\" enctype='multipart\/form-data'>\n\t\t\n\t\t\n\t\t\t<\/a><a class=\"button allinea\" style=\"\" href=\"https:\/\/wa.me\/393312783094?text=Salve%2C%20vorrei%20sapere%20quando%20torna%20disponibile%20il%20prodotto%20BELVEDERE1%20Chianti%20Classico%20Tenuta%20dei%20Carfini%202024%20che%20si%20trova%20qui%3A%20%22%20https%3A%2F%2Fcasaporciatti.it%2Fshop%2Fprodotto%2Fbelvedere1-chianti-classico-tenuta-dei-carfini-2024%2F%20%22\" title=\"BELVEDERE1 Chianti Classico Tenuta dei Carfini 2024\">Contattaci  <img decoding=\"async\" width=\"200\" height=\"200\" src=\"https:\/\/casaporciatti.it\/shop\/wp-content\/uploads\/2023\/02\/whatsapp.svg\" class=\"icona-wa\" alt=\"\" title=\"\"><\/a>\n\t\t\t\t\t<\/form>\n\t<\/div>\n<\/div>\t\t\t\t\t\t\t\t<\/article>\t  \n\t\t\t\t\t\t\t\t\t\t\t\t\t\t  \t<article class=\"item \">\n\t\t\t\t\t\t\t  \t\t<div class=\"card\">\n\t\t\n\t\n\t<div class=\"card-text brand ele d-flex justify-content-center\">\n\t\t<a href=\"https:\/\/casaporciatti.it\/shop\/prodotto\/belvedere1-chianti-classico-2024\/\" title=\"BELVEDERE1 Chianti Classico 2024\">\n\t\t\t\n\t\t\t<img loading=\"lazy\" decoding=\"async\" width=\"300\" height=\"300\" src=\"https:\/\/casaporciatti.it\/shop\/wp-content\/uploads\/2026\/06\/benvedere1-chianti-classico-300x300.png\" class=\"attachment-woocommerce_thumbnail size-woocommerce_thumbnail\" alt=\"belvedere1 chianti classico\" srcset=\"https:\/\/casaporciatti.it\/shop\/wp-content\/uploads\/2026\/06\/benvedere1-chianti-classico-300x300.png 300w, https:\/\/casaporciatti.it\/shop\/wp-content\/uploads\/2026\/06\/benvedere1-chianti-classico-150x150.png 150w, https:\/\/casaporciatti.it\/shop\/wp-content\/uploads\/2026\/06\/benvedere1-chianti-classico-100x100.png 100w, https:\/\/casaporciatti.it\/shop\/wp-content\/uploads\/2026\/06\/benvedere1-chianti-classico.png 600w\" sizes=\"(max-width: 300px) 100vw, 300px\" title=\"\">\n\t\t<\/a>\n\t\t\t\t<div class=\"wishlistbella\">\n\t\t\t\t\t<\/div>\n\t<\/div>\n\t<div class=\"card-title titolo-elementor\">\n\t\t<a href=\"https:\/\/casaporciatti.it\/shop\/prodotto\/belvedere1-chianti-classico-2024\/\" title=\"BELVEDERE1 Chianti Classico 2024\">\n\t\t\t<h3 class=\"text-center px-3\" style=\"font-size: 16px;color: var( --e-global-color-text );\">BELVEDERE1 Chianti Classico 2024<\/h3>\n\t\t<\/a>\n\t<\/div>\n\n\t<div class=\"card-description homeel\">\n\t\t<div class=\"prezzo\">\n\t\t\t\n\t<span class=\"price\"><span class=\"woocommerce-Price-amount amount\"><bdi>18,50&nbsp;<span class=\"woocommerce-Price-currencySymbol\" translate=\"no\">&euro;<\/span><\/bdi><\/span><\/span>\n\t\t<\/div>\n\t<\/div>\n\t<div class=\"pulsantele py-3 justify-content-center\">\n\t\t\t\t\n\t\t\t<form class=\"cart\" action=\"https:\/\/casaporciatti.it\/shop\/prodotto\/belvedere1-chianti-classico-2024\/\" method=\"post\" enctype='multipart\/form-data'>\n\t\t\n\t\t\n\t\t\t<\/a><a title=\"Aggiungi al carrello BELVEDERE1 Chianti Classico 2024\" href=\"\/shop\/wp-json\/wp\/v2\/pages\/7?add-to-cart=13533\" data-quantity=\"1\" class=\"btn d-grid gap-2 text-center button product_type_simple add_to_cart_button ajax_add_to_cart\" data-product_id=\"13533\" data-product_sku=\"f31d347f3773-32\" aria-label=\"Aggiungi al carrello: &quot;BELVEDERE1 Chianti Classico 2024&quot;\" rel=\"nofollow\" data-success_message=\"&quot;BELVEDERE1 Chianti Classico 2024&quot; \u00e8 stato aggiunto al tuo carrello\" role=\"button\">Aggiungi al carrello<\/a>\n\t\t\t\t\t<\/form>\n\t<\/div>\n<\/div>\t\t\t\t\t\t\t\t<\/article>\t  \n\t\t\t\t\t\t\t\t\t\t\t\t<\/div>\n\t\t\t\t<\/div>\n\t\t\t\t\t\t\t\t\t<div class=\"row mb-5 py-3\">\n\n\t\t\t\t\t\t<div class=\"allineamento_pulsante\">\n\t\t\t\t\t\t\t<a  style=\"color:white;font-weight:700;background-color: var(--e-global-color-primary);border-radius: 13px;padding: 10px 50px;\" class=\"btn text-center\" title=\"Scopri di pi\u00f9\" href=\"https:\/\/casaporciatti.it\/shop\/negozio\/\">\n\t\t\t\t\t\t\t\tScopri di pi\u00f9\t\t\n\t\t\t\t\t\t\t<\/a>\n\t\t\t\t\t\t<\/div>\n\t\t\t\t\t\n\t\t\t\t\t<\/div>\n\t\t\t\t\t\t\t<\/div>\n\t\t<\/section>\n\t\t\t\t\t\t<\/div>\n\t\t\t\t<\/div>\n\t\t\t\t\t<\/div>\n\t\t<\/div>\n\t\t\t\t\t<\/div>\n\t\t<\/section>\n\t\t\t\t<section class=\"elementor-section elementor-top-section elementor-element elementor-element-50830ed elementor-section-full_width elementor-section-height-default elementor-section-height-default\" data-id=\"50830ed\" data-element_type=\"section\" data-e-type=\"section\">\n\t\t\t\t\t\t<div class=\"elementor-container elementor-column-gap-default\">\n\t\t\t\t\t<div class=\"elementor-column elementor-col-100 elementor-top-column elementor-element elementor-element-9d38283\" data-id=\"9d38283\" data-element_type=\"column\" data-e-type=\"column\">\n\t\t\t<div class=\"elementor-widget-wrap elementor-element-populated\">\n\t\t\t\t\t\t<div class=\"elementor-element elementor-element-5cd5b99 elementor-widget elementor-widget-post_prodotti\" data-id=\"5cd5b99\" data-element_type=\"widget\" data-e-type=\"widget\" data-widget_type=\"post_prodotti.default\">\n\t\t\t\t<div class=\"elementor-widget-container\">\n\t\t\t\t\t\t\t\t<script type=\"text\/javascript\">\n\t\t\t\tjQuery( function($) {\n\t\t\t\t  \t$(document).ready(function() {\n\t\t\t\t\t    $(\".carosello-prodottifeste\").owlCarousel({\n\t\t\t\t\t        loop:true,\n\t\t\t\t\t        autoplay:true,\n\t\t\t\t\t        responsiveClass: true,\n\t\t\t\t\t\t\tresponsive : {\n\t\t\t\t\t\t\t    \/\/ breakpoint from 0 up\n\t\t\t\t\t\t\t    0 : {\n\t\t\t\t\t\t\t        items : 1,\n\t\t\t\t\t\t\t    },\n\t\t\t\t\t\t\t    \/\/ breakpoint from 480 up\n\t\t\t\t\t\t\t    480 : {\n\t\t\t\t\t\t\t        items : 2,\n\t\t\t\t\t\t\t    },\n\t\t\t\t\t\t\t    \/\/ breakpoint from 768 up\n\t\t\t\t\t\t\t    768 : {\n\t\t\t\t\t\t\t        items : 3,\n\t\t\t\t\t\t\t    }\n\t\t\t\t\t\t\t},\n\t\t\t\t\t        items:3,\n\t\t\t\t\t        margin:30,\n\t\t\t\t\t        autoWidth:false,\n\t\t\t\t\t        autoplayHoverPause: true,\n\t\t\t\t\t        rewind:true,\n\t\t\t\t\t        lazyLoad:true,\n\t\t\t\t\t        nav:true,\n\t\t\t\t\t        navText: ['<i class=\"fa-solid fa-chevron-left\"><\/i>', '<i class=\"fa-solid fa-chevron-right\"><\/i>'],\n\t\t\t\t\t    });\n\t\t\t\t  \t});\n\t\t\t\t});\n\t\t\t<\/script>\n\t\t\t\t\t<style type=\"text\/css\">\n\t\t\t\t.woocommerce ul.products li.product, .woocommerce-page ul.products li.product {\n\t\t\t\t  width: 90.05%;\n\t\t\t\t}\n\t\t\t\t.owl-prev {\n\t\t\t\t    position: absolute;\n\t\t\t\t    top: 40%;\n\t\t\t\t    margin-left: -20px!important;\n\t\t\t\t    display: block !important;\n\t\t\t\t    background-color: transparent !important;\n\t\t\t\t}\n\n\t\t\t\t.owl-next {\n\t\t\t\t    position: absolute;\n\t\t\t\t    top: 40%;\n\t\t\t\t    right: -25px;\n\t\t\t\t    display: block !important;\n\t\t\t\t    background-color: transparent !important;\n\t\t\t\t}\n\t\t\t\t.owl-prev i, .owl-next i {\n\t\t\t\t\tfont-size: 20px;\n\t\t\t\t\tpadding: 10px 14px;\n\t\t\t\t\tcolor: white;\n\t\t\t\t\tbackground-color: var(--e-global-color-accent);\n\t\t\t\t\tborder-radius: 50%;\n\t\t\t\t}\n\t\t\t\t.owl-carousel .owl-item img {\n\t\t\t\t  width: auto;\n\t\t\t\t}\n\t\t<\/style>\n\t\t<section style=\"position:relative;\" class=\"\">\n\t\t\t\t\t\t\t\t<div class=\"position-relative py-5 d-flex flex-column align-items-center\" style=\"background-image: url(https:\/\/casaporciatti.it\/shop\/wp-content\/uploads\/2023\/02\/4.Vini-per-le-feste-1.jpg);background-position: 50%50%;background-repeat: no-repeat;background-size: cover;\">\n\t\t\t\t\t\t\t\t\t<div class=\"overlaybello\"><\/div>\n\t\t\t\t\t<div class=\"sec-title py-5\">\n\t\t\t\t\t\t<h2 class=\"text-center\">Vini per le feste<\/h2>\n\t\t\t\t\t\t<p class=\"text-center\">Selezione di bollicine, bianchi e rossi non scontati per le prossime festivit\u00e0<\/p>\n\t\t\t\t\t<\/div>\n\t\t\t\t<\/div>\n\t\t\t\t\t\t<div class=\"container\">\n\t\t\t\t<div class=\"row d-flex align-items-center\">\n\t\t\t\t\t\t\t\t\t\t<div class=\"carosello-prodottifeste owl-carousel owl-theme\">\n\t\t\t\t\t\t\t\t\t\t\t\t\t  \t<article class=\"item \">\n\t\t\t\t\t\t\t  \t\t<div class=\"card\">\n\t\t\n\t\n\t<div class=\"card-text brand ele d-flex justify-content-center\">\n\t\t<a href=\"https:\/\/casaporciatti.it\/shop\/prodotto\/nicola-gatta-blanc-de-noirs-nature-70-lune\/\" title=\"NICOLA GATTA Blanc de Noirs Nature 70 Lune\">\n\t\t\t\n\t\t\t<img loading=\"lazy\" decoding=\"async\" width=\"300\" height=\"300\" src=\"https:\/\/casaporciatti.it\/shop\/wp-content\/uploads\/2025\/04\/nicola-gatta-blnc-de-noirs-300x300.jpg\" class=\"attachment-woocommerce_thumbnail size-woocommerce_thumbnail\" alt=\"nicola gatta blanc de noirs\" srcset=\"https:\/\/casaporciatti.it\/shop\/wp-content\/uploads\/2025\/04\/nicola-gatta-blnc-de-noirs-300x300.jpg 300w, https:\/\/casaporciatti.it\/shop\/wp-content\/uploads\/2025\/04\/nicola-gatta-blnc-de-noirs-150x150.jpg 150w, https:\/\/casaporciatti.it\/shop\/wp-content\/uploads\/2025\/04\/nicola-gatta-blnc-de-noirs-100x100.jpg 100w, https:\/\/casaporciatti.it\/shop\/wp-content\/uploads\/2025\/04\/nicola-gatta-blnc-de-noirs.jpg 600w\" sizes=\"(max-width: 300px) 100vw, 300px\" title=\"\">\n\t\t<\/a>\n\t\t\t\t\t<div class=\"brand-elementor py-3\">\n\t\t\t\t\t\t\t\t\t    <a title=\"Produttori artigianali\" href=\"#\">\t\n\t\t\t\t\t    \t<img decoding=\"async\" style=\"height: 40px;width: auto;\" src=\"https:\/\/casaporciatti.it\/shop\/wp-content\/uploads\/2023\/01\/Produttori-artigianali.svg\" alt=\"Produttori artigianali\" title=\"\">\n\t\t\t\t\t\t<\/a>\n\t\t\t\t\t\t\t\t<\/div>\n\t\t\t\t<div class=\"wishlistbella\">\n\t\t\t\t\t<\/div>\n\t<\/div>\n\t<div class=\"card-title titolo-elementor\">\n\t\t<a href=\"https:\/\/casaporciatti.it\/shop\/prodotto\/nicola-gatta-blanc-de-noirs-nature-70-lune\/\" title=\"NICOLA GATTA Blanc de Noirs Nature 70 Lune\">\n\t\t\t<h3 class=\"text-center px-3\" style=\"font-size: 16px;color: var( --e-global-color-text );\">NICOLA GATTA Blanc de Noirs Nature 70 Lune<\/h3>\n\t\t<\/a>\n\t<\/div>\n\n\t<div class=\"card-description homeel\">\n\t\t<div class=\"prezzo\">\n\t\t\t\n\t<span class=\"price\"><span class=\"woocommerce-Price-amount amount\"><bdi>46,00&nbsp;<span class=\"woocommerce-Price-currencySymbol\" translate=\"no\">&euro;<\/span><\/bdi><\/span><\/span>\n\t\t<\/div>\n\t<\/div>\n\t<div class=\"pulsantele py-3 justify-content-center\">\n\t\t\t\t\n\t\t\t<form class=\"cart\" action=\"https:\/\/casaporciatti.it\/shop\/prodotto\/nicola-gatta-blanc-de-noirs-nature-70-lune\/\" method=\"post\" enctype='multipart\/form-data'>\n\t\t\n\t\t\n\t\t\t<\/a><a title=\"Aggiungi al carrello NICOLA GATTA Blanc de Noirs Nature 70 Lune\" href=\"\/shop\/wp-json\/wp\/v2\/pages\/7?add-to-cart=12842\" data-quantity=\"1\" class=\"btn d-grid gap-2 text-center button product_type_simple add_to_cart_button ajax_add_to_cart\" data-product_id=\"12842\" data-product_sku=\"78308fb066fb-2\" aria-label=\"Aggiungi al carrello: &quot;NICOLA GATTA Blanc de Noirs Nature 70 Lune&quot;\" rel=\"nofollow\" data-success_message=\"&quot;NICOLA GATTA Blanc de Noirs Nature 70 Lune&quot; \u00e8 stato aggiunto al tuo carrello\" role=\"button\">Aggiungi al carrello<\/a>\n\t\t\t\t\t<\/form>\n\t<\/div>\n<\/div>\t\t\t\t\t\t\t\t<\/article>\t  \n\t\t\t\t\t\t\t\t\t\t\t\t\t\t  \t<article class=\"item \">\n\t\t\t\t\t\t\t  \t\t<div class=\"card\">\n\t\t\n\t\n\t<div class=\"card-text brand ele d-flex justify-content-center\">\n\t\t<a href=\"https:\/\/casaporciatti.it\/shop\/prodotto\/louis-roederer-champagne-brut-collection-246\/\" title=\"LOUIS ROEDERER Champagne Brut COLLECTION 246\">\n\t\t\t\n\t\t\t<img loading=\"lazy\" decoding=\"async\" width=\"300\" height=\"300\" src=\"https:\/\/casaporciatti.it\/shop\/wp-content\/uploads\/2024\/03\/roederer-champagne--300x300.jpg\" class=\"attachment-woocommerce_thumbnail size-woocommerce_thumbnail\" alt=\"roederer champagne\" srcset=\"https:\/\/casaporciatti.it\/shop\/wp-content\/uploads\/2024\/03\/roederer-champagne--300x300.jpg 300w, https:\/\/casaporciatti.it\/shop\/wp-content\/uploads\/2024\/03\/roederer-champagne--150x150.jpg 150w, https:\/\/casaporciatti.it\/shop\/wp-content\/uploads\/2024\/03\/roederer-champagne--600x600.jpg 600w, https:\/\/casaporciatti.it\/shop\/wp-content\/uploads\/2024\/03\/roederer-champagne--100x100.jpg 100w, https:\/\/casaporciatti.it\/shop\/wp-content\/uploads\/2024\/03\/roederer-champagne-.jpg 605w\" sizes=\"(max-width: 300px) 100vw, 300px\" title=\"\">\n\t\t<\/a>\n\t\t\t\t<div class=\"wishlistbella\">\n\t\t\t\t\t<\/div>\n\t<\/div>\n\t<div class=\"card-title titolo-elementor\">\n\t\t<a href=\"https:\/\/casaporciatti.it\/shop\/prodotto\/louis-roederer-champagne-brut-collection-246\/\" title=\"LOUIS ROEDERER Champagne Brut COLLECTION 246\">\n\t\t\t<h3 class=\"text-center px-3\" style=\"font-size: 16px;color: var( --e-global-color-text );\">LOUIS ROEDERER Champagne Brut COLLECTION 246<\/h3>\n\t\t<\/a>\n\t<\/div>\n\n\t<div class=\"card-description homeel\">\n\t\t<div class=\"prezzo\">\n\t\t\t\n\t<span class=\"price\"><span class=\"woocommerce-Price-amount amount\"><bdi>66,00&nbsp;<span class=\"woocommerce-Price-currencySymbol\" translate=\"no\">&euro;<\/span><\/bdi><\/span><\/span>\n\t\t<\/div>\n\t<\/div>\n\t<div class=\"pulsantele py-3 justify-content-center\">\n\t\t\t\t\n\t\t\t<form class=\"cart\" action=\"https:\/\/casaporciatti.it\/shop\/prodotto\/louis-roederer-champagne-brut-collection-246\/\" method=\"post\" enctype='multipart\/form-data'>\n\t\t\n\t\t\n\t\t\t<\/a><a title=\"Aggiungi al carrello LOUIS ROEDERER Champagne Brut COLLECTION 246\" href=\"\/shop\/wp-json\/wp\/v2\/pages\/7?add-to-cart=12033\" data-quantity=\"1\" class=\"btn d-grid gap-2 text-center button product_type_simple add_to_cart_button ajax_add_to_cart\" data-product_id=\"12033\" data-product_sku=\"26d6694b3b51-1\" aria-label=\"Aggiungi al carrello: &quot;LOUIS ROEDERER Champagne Brut COLLECTION 246&quot;\" rel=\"nofollow\" data-success_message=\"&quot;LOUIS ROEDERER Champagne Brut COLLECTION 246&quot; \u00e8 stato aggiunto al tuo carrello\" role=\"button\">Aggiungi al carrello<\/a>\n\t\t\t\t\t<\/form>\n\t<\/div>\n<\/div>\t\t\t\t\t\t\t\t<\/article>\t  \n\t\t\t\t\t\t\t\t\t\t\t\t\t\t  \t<article class=\"item \">\n\t\t\t\t\t\t\t  \t\t<div class=\"card\">\n\t\t\n\t\n\t<div class=\"card-text brand ele d-flex justify-content-center\">\n\t\t<a href=\"https:\/\/casaporciatti.it\/shop\/prodotto\/ca-dei-zago-prosecco-valdobbiadene-colfondo-vigneto-mariarosa-2022\/\" title=\"CA&#8217; DEI ZAGO Prosecco Valdobbiadene Colfondo Vigneto Mariarosa 2022\">\n\t\t\t\n\t\t\t<img loading=\"lazy\" decoding=\"async\" width=\"300\" height=\"300\" src=\"https:\/\/casaporciatti.it\/shop\/wp-content\/uploads\/2024\/03\/CA-DEI-ZAGO-MARIOROSA-PROSECCO-300x300.jpg\" class=\"attachment-woocommerce_thumbnail size-woocommerce_thumbnail\" alt=\"ca dei zago prosecco mariarosa\" srcset=\"https:\/\/casaporciatti.it\/shop\/wp-content\/uploads\/2024\/03\/CA-DEI-ZAGO-MARIOROSA-PROSECCO-300x300.jpg 300w, https:\/\/casaporciatti.it\/shop\/wp-content\/uploads\/2024\/03\/CA-DEI-ZAGO-MARIOROSA-PROSECCO-150x150.jpg 150w, https:\/\/casaporciatti.it\/shop\/wp-content\/uploads\/2024\/03\/CA-DEI-ZAGO-MARIOROSA-PROSECCO-100x100.jpg 100w, https:\/\/casaporciatti.it\/shop\/wp-content\/uploads\/2024\/03\/CA-DEI-ZAGO-MARIOROSA-PROSECCO.jpg 600w\" sizes=\"(max-width: 300px) 100vw, 300px\" title=\"\">\n\t\t<\/a>\n\t\t\t\t\t<div class=\"brand-elementor py-3\">\n\t\t\t\t\t\t\t\t\t    <a title=\"Consigliato da Riccardo\" href=\"#\">\t\n\t\t\t\t\t    \t<img decoding=\"async\" style=\"height: 40px;width: auto;\" src=\"https:\/\/casaporciatti.it\/shop\/wp-content\/uploads\/2023\/01\/Consigliato-da-Riccardo.svg\" alt=\"Consigliato da Riccardo\" title=\"\">\n\t\t\t\t\t\t<\/a>\n\t\t\t\t\t\t\t\t<\/div>\n\t\t\t\t<div class=\"wishlistbella\">\n\t\t\t\t\t<\/div>\n\t<\/div>\n\t<div class=\"card-title titolo-elementor\">\n\t\t<a href=\"https:\/\/casaporciatti.it\/shop\/prodotto\/ca-dei-zago-prosecco-valdobbiadene-colfondo-vigneto-mariarosa-2022\/\" title=\"CA&#8217; DEI ZAGO Prosecco Valdobbiadene Colfondo Vigneto Mariarosa 2022\">\n\t\t\t<h3 class=\"text-center px-3\" style=\"font-size: 16px;color: var( --e-global-color-text );\">CA&#8217; DEI ZAGO Prosecco Valdobbiadene Colfondo Vigneto Mariarosa 2022<\/h3>\n\t\t<\/a>\n\t<\/div>\n\n\t<div class=\"card-description homeel\">\n\t\t<div class=\"prezzo\">\n\t\t\t\n\t<span class=\"price\"><span class=\"woocommerce-Price-amount amount\"><bdi>23,50&nbsp;<span class=\"woocommerce-Price-currencySymbol\" translate=\"no\">&euro;<\/span><\/bdi><\/span><\/span>\n\t\t<\/div>\n\t<\/div>\n\t<div class=\"pulsantele py-3 justify-content-center\">\n\t\t\t\t\n\t\t\t<form class=\"cart\" action=\"https:\/\/casaporciatti.it\/shop\/prodotto\/ca-dei-zago-prosecco-valdobbiadene-colfondo-vigneto-mariarosa-2022\/\" method=\"post\" enctype='multipart\/form-data'>\n\t\t\n\t\t\n\t\t\t<\/a><a title=\"Aggiungi al carrello CA&#8217; DEI ZAGO Prosecco Valdobbiadene Colfondo Vigneto Mariarosa 2022\" href=\"\/shop\/wp-json\/wp\/v2\/pages\/7?add-to-cart=12014\" data-quantity=\"1\" class=\"btn d-grid gap-2 text-center button product_type_simple add_to_cart_button ajax_add_to_cart\" data-product_id=\"12014\" data-product_sku=\"fe3fbd5ff184-1\" aria-label=\"Aggiungi al carrello: &quot;CA&#039; DEI ZAGO Prosecco Valdobbiadene Colfondo Vigneto Mariarosa 2022&quot;\" rel=\"nofollow\" data-success_message=\"&quot;CA&#039; DEI ZAGO Prosecco Valdobbiadene Colfondo Vigneto Mariarosa 2022&quot; \u00e8 stato aggiunto al tuo carrello\" role=\"button\">Aggiungi al carrello<\/a>\n\t\t\t\t\t<\/form>\n\t<\/div>\n<\/div>\t\t\t\t\t\t\t\t<\/article>\t  \n\t\t\t\t\t\t\t\t\t\t\t\t\t\t  \t<article class=\"item \">\n\t\t\t\t\t\t\t  \t\t<div class=\"card\">\n\t\t\n\t\n\t<div class=\"card-text brand ele d-flex justify-content-center\">\n\t\t<a href=\"https:\/\/casaporciatti.it\/shop\/prodotto\/egly-ouriet-rose-grand-cru-champagne-extra-brut\/\" title=\"Egly-Ouriet Ros\u00e9 Grand Cru Champagne Extra Brut\">\n\t\t\t\n\t\t\t<img loading=\"lazy\" decoding=\"async\" width=\"300\" height=\"300\" src=\"https:\/\/casaporciatti.it\/shop\/wp-content\/uploads\/2023\/11\/egly-ouriet-rose-grand-cru-300x300.jpg\" class=\"attachment-woocommerce_thumbnail size-woocommerce_thumbnail\" alt=\"egly-ouriet ros\u00e9\" srcset=\"https:\/\/casaporciatti.it\/shop\/wp-content\/uploads\/2023\/11\/egly-ouriet-rose-grand-cru-300x300.jpg 300w, https:\/\/casaporciatti.it\/shop\/wp-content\/uploads\/2023\/11\/egly-ouriet-rose-grand-cru-150x150.jpg 150w, https:\/\/casaporciatti.it\/shop\/wp-content\/uploads\/2023\/11\/egly-ouriet-rose-grand-cru-100x100.jpg 100w, https:\/\/casaporciatti.it\/shop\/wp-content\/uploads\/2023\/11\/egly-ouriet-rose-grand-cru.jpg 600w\" sizes=\"(max-width: 300px) 100vw, 300px\" title=\"\">\n\t\t<\/a>\n\t\t\t\t<div class=\"wishlistbella\">\n\t\t\t\t\t<\/div>\n\t<\/div>\n\t<div class=\"card-title titolo-elementor\">\n\t\t<a href=\"https:\/\/casaporciatti.it\/shop\/prodotto\/egly-ouriet-rose-grand-cru-champagne-extra-brut\/\" title=\"Egly-Ouriet Ros\u00e9 Grand Cru Champagne Extra Brut\">\n\t\t\t<h3 class=\"text-center px-3\" style=\"font-size: 16px;color: var( --e-global-color-text );\">Egly-Ouriet Ros\u00e9 Grand Cru Champagne Extra Brut<\/h3>\n\t\t<\/a>\n\t<\/div>\n\n\t<div class=\"card-description homeel\">\n\t\t<div class=\"prezzo\">\n\t\t\t\n\t<span class=\"price\"><span class=\"woocommerce-Price-amount amount\"><bdi>165,00&nbsp;<span class=\"woocommerce-Price-currencySymbol\" translate=\"no\">&euro;<\/span><\/bdi><\/span><\/span>\n\t\t<\/div>\n\t<\/div>\n\t<div class=\"pulsantele py-3 justify-content-center\">\n\t\t\t\t\n\t\t\t<form class=\"cart\" action=\"https:\/\/casaporciatti.it\/shop\/prodotto\/egly-ouriet-rose-grand-cru-champagne-extra-brut\/\" method=\"post\" enctype='multipart\/form-data'>\n\t\t\n\t\t\n\t\t\t<\/a><a title=\"Aggiungi al carrello Egly-Ouriet Ros\u00e9 Grand Cru Champagne Extra Brut\" href=\"\/shop\/wp-json\/wp\/v2\/pages\/7?add-to-cart=11806\" data-quantity=\"1\" class=\"btn d-grid gap-2 text-center button product_type_simple add_to_cart_button ajax_add_to_cart\" data-product_id=\"11806\" data-product_sku=\"70dc6f8b1811-1\" aria-label=\"Aggiungi al carrello: &quot;Egly-Ouriet Ros\u00e9 Grand Cru Champagne Extra Brut&quot;\" rel=\"nofollow\" data-success_message=\"&quot;Egly-Ouriet Ros\u00e9 Grand Cru Champagne Extra Brut&quot; \u00e8 stato aggiunto al tuo carrello\" role=\"button\">Aggiungi al carrello<\/a>\n\t\t\t\t\t<\/form>\n\t<\/div>\n<\/div>\t\t\t\t\t\t\t\t<\/article>\t  \n\t\t\t\t\t\t\t\t\t\t\t\t\t\t  \t<article class=\"item \">\n\t\t\t\t\t\t\t  \t\t<div class=\"card\">\n\t\t\n\t\n\t<div class=\"card-text brand ele d-flex justify-content-center\">\n\t\t<a href=\"https:\/\/casaporciatti.it\/shop\/prodotto\/bollinger-champagne-pn-ayc19\/\" title=\"BOLLINGER Champagne PN AYC19\">\n\t\t\t\n\t\t\t<img loading=\"lazy\" decoding=\"async\" width=\"300\" height=\"300\" src=\"https:\/\/casaporciatti.it\/shop\/wp-content\/uploads\/2023\/11\/bollinger-pn-300x300.jpg\" class=\"attachment-woocommerce_thumbnail size-woocommerce_thumbnail\" alt=\"bollinger pn\" srcset=\"https:\/\/casaporciatti.it\/shop\/wp-content\/uploads\/2023\/11\/bollinger-pn-300x300.jpg 300w, https:\/\/casaporciatti.it\/shop\/wp-content\/uploads\/2023\/11\/bollinger-pn-150x150.jpg 150w, https:\/\/casaporciatti.it\/shop\/wp-content\/uploads\/2023\/11\/bollinger-pn-100x100.jpg 100w, https:\/\/casaporciatti.it\/shop\/wp-content\/uploads\/2023\/11\/bollinger-pn.jpg 600w\" sizes=\"(max-width: 300px) 100vw, 300px\" title=\"\">\n\t\t<\/a>\n\t\t\t\t\t<div class=\"brand-elementor py-3\">\n\t\t\t\t\t\t\t\t\t    <a title=\"Consigliato da Riccardo\" href=\"#\">\t\n\t\t\t\t\t    \t<img decoding=\"async\" style=\"height: 40px;width: auto;\" src=\"https:\/\/casaporciatti.it\/shop\/wp-content\/uploads\/2023\/01\/Consigliato-da-Riccardo.svg\" alt=\"Consigliato da Riccardo\" title=\"\">\n\t\t\t\t\t\t<\/a>\n\t\t\t\t\t\t\t\t<\/div>\n\t\t\t\t<div class=\"wishlistbella\">\n\t\t\t\t\t<\/div>\n\t<\/div>\n\t<div class=\"card-title titolo-elementor\">\n\t\t<a href=\"https:\/\/casaporciatti.it\/shop\/prodotto\/bollinger-champagne-pn-ayc19\/\" title=\"BOLLINGER Champagne PN AYC19\">\n\t\t\t<h3 class=\"text-center px-3\" style=\"font-size: 16px;color: var( --e-global-color-text );\">BOLLINGER Champagne PN AYC19<\/h3>\n\t\t<\/a>\n\t<\/div>\n\n\t<div class=\"card-description homeel\">\n\t\t<div class=\"prezzo\">\n\t\t\t\n\t<span class=\"price\"><span class=\"woocommerce-Price-amount amount\"><bdi>155,00&nbsp;<span class=\"woocommerce-Price-currencySymbol\" translate=\"no\">&euro;<\/span><\/bdi><\/span><\/span>\n\t\t<\/div>\n\t<\/div>\n\t<div class=\"pulsantele py-3 justify-content-center\">\n\t\t\t\t\n\t\t\t<form class=\"cart\" action=\"https:\/\/casaporciatti.it\/shop\/prodotto\/bollinger-champagne-pn-ayc19\/\" method=\"post\" enctype='multipart\/form-data'>\n\t\t\n\t\t\n\t\t\t<\/a><a title=\"Aggiungi al carrello BOLLINGER Champagne PN AYC19\" href=\"\/shop\/wp-json\/wp\/v2\/pages\/7?add-to-cart=11802\" data-quantity=\"1\" class=\"btn d-grid gap-2 text-center button product_type_simple add_to_cart_button ajax_add_to_cart\" data-product_id=\"11802\" data-product_sku=\"e74657126766-1\" aria-label=\"Aggiungi al carrello: &quot;BOLLINGER Champagne PN AYC19&quot;\" rel=\"nofollow\" data-success_message=\"&quot;BOLLINGER Champagne PN AYC19&quot; \u00e8 stato aggiunto al tuo carrello\" role=\"button\">Aggiungi al carrello<\/a>\n\t\t\t\t\t<\/form>\n\t<\/div>\n<\/div>\t\t\t\t\t\t\t\t<\/article>\t  \n\t\t\t\t\t\t\t\t\t\t\t\t\t\t  \t<article class=\"item \">\n\t\t\t\t\t\t\t  \t\t<div class=\"card\">\n\t\t\n\t\n\t<div class=\"card-text brand ele d-flex justify-content-center\">\n\t\t<a href=\"https:\/\/casaporciatti.it\/shop\/prodotto\/franck-pascal-champagne-brut-nature-fluence\/\" title=\"FRANCK PASCAL Champagne Brut Nature Fluence\">\n\t\t\t\n\t\t\t<img loading=\"lazy\" decoding=\"async\" width=\"300\" height=\"300\" src=\"https:\/\/casaporciatti.it\/shop\/wp-content\/uploads\/2023\/11\/pascal-fluence-300x300.jpg\" class=\"attachment-woocommerce_thumbnail size-woocommerce_thumbnail\" alt=\"pascal fluence\" srcset=\"https:\/\/casaporciatti.it\/shop\/wp-content\/uploads\/2023\/11\/pascal-fluence-300x300.jpg 300w, https:\/\/casaporciatti.it\/shop\/wp-content\/uploads\/2023\/11\/pascal-fluence-150x150.jpg 150w, https:\/\/casaporciatti.it\/shop\/wp-content\/uploads\/2023\/11\/pascal-fluence-100x100.jpg 100w, https:\/\/casaporciatti.it\/shop\/wp-content\/uploads\/2023\/11\/pascal-fluence.jpg 600w\" sizes=\"(max-width: 300px) 100vw, 300px\" title=\"\">\n\t\t<\/a>\n\t\t\t\t<div class=\"wishlistbella\">\n\t\t\t\t\t<\/div>\n\t<\/div>\n\t<div class=\"card-title titolo-elementor\">\n\t\t<a href=\"https:\/\/casaporciatti.it\/shop\/prodotto\/franck-pascal-champagne-brut-nature-fluence\/\" title=\"FRANCK PASCAL Champagne Brut Nature Fluence\">\n\t\t\t<h3 class=\"text-center px-3\" style=\"font-size: 16px;color: var( --e-global-color-text );\">FRANCK PASCAL Champagne Brut Nature Fluence<\/h3>\n\t\t<\/a>\n\t<\/div>\n\n\t<div class=\"card-description homeel\">\n\t\t<div class=\"prezzo\">\n\t\t\t\n\t<span class=\"price\"><span class=\"woocommerce-Price-amount amount\"><bdi>55,00&nbsp;<span class=\"woocommerce-Price-currencySymbol\" translate=\"no\">&euro;<\/span><\/bdi><\/span><\/span>\n\t\t<\/div>\n\t<\/div>\n\t<div class=\"pulsantele py-3 justify-content-center\">\n\t\t\t\t\n\t\t\t<form class=\"cart\" action=\"https:\/\/casaporciatti.it\/shop\/prodotto\/franck-pascal-champagne-brut-nature-fluence\/\" method=\"post\" enctype='multipart\/form-data'>\n\t\t\n\t\t\n\t\t\t<\/a><a title=\"Aggiungi al carrello FRANCK PASCAL Champagne Brut Nature Fluence\" href=\"\/shop\/wp-json\/wp\/v2\/pages\/7?add-to-cart=11793\" data-quantity=\"1\" class=\"btn d-grid gap-2 text-center button product_type_simple add_to_cart_button ajax_add_to_cart\" data-product_id=\"11793\" data-product_sku=\"678cba195529-1\" aria-label=\"Aggiungi al carrello: &quot;FRANCK PASCAL Champagne Brut Nature Fluence&quot;\" rel=\"nofollow\" data-success_message=\"&quot;FRANCK PASCAL Champagne Brut Nature Fluence&quot; \u00e8 stato aggiunto al tuo carrello\" role=\"button\">Aggiungi al carrello<\/a>\n\t\t\t\t\t<\/form>\n\t<\/div>\n<\/div>\t\t\t\t\t\t\t\t<\/article>\t  \n\t\t\t\t\t\t\t\t\t\t\t\t\t\t  \t<article class=\"item \">\n\t\t\t\t\t\t\t  \t\t<div class=\"card\">\n\t\t\n\t\n\t<div class=\"card-text brand ele d-flex justify-content-center\">\n\t\t<a href=\"https:\/\/casaporciatti.it\/shop\/prodotto\/alessandra-divella-blanc-de-blancs-dosaggio-zero\/\" title=\"ALESSANDRA DIVELLA Blanc de Blancs Dosaggio Zero\">\n\t\t\t\n\t\t\t<img loading=\"lazy\" decoding=\"async\" width=\"300\" height=\"300\" src=\"https:\/\/casaporciatti.it\/shop\/wp-content\/uploads\/2023\/08\/alessandra-divella-blanc-de-blancs-300x300.jpg\" class=\"attachment-woocommerce_thumbnail size-woocommerce_thumbnail\" alt=\"divella blanc de balncs\" srcset=\"https:\/\/casaporciatti.it\/shop\/wp-content\/uploads\/2023\/08\/alessandra-divella-blanc-de-blancs-300x300.jpg 300w, https:\/\/casaporciatti.it\/shop\/wp-content\/uploads\/2023\/08\/alessandra-divella-blanc-de-blancs-150x150.jpg 150w, https:\/\/casaporciatti.it\/shop\/wp-content\/uploads\/2023\/08\/alessandra-divella-blanc-de-blancs-100x100.jpg 100w, https:\/\/casaporciatti.it\/shop\/wp-content\/uploads\/2023\/08\/alessandra-divella-blanc-de-blancs.jpg 600w\" sizes=\"(max-width: 300px) 100vw, 300px\" title=\"\">\n\t\t<\/a>\n\t\t\t\t\t<div class=\"brand-elementor py-3\">\n\t\t\t\t\t\t\t\t\t    <a title=\"Produttori artigianali\" href=\"#\">\t\n\t\t\t\t\t    \t<img decoding=\"async\" style=\"height: 40px;width: auto;\" src=\"https:\/\/casaporciatti.it\/shop\/wp-content\/uploads\/2023\/01\/Produttori-artigianali.svg\" alt=\"Produttori artigianali\" title=\"\">\n\t\t\t\t\t\t<\/a>\n\t\t\t\t\t\t\t\t<\/div>\n\t\t\t\t<div class=\"wishlistbella\">\n\t\t\t\t\t<\/div>\n\t<\/div>\n\t<div class=\"card-title titolo-elementor\">\n\t\t<a href=\"https:\/\/casaporciatti.it\/shop\/prodotto\/alessandra-divella-blanc-de-blancs-dosaggio-zero\/\" title=\"ALESSANDRA DIVELLA Blanc de Blancs Dosaggio Zero\">\n\t\t\t<h3 class=\"text-center px-3\" style=\"font-size: 16px;color: var( --e-global-color-text );\">ALESSANDRA DIVELLA Blanc de Blancs Dosaggio Zero<\/h3>\n\t\t<\/a>\n\t<\/div>\n\n\t<div class=\"card-description homeel\">\n\t\t<div class=\"prezzo\">\n\t\t\t\n\t<span class=\"price\"><span class=\"woocommerce-Price-amount amount\"><bdi>49,00&nbsp;<span class=\"woocommerce-Price-currencySymbol\" translate=\"no\">&euro;<\/span><\/bdi><\/span><\/span>\n\t\t<\/div>\n\t<\/div>\n\t<div class=\"pulsantele py-3 justify-content-center\">\n\t\t\t\t\n\t\t\t<form class=\"cart\" action=\"https:\/\/casaporciatti.it\/shop\/prodotto\/alessandra-divella-blanc-de-blancs-dosaggio-zero\/\" method=\"post\" enctype='multipart\/form-data'>\n\t\t\n\t\t\n\t\t\t<\/a><a class=\"button allinea\" style=\"\" href=\"https:\/\/wa.me\/393312783094?text=Salve%2C%20vorrei%20sapere%20quando%20torna%20disponibile%20il%20prodotto%20ALESSANDRA%20DIVELLA%20Blanc%20de%20Blancs%20Dosaggio%20Zero%20che%20si%20trova%20qui%3A%20%22%20https%3A%2F%2Fcasaporciatti.it%2Fshop%2Fprodotto%2Falessandra-divella-blanc-de-blancs-dosaggio-zero%2F%20%22\" title=\"ALESSANDRA DIVELLA Blanc de Blancs Dosaggio Zero\">Contattaci  <img decoding=\"async\" width=\"200\" height=\"200\" src=\"https:\/\/casaporciatti.it\/shop\/wp-content\/uploads\/2023\/02\/whatsapp.svg\" class=\"icona-wa\" alt=\"\" title=\"\"><\/a>\n\t\t\t\t\t<\/form>\n\t<\/div>\n<\/div>\t\t\t\t\t\t\t\t<\/article>\t  \n\t\t\t\t\t\t\t\t\t\t\t\t\t\t  \t<article class=\"item \">\n\t\t\t\t\t\t\t  \t\t<div class=\"card\">\n\t\t\n\t\n\t<div class=\"card-text brand ele d-flex justify-content-center\">\n\t\t<a href=\"https:\/\/casaporciatti.it\/shop\/prodotto\/pascal-doquet-diapason-champagne-grand-cru\/\" title=\"PASCAL DOQUET Diapason Champagne Grand Cru\">\n\t\t\t\n\t\t\t<img loading=\"lazy\" decoding=\"async\" width=\"300\" height=\"300\" src=\"https:\/\/casaporciatti.it\/shop\/wp-content\/uploads\/2023\/07\/pascal-doquet-diapason-300x300.jpg\" class=\"attachment-woocommerce_thumbnail size-woocommerce_thumbnail\" alt=\"champagne diapason doquet\" srcset=\"https:\/\/casaporciatti.it\/shop\/wp-content\/uploads\/2023\/07\/pascal-doquet-diapason-300x300.jpg 300w, https:\/\/casaporciatti.it\/shop\/wp-content\/uploads\/2023\/07\/pascal-doquet-diapason-150x150.jpg 150w, https:\/\/casaporciatti.it\/shop\/wp-content\/uploads\/2023\/07\/pascal-doquet-diapason-100x100.jpg 100w, https:\/\/casaporciatti.it\/shop\/wp-content\/uploads\/2023\/07\/pascal-doquet-diapason.jpg 600w\" sizes=\"(max-width: 300px) 100vw, 300px\" title=\"\">\n\t\t<\/a>\n\t\t\t\t\t<div class=\"brand-elementor py-3\">\n\t\t\t\t\t\t\t\t\t    <a title=\"Consigliato da Riccardo\" href=\"#\">\t\n\t\t\t\t\t    \t<img decoding=\"async\" style=\"height: 40px;width: auto;\" src=\"https:\/\/casaporciatti.it\/shop\/wp-content\/uploads\/2023\/01\/Consigliato-da-Riccardo.svg\" alt=\"Consigliato da Riccardo\" title=\"\">\n\t\t\t\t\t\t<\/a>\n\t\t\t\t\t\t\t\t<\/div>\n\t\t\t\t<div class=\"wishlistbella\">\n\t\t\t\t\t<\/div>\n\t<\/div>\n\t<div class=\"card-title titolo-elementor\">\n\t\t<a href=\"https:\/\/casaporciatti.it\/shop\/prodotto\/pascal-doquet-diapason-champagne-grand-cru\/\" title=\"PASCAL DOQUET Diapason Champagne Grand Cru\">\n\t\t\t<h3 class=\"text-center px-3\" style=\"font-size: 16px;color: var( --e-global-color-text );\">PASCAL DOQUET Diapason Champagne Grand Cru<\/h3>\n\t\t<\/a>\n\t<\/div>\n\n\t<div class=\"card-description homeel\">\n\t\t<div class=\"prezzo\">\n\t\t\t\n\t<span class=\"price\"><span class=\"woocommerce-Price-amount amount\"><bdi>125,00&nbsp;<span class=\"woocommerce-Price-currencySymbol\" translate=\"no\">&euro;<\/span><\/bdi><\/span><\/span>\n\t\t<\/div>\n\t<\/div>\n\t<div class=\"pulsantele py-3 justify-content-center\">\n\t\t\t\t\n\t\t\t<form class=\"cart\" action=\"https:\/\/casaporciatti.it\/shop\/prodotto\/pascal-doquet-diapason-champagne-grand-cru\/\" method=\"post\" enctype='multipart\/form-data'>\n\t\t\n\t\t\n\t\t\t<\/a><a title=\"Aggiungi al carrello PASCAL DOQUET Diapason Champagne Grand Cru\" href=\"\/shop\/wp-json\/wp\/v2\/pages\/7?add-to-cart=11556\" data-quantity=\"1\" class=\"btn d-grid gap-2 text-center button product_type_simple add_to_cart_button ajax_add_to_cart\" data-product_id=\"11556\" data-product_sku=\"00e85ba3d66a-1\" aria-label=\"Aggiungi al carrello: &quot;PASCAL DOQUET Diapason Champagne Grand Cru&quot;\" rel=\"nofollow\" data-success_message=\"&quot;PASCAL DOQUET Diapason Champagne Grand Cru&quot; \u00e8 stato aggiunto al tuo carrello\" role=\"button\">Aggiungi al carrello<\/a>\n\t\t\t\t\t<\/form>\n\t<\/div>\n<\/div>\t\t\t\t\t\t\t\t<\/article>\t  \n\t\t\t\t\t\t\t\t\t\t\t\t\t\t  \t<article class=\"item \">\n\t\t\t\t\t\t\t  \t\t<div class=\"card\">\n\t\t\n\t\n\t<div class=\"card-text brand ele d-flex justify-content-center\">\n\t\t<a href=\"https:\/\/casaporciatti.it\/shop\/prodotto\/stephane-regnault-champagne-grand-cru-chromatique-extra-brut\/\" title=\"STEPHANE REGNAULT  Champagne Grand Cru Chromatique Extra Brut\">\n\t\t\t\n\t\t\t<img loading=\"lazy\" decoding=\"async\" width=\"300\" height=\"300\" src=\"https:\/\/casaporciatti.it\/shop\/wp-content\/uploads\/2023\/04\/chromatique-regnault-300x300.jpg\" class=\"attachment-woocommerce_thumbnail size-woocommerce_thumbnail\" alt=\"Chromatique regnault\" srcset=\"https:\/\/casaporciatti.it\/shop\/wp-content\/uploads\/2023\/04\/chromatique-regnault-300x300.jpg 300w, https:\/\/casaporciatti.it\/shop\/wp-content\/uploads\/2023\/04\/chromatique-regnault-150x150.jpg 150w, https:\/\/casaporciatti.it\/shop\/wp-content\/uploads\/2023\/04\/chromatique-regnault-100x100.jpg 100w, https:\/\/casaporciatti.it\/shop\/wp-content\/uploads\/2023\/04\/chromatique-regnault.jpg 600w\" sizes=\"(max-width: 300px) 100vw, 300px\" title=\"\">\n\t\t<\/a>\n\t\t\t\t\t<div class=\"brand-elementor py-3\">\n\t\t\t\t\t\t\t\t\t    <a title=\"Produttori artigianali\" href=\"#\">\t\n\t\t\t\t\t    \t<img decoding=\"async\" style=\"height: 40px;width: auto;\" src=\"https:\/\/casaporciatti.it\/shop\/wp-content\/uploads\/2023\/01\/Produttori-artigianali.svg\" alt=\"Produttori artigianali\" title=\"\">\n\t\t\t\t\t\t<\/a>\n\t\t\t\t\t\t\t\t<\/div>\n\t\t\t\t<div class=\"wishlistbella\">\n\t\t\t\t\t<\/div>\n\t<\/div>\n\t<div class=\"card-title titolo-elementor\">\n\t\t<a href=\"https:\/\/casaporciatti.it\/shop\/prodotto\/stephane-regnault-champagne-grand-cru-chromatique-extra-brut\/\" title=\"STEPHANE REGNAULT  Champagne Grand Cru Chromatique Extra Brut\">\n\t\t\t<h3 class=\"text-center px-3\" style=\"font-size: 16px;color: var( --e-global-color-text );\">STEPHANE REGNAULT  Champagne Grand Cru Chromatique Extra Brut<\/h3>\n\t\t<\/a>\n\t<\/div>\n\n\t<div class=\"card-description homeel\">\n\t\t<div class=\"prezzo\">\n\t\t\t\n\t<span class=\"price\"><span class=\"woocommerce-Price-amount amount\"><bdi>68,00&nbsp;<span class=\"woocommerce-Price-currencySymbol\" translate=\"no\">&euro;<\/span><\/bdi><\/span><\/span>\n\t\t<\/div>\n\t<\/div>\n\t<div class=\"pulsantele py-3 justify-content-center\">\n\t\t\t\t\n\t\t\t<form class=\"cart\" action=\"https:\/\/casaporciatti.it\/shop\/prodotto\/stephane-regnault-champagne-grand-cru-chromatique-extra-brut\/\" method=\"post\" enctype='multipart\/form-data'>\n\t\t\n\t\t\n\t\t\t<\/a><a title=\"Aggiungi al carrello STEPHANE REGNAULT  Champagne Grand Cru Chromatique Extra Brut\" href=\"\/shop\/wp-json\/wp\/v2\/pages\/7?add-to-cart=11271\" data-quantity=\"1\" class=\"btn d-grid gap-2 text-center button product_type_simple add_to_cart_button ajax_add_to_cart\" data-product_id=\"11271\" data-product_sku=\"449a1c688af8-1\" aria-label=\"Aggiungi al carrello: &quot;STEPHANE REGNAULT  Champagne Grand Cru Chromatique Extra Brut&quot;\" rel=\"nofollow\" data-success_message=\"&quot;STEPHANE REGNAULT  Champagne Grand Cru Chromatique Extra Brut&quot; \u00e8 stato aggiunto al tuo carrello\" role=\"button\">Aggiungi al carrello<\/a>\n\t\t\t\t\t<\/form>\n\t<\/div>\n<\/div>\t\t\t\t\t\t\t\t<\/article>\t  \n\t\t\t\t\t\t\t\t\t\t\t\t<\/div>\n\t\t\t\t<\/div>\n\t\t\t\t\t\t\t\t\t<div class=\"row mb-5 py-3\">\n\n\t\t\t\t\t\t<div class=\"allineamento_pulsante\">\n\t\t\t\t\t\t\t<a  style=\"color:white;font-weight:700;background-color: var(--e-global-color-primary);border-radius: 13px;padding: 10px 50px;\" class=\"btn text-center\" title=\"Scopri di pi\u00f9\" href=\"https:\/\/casaporciatti.it\/shop\/categorie-speciali\/vini-per-le-feste\/\">\n\t\t\t\t\t\t\t\tScopri di pi\u00f9\t\t\n\t\t\t\t\t\t\t<\/a>\n\t\t\t\t\t\t<\/div>\n\t\t\t\t\t\n\t\t\t\t\t<\/div>\n\t\t\t\t\t\t\t<\/div>\n\t\t<\/section>\n\t\t\t\t\t\t<\/div>\n\t\t\t\t<\/div>\n\t\t\t\t\t<\/div>\n\t\t<\/div>\n\t\t\t\t\t<\/div>\n\t\t<\/section>\n\t\t\t\t<section class=\"elementor-section elementor-top-section elementor-element elementor-element-93952ee elementor-section-full_width elementor-section-height-default elementor-section-height-default\" data-id=\"93952ee\" data-element_type=\"section\" data-e-type=\"section\">\n\t\t\t\t\t\t<div class=\"elementor-container elementor-column-gap-default\">\n\t\t\t\t\t<div class=\"elementor-column elementor-col-100 elementor-top-column elementor-element elementor-element-97e3907\" data-id=\"97e3907\" data-element_type=\"column\" data-e-type=\"column\">\n\t\t\t<div class=\"elementor-widget-wrap elementor-element-populated\">\n\t\t\t\t\t\t<div class=\"elementor-element elementor-element-a4706ba elementor-widget elementor-widget-post_prodotti\" data-id=\"a4706ba\" data-element_type=\"widget\" data-e-type=\"widget\" data-widget_type=\"post_prodotti.default\">\n\t\t\t\t<div class=\"elementor-widget-container\">\n\t\t\t\t\t\t\t\t<script type=\"text\/javascript\">\n\t\t\t\tjQuery( function($) {\n\t\t\t\t  \t$(document).ready(function() {\n\t\t\t\t\t    $(\".carosello-prodottiradda_chianti\").owlCarousel({\n\t\t\t\t\t        loop:true,\n\t\t\t\t\t        autoplay:true,\n\t\t\t\t\t        responsiveClass: true,\n\t\t\t\t\t\t\tresponsive : {\n\t\t\t\t\t\t\t    \/\/ breakpoint from 0 up\n\t\t\t\t\t\t\t    0 : {\n\t\t\t\t\t\t\t        items : 1,\n\t\t\t\t\t\t\t    },\n\t\t\t\t\t\t\t    \/\/ breakpoint from 480 up\n\t\t\t\t\t\t\t    480 : {\n\t\t\t\t\t\t\t        items : 2,\n\t\t\t\t\t\t\t    },\n\t\t\t\t\t\t\t    \/\/ breakpoint from 768 up\n\t\t\t\t\t\t\t    768 : {\n\t\t\t\t\t\t\t        items : 3,\n\t\t\t\t\t\t\t    }\n\t\t\t\t\t\t\t},\n\t\t\t\t\t        items:3,\n\t\t\t\t\t        margin:30,\n\t\t\t\t\t        autoWidth:false,\n\t\t\t\t\t        autoplayHoverPause: true,\n\t\t\t\t\t        rewind:true,\n\t\t\t\t\t        lazyLoad:true,\n\t\t\t\t\t        nav:true,\n\t\t\t\t\t        navText: ['<i class=\"fa-solid fa-chevron-left\"><\/i>', '<i class=\"fa-solid fa-chevron-right\"><\/i>'],\n\t\t\t\t\t    });\n\t\t\t\t  \t});\n\t\t\t\t});\n\t\t\t<\/script>\n\t\t\t\t\t<style type=\"text\/css\">\n\t\t\t\t.woocommerce ul.products li.product, .woocommerce-page ul.products li.product {\n\t\t\t\t  width: 90.05%;\n\t\t\t\t}\n\t\t\t\t.owl-prev {\n\t\t\t\t    position: absolute;\n\t\t\t\t    top: 40%;\n\t\t\t\t    margin-left: -20px!important;\n\t\t\t\t    display: block !important;\n\t\t\t\t    background-color: transparent !important;\n\t\t\t\t}\n\n\t\t\t\t.owl-next {\n\t\t\t\t    position: absolute;\n\t\t\t\t    top: 40%;\n\t\t\t\t    right: -25px;\n\t\t\t\t    display: block !important;\n\t\t\t\t    background-color: transparent !important;\n\t\t\t\t}\n\t\t\t\t.owl-prev i, .owl-next i {\n\t\t\t\t\tfont-size: 20px;\n\t\t\t\t\tpadding: 10px 14px;\n\t\t\t\t\tcolor: white;\n\t\t\t\t\tbackground-color: var(--e-global-color-accent);\n\t\t\t\t\tborder-radius: 50%;\n\t\t\t\t}\n\t\t\t\t.owl-carousel .owl-item img {\n\t\t\t\t  width: auto;\n\t\t\t\t}\n\t\t<\/style>\n\t\t<section style=\"position:relative;\" class=\"\">\n\t\t\t\t\t\t\t\t<div class=\"position-relative py-5 d-flex flex-column align-items-center\" style=\"background-image: url(https:\/\/casaporciatti.it\/shop\/wp-content\/uploads\/2023\/02\/radda-in-chianti-1.jpg);background-position: 50%50%;background-repeat: no-repeat;background-size: cover;\">\n\t\t\t\t\t\t\t\t\t<div class=\"overlaybello\"><\/div>\n\t\t\t\t\t<div class=\"sec-title py-5\">\n\t\t\t\t\t\t<h2 class=\"text-center\">Vini di Radda in Chianti<\/h2>\n\t\t\t\t\t\t<p class=\"text-center\">Per i Sangiovese Lovers<\/p>\n\t\t\t\t\t<\/div>\n\t\t\t\t<\/div>\n\t\t\t\t\t\t<div class=\"container\">\n\t\t\t\t<div class=\"row d-flex align-items-center\">\n\t\t\t\t\t\t\t\t\t\t<div class=\"carosello-prodottiradda_chianti owl-carousel owl-theme\">\n\t\t\t\t\t\t\t\t\t\t\t\t\t  \t<article class=\"item \">\n\t\t\t\t\t\t\t  \t\t<div class=\"card\">\n\t\t\n\t\n\t<div class=\"card-text brand ele d-flex justify-content-center\">\n\t\t<a href=\"https:\/\/casaporciatti.it\/shop\/prodotto\/vignaioli-di-radda-53017-2022\/\" title=\"VIGNAIOLI DI RADDA &#8220;53017&#8221; 2022\">\n\t\t\t\n\t\t\t<img loading=\"lazy\" decoding=\"async\" width=\"300\" height=\"300\" src=\"https:\/\/casaporciatti.it\/shop\/wp-content\/uploads\/2024\/05\/53017-il-vino-dei-vignaioli-300x300.jpg\" class=\"attachment-woocommerce_thumbnail size-woocommerce_thumbnail\" alt=\"vignaioli di radda\" srcset=\"https:\/\/casaporciatti.it\/shop\/wp-content\/uploads\/2024\/05\/53017-il-vino-dei-vignaioli-300x300.jpg 300w, https:\/\/casaporciatti.it\/shop\/wp-content\/uploads\/2024\/05\/53017-il-vino-dei-vignaioli-150x150.jpg 150w, https:\/\/casaporciatti.it\/shop\/wp-content\/uploads\/2024\/05\/53017-il-vino-dei-vignaioli-100x100.jpg 100w, https:\/\/casaporciatti.it\/shop\/wp-content\/uploads\/2024\/05\/53017-il-vino-dei-vignaioli.jpg 600w\" sizes=\"(max-width: 300px) 100vw, 300px\" title=\"\">\n\t\t<\/a>\n\t\t\t\t<div class=\"wishlistbella\">\n\t\t\t\t\t<\/div>\n\t<\/div>\n\t<div class=\"card-title titolo-elementor\">\n\t\t<a href=\"https:\/\/casaporciatti.it\/shop\/prodotto\/vignaioli-di-radda-53017-2022\/\" title=\"VIGNAIOLI DI RADDA &#8220;53017&#8221; 2022\">\n\t\t\t<h3 class=\"text-center px-3\" style=\"font-size: 16px;color: var( --e-global-color-text );\">VIGNAIOLI DI RADDA &#8220;53017&#8221; 2022<\/h3>\n\t\t<\/a>\n\t<\/div>\n\n\t<div class=\"card-description homeel\">\n\t\t<div class=\"prezzo\">\n\t\t\t\n\t<span class=\"price\"><span class=\"woocommerce-Price-amount amount\"><bdi>160,00&nbsp;<span class=\"woocommerce-Price-currencySymbol\" translate=\"no\">&euro;<\/span><\/bdi><\/span><\/span>\n\t\t<\/div>\n\t<\/div>\n\t<div class=\"pulsantele py-3 justify-content-center\">\n\t\t\t\t\n\t\t\t<form class=\"cart\" action=\"https:\/\/casaporciatti.it\/shop\/prodotto\/vignaioli-di-radda-53017-2022\/\" method=\"post\" enctype='multipart\/form-data'>\n\t\t\n\t\t\n\t\t\t<\/a><a class=\"button allinea\" style=\"\" href=\"https:\/\/wa.me\/393312783094?text=Salve%2C%20vorrei%20sapere%20quando%20torna%20disponibile%20il%20prodotto%20VIGNAIOLI%20DI%20RADDA%20%26%238220%3B53017%26%238221%3B%202022%20che%20si%20trova%20qui%3A%20%22%20https%3A%2F%2Fcasaporciatti.it%2Fshop%2Fprodotto%2Fvignaioli-di-radda-53017-2022%2F%20%22\" title=\"VIGNAIOLI DI RADDA &#8220;53017&#8221; 2022\">Contattaci  <img decoding=\"async\" width=\"200\" height=\"200\" src=\"https:\/\/casaporciatti.it\/shop\/wp-content\/uploads\/2023\/02\/whatsapp.svg\" class=\"icona-wa\" alt=\"\" title=\"\"><\/a>\n\t\t\t\t\t<\/form>\n\t<\/div>\n<\/div>\t\t\t\t\t\t\t\t<\/article>\t  \n\t\t\t\t\t\t\t\t\t\t\t\t\t\t  \t<article class=\"item \">\n\t\t\t\t\t\t\t  \t\t<div class=\"card\">\n\t\t\n\t\n\t<div class=\"card-text brand ele d-flex justify-content-center\">\n\t\t<a href=\"https:\/\/casaporciatti.it\/shop\/prodotto\/montevertine-le-pergole-torte-2023-experience-box-da-9-bottiglie\/\" title=\"MONTEVERTINE LE PERGOLE TORTE 2023 EXPERIENCE BOX da 9 bottiglie\">\n\t\t\t\n\t\t\t\n\t<span class=\"onsale\">Offerta<\/span>\n\t<img loading=\"lazy\" decoding=\"async\" width=\"300\" height=\"300\" src=\"https:\/\/casaporciatti.it\/shop\/wp-content\/uploads\/2026\/05\/LE-PERGOLE-TORTE-2023-BOX-300x300.png\" class=\"attachment-woocommerce_thumbnail size-woocommerce_thumbnail\" alt=\"le pergole torte 2023 montevertine box\" srcset=\"https:\/\/casaporciatti.it\/shop\/wp-content\/uploads\/2026\/05\/LE-PERGOLE-TORTE-2023-BOX-300x300.png 300w, https:\/\/casaporciatti.it\/shop\/wp-content\/uploads\/2026\/05\/LE-PERGOLE-TORTE-2023-BOX-150x150.png 150w, https:\/\/casaporciatti.it\/shop\/wp-content\/uploads\/2026\/05\/LE-PERGOLE-TORTE-2023-BOX-100x100.png 100w, https:\/\/casaporciatti.it\/shop\/wp-content\/uploads\/2026\/05\/LE-PERGOLE-TORTE-2023-BOX.png 600w\" sizes=\"(max-width: 300px) 100vw, 300px\" title=\"\">\n\t\t<\/a>\n\t\t\t\t<div class=\"wishlistbella\">\n\t\t\t\t\t<\/div>\n\t<\/div>\n\t<div class=\"card-title titolo-elementor\">\n\t\t<a href=\"https:\/\/casaporciatti.it\/shop\/prodotto\/montevertine-le-pergole-torte-2023-experience-box-da-9-bottiglie\/\" title=\"MONTEVERTINE LE PERGOLE TORTE 2023 EXPERIENCE BOX da 9 bottiglie\">\n\t\t\t<h3 class=\"text-center px-3\" style=\"font-size: 16px;color: var( --e-global-color-text );\">MONTEVERTINE LE PERGOLE TORTE 2023 EXPERIENCE BOX da 9 bottiglie<\/h3>\n\t\t<\/a>\n\t<\/div>\n\n\t<div class=\"card-description homeel\">\n\t\t<div class=\"prezzo\">\n\t\t\t\n\t<span class=\"price\"><del aria-hidden=\"true\"><span class=\"woocommerce-Price-amount amount\"><bdi>618,00&nbsp;<span class=\"woocommerce-Price-currencySymbol\" translate=\"no\">&euro;<\/span><\/bdi><\/span><\/del> <span class=\"screen-reader-text\">Il prezzo originale era: 618,00&nbsp;&euro;.<\/span><ins aria-hidden=\"true\"><span class=\"woocommerce-Price-amount amount\"><bdi>550,00&nbsp;<span class=\"woocommerce-Price-currencySymbol\" translate=\"no\">&euro;<\/span><\/bdi><\/span><\/ins><span class=\"screen-reader-text\">Il prezzo attuale \u00e8: 550,00&nbsp;&euro;.<\/span><\/span>\n\t\t<\/div>\n\t<\/div>\n\t<div class=\"pulsantele py-3 justify-content-center\">\n\t\t\t\t\n\t\t\t<form class=\"cart\" action=\"https:\/\/casaporciatti.it\/shop\/prodotto\/montevertine-le-pergole-torte-2023-experience-box-da-9-bottiglie\/\" method=\"post\" enctype='multipart\/form-data'>\n\t\t\n\t\t\n\t\t\t<\/a><a title=\"Aggiungi al carrello MONTEVERTINE LE PERGOLE TORTE 2023 EXPERIENCE BOX da 9 bottiglie\" href=\"\/shop\/wp-json\/wp\/v2\/pages\/7?add-to-cart=13427\" data-quantity=\"1\" class=\"btn d-grid gap-2 text-center button product_type_simple add_to_cart_button ajax_add_to_cart\" data-product_id=\"13427\" data-product_sku=\"66ecbf25ced5-1-1\" aria-label=\"Aggiungi al carrello: &quot;MONTEVERTINE LE PERGOLE TORTE 2023 EXPERIENCE BOX da 9 bottiglie&quot;\" rel=\"nofollow\" data-success_message=\"&quot;MONTEVERTINE LE PERGOLE TORTE 2023 EXPERIENCE BOX da 9 bottiglie&quot; \u00e8 stato aggiunto al tuo carrello\" role=\"button\">Aggiungi al carrello<\/a>\n\t\t\t\t\t<\/form>\n\t<\/div>\n<\/div>\t\t\t\t\t\t\t\t<\/article>\t  \n\t\t\t\t\t\t\t\t\t\t\t\t\t\t  \t<article class=\"item \">\n\t\t\t\t\t\t\t  \t\t<div class=\"card\">\n\t\t\n\t\n\t<div class=\"card-text brand ele d-flex justify-content-center\">\n\t\t<a href=\"https:\/\/casaporciatti.it\/shop\/prodotto\/montevertine-le-pergole-torte-2023-experience-box-da-3-bottiglie\/\" title=\"MONTEVERTINE LE PERGOLE TORTE 2023 EXPERIENCE BOX da 3 bottiglie\">\n\t\t\t\n\t\t\t\n\t<span class=\"onsale\">Offerta<\/span>\n\t<img loading=\"lazy\" decoding=\"async\" width=\"300\" height=\"300\" src=\"https:\/\/casaporciatti.it\/shop\/wp-content\/uploads\/2026\/05\/LE-PERGOLE-TORTE-2023-BOX2-300x300.png\" class=\"attachment-woocommerce_thumbnail size-woocommerce_thumbnail\" alt=\"le pergole torte 2023\" srcset=\"https:\/\/casaporciatti.it\/shop\/wp-content\/uploads\/2026\/05\/LE-PERGOLE-TORTE-2023-BOX2-300x300.png 300w, https:\/\/casaporciatti.it\/shop\/wp-content\/uploads\/2026\/05\/LE-PERGOLE-TORTE-2023-BOX2-150x150.png 150w, https:\/\/casaporciatti.it\/shop\/wp-content\/uploads\/2026\/05\/LE-PERGOLE-TORTE-2023-BOX2-100x100.png 100w, https:\/\/casaporciatti.it\/shop\/wp-content\/uploads\/2026\/05\/LE-PERGOLE-TORTE-2023-BOX2.png 600w\" sizes=\"(max-width: 300px) 100vw, 300px\" title=\"\">\n\t\t<\/a>\n\t\t\t\t<div class=\"wishlistbella\">\n\t\t\t\t\t<\/div>\n\t<\/div>\n\t<div class=\"card-title titolo-elementor\">\n\t\t<a href=\"https:\/\/casaporciatti.it\/shop\/prodotto\/montevertine-le-pergole-torte-2023-experience-box-da-3-bottiglie\/\" title=\"MONTEVERTINE LE PERGOLE TORTE 2023 EXPERIENCE BOX da 3 bottiglie\">\n\t\t\t<h3 class=\"text-center px-3\" style=\"font-size: 16px;color: var( --e-global-color-text );\">MONTEVERTINE LE PERGOLE TORTE 2023 EXPERIENCE BOX da 3 bottiglie<\/h3>\n\t\t<\/a>\n\t<\/div>\n\n\t<div class=\"card-description homeel\">\n\t\t<div class=\"prezzo\">\n\t\t\t\n\t<span class=\"price\"><del aria-hidden=\"true\"><span class=\"woocommerce-Price-amount amount\"><bdi>444,00&nbsp;<span class=\"woocommerce-Price-currencySymbol\" translate=\"no\">&euro;<\/span><\/bdi><\/span><\/del> <span class=\"screen-reader-text\">Il prezzo originale era: 444,00&nbsp;&euro;.<\/span><ins aria-hidden=\"true\"><span class=\"woocommerce-Price-amount amount\"><bdi>390,00&nbsp;<span class=\"woocommerce-Price-currencySymbol\" translate=\"no\">&euro;<\/span><\/bdi><\/span><\/ins><span class=\"screen-reader-text\">Il prezzo attuale \u00e8: 390,00&nbsp;&euro;.<\/span><\/span>\n\t\t<\/div>\n\t<\/div>\n\t<div class=\"pulsantele py-3 justify-content-center\">\n\t\t\t\t\n\t\t\t<form class=\"cart\" action=\"https:\/\/casaporciatti.it\/shop\/prodotto\/montevertine-le-pergole-torte-2023-experience-box-da-3-bottiglie\/\" method=\"post\" enctype='multipart\/form-data'>\n\t\t\n\t\t\n\t\t\t<\/a><a title=\"Aggiungi al carrello MONTEVERTINE LE PERGOLE TORTE 2023 EXPERIENCE BOX da 3 bottiglie\" href=\"\/shop\/wp-json\/wp\/v2\/pages\/7?add-to-cart=13423\" data-quantity=\"1\" class=\"btn d-grid gap-2 text-center button product_type_simple add_to_cart_button ajax_add_to_cart\" data-product_id=\"13423\" data-product_sku=\"66ecbf25ced5-1\" aria-label=\"Aggiungi al carrello: &quot;MONTEVERTINE LE PERGOLE TORTE 2023 EXPERIENCE BOX da 3 bottiglie&quot;\" rel=\"nofollow\" data-success_message=\"&quot;MONTEVERTINE LE PERGOLE TORTE 2023 EXPERIENCE BOX da 3 bottiglie&quot; \u00e8 stato aggiunto al tuo carrello\" role=\"button\">Aggiungi al carrello<\/a>\n\t\t\t\t\t<\/form>\n\t<\/div>\n<\/div>\t\t\t\t\t\t\t\t<\/article>\t  \n\t\t\t\t\t\t\t\t\t\t\t\t\t\t  \t<article class=\"item \">\n\t\t\t\t\t\t\t  \t\t<div class=\"card\">\n\t\t\n\t\n\t<div class=\"card-text brand ele d-flex justify-content-center\">\n\t\t<a href=\"https:\/\/casaporciatti.it\/shop\/prodotto\/montevertine-montevertine-2023\/\" title=\"MONTEVERTINE MONTEVERTINE 2023\">\n\t\t\t\n\t\t\t<img loading=\"lazy\" decoding=\"async\" width=\"300\" height=\"300\" src=\"https:\/\/casaporciatti.it\/shop\/wp-content\/uploads\/2026\/05\/MONTEVERTINE-2023-300x300.jpg\" class=\"attachment-woocommerce_thumbnail size-woocommerce_thumbnail\" alt=\"montevertine 2023\" srcset=\"https:\/\/casaporciatti.it\/shop\/wp-content\/uploads\/2026\/05\/MONTEVERTINE-2023-300x300.jpg 300w, https:\/\/casaporciatti.it\/shop\/wp-content\/uploads\/2026\/05\/MONTEVERTINE-2023-150x150.jpg 150w, https:\/\/casaporciatti.it\/shop\/wp-content\/uploads\/2026\/05\/MONTEVERTINE-2023-100x100.jpg 100w, https:\/\/casaporciatti.it\/shop\/wp-content\/uploads\/2026\/05\/MONTEVERTINE-2023.jpg 600w\" sizes=\"(max-width: 300px) 100vw, 300px\" title=\"\">\n\t\t<\/a>\n\t\t\t\t\t<div class=\"brand-elementor py-3\">\n\t\t\t\t\t\t\t\t\t    <a title=\"Produttori artigianali\" href=\"#\">\t\n\t\t\t\t\t    \t<img decoding=\"async\" style=\"height: 40px;width: auto;\" src=\"https:\/\/casaporciatti.it\/shop\/wp-content\/uploads\/2023\/01\/Produttori-artigianali.svg\" alt=\"Produttori artigianali\" title=\"\">\n\t\t\t\t\t\t<\/a>\n\t\t\t\t\t\t\t\t<\/div>\n\t\t\t\t<div class=\"wishlistbella\">\n\t\t\t\t\t<\/div>\n\t<\/div>\n\t<div class=\"card-title titolo-elementor\">\n\t\t<a href=\"https:\/\/casaporciatti.it\/shop\/prodotto\/montevertine-montevertine-2023\/\" title=\"MONTEVERTINE MONTEVERTINE 2023\">\n\t\t\t<h3 class=\"text-center px-3\" style=\"font-size: 16px;color: var( --e-global-color-text );\">MONTEVERTINE MONTEVERTINE 2023<\/h3>\n\t\t<\/a>\n\t<\/div>\n\n\t<div class=\"card-description homeel\">\n\t\t<div class=\"prezzo\">\n\t\t\t\n\t<span class=\"price\"><span class=\"woocommerce-Price-amount amount\"><bdi>77,00&nbsp;<span class=\"woocommerce-Price-currencySymbol\" translate=\"no\">&euro;<\/span><\/bdi><\/span><\/span>\n\t\t<\/div>\n\t<\/div>\n\t<div class=\"pulsantele py-3 justify-content-center\">\n\t\t\t\t\n\t\t\t<form class=\"cart\" action=\"https:\/\/casaporciatti.it\/shop\/prodotto\/montevertine-montevertine-2023\/\" method=\"post\" enctype='multipart\/form-data'>\n\t\t\n\t\t\n\t\t\t<\/a><a title=\"Aggiungi al carrello MONTEVERTINE MONTEVERTINE 2023\" href=\"\/shop\/wp-json\/wp\/v2\/pages\/7?add-to-cart=13416\" data-quantity=\"1\" class=\"btn d-grid gap-2 text-center button product_type_simple add_to_cart_button ajax_add_to_cart\" data-product_id=\"13416\" data-product_sku=\"045747c0871d-1\" aria-label=\"Aggiungi al carrello: &quot;MONTEVERTINE MONTEVERTINE 2023&quot;\" rel=\"nofollow\" data-success_message=\"&quot;MONTEVERTINE MONTEVERTINE 2023&quot; \u00e8 stato aggiunto al tuo carrello\" role=\"button\">Aggiungi al carrello<\/a>\n\t\t\t\t\t<\/form>\n\t<\/div>\n<\/div>\t\t\t\t\t\t\t\t<\/article>\t  \n\t\t\t\t\t\t\t\t\t\t\t\t\t\t  \t<article class=\"item \">\n\t\t\t\t\t\t\t  \t\t<div class=\"card\">\n\t\t\n\t\n\t<div class=\"card-text brand ele d-flex justify-content-center\">\n\t\t<a href=\"https:\/\/casaporciatti.it\/shop\/prodotto\/montevertine-le-pergole-torte-2023\/\" title=\"MONTEVERTINE LE PERGOLE TORTE  2023\">\n\t\t\t\n\t\t\t<img loading=\"lazy\" decoding=\"async\" width=\"300\" height=\"300\" src=\"https:\/\/casaporciatti.it\/shop\/wp-content\/uploads\/2026\/05\/LE-PERGOLE-TORTE-2023-300x300.png\" class=\"attachment-woocommerce_thumbnail size-woocommerce_thumbnail\" alt=\"montevertine le pergole torte 2023\" srcset=\"https:\/\/casaporciatti.it\/shop\/wp-content\/uploads\/2026\/05\/LE-PERGOLE-TORTE-2023-300x300.png 300w, https:\/\/casaporciatti.it\/shop\/wp-content\/uploads\/2026\/05\/LE-PERGOLE-TORTE-2023-150x150.png 150w, https:\/\/casaporciatti.it\/shop\/wp-content\/uploads\/2026\/05\/LE-PERGOLE-TORTE-2023-100x100.png 100w, https:\/\/casaporciatti.it\/shop\/wp-content\/uploads\/2026\/05\/LE-PERGOLE-TORTE-2023.png 600w\" sizes=\"(max-width: 300px) 100vw, 300px\" title=\"\">\n\t\t<\/a>\n\t\t\t\t<div class=\"wishlistbella\">\n\t\t\t\t\t<\/div>\n\t<\/div>\n\t<div class=\"card-title titolo-elementor\">\n\t\t<a href=\"https:\/\/casaporciatti.it\/shop\/prodotto\/montevertine-le-pergole-torte-2023\/\" title=\"MONTEVERTINE LE PERGOLE TORTE  2023\">\n\t\t\t<h3 class=\"text-center px-3\" style=\"font-size: 16px;color: var( --e-global-color-text );\">MONTEVERTINE LE PERGOLE TORTE  2023<\/h3>\n\t\t<\/a>\n\t<\/div>\n\n\t<div class=\"card-description homeel\">\n\t\t<div class=\"prezzo\">\n\t\t\t\n\t<span class=\"price\"><span class=\"woocommerce-Price-amount amount\"><bdi>290,00&nbsp;<span class=\"woocommerce-Price-currencySymbol\" translate=\"no\">&euro;<\/span><\/bdi><\/span><\/span>\n\t\t<\/div>\n\t<\/div>\n\t<div class=\"pulsantele py-3 justify-content-center\">\n\t\t\t\t\n\t\t\t<form class=\"cart\" action=\"https:\/\/casaporciatti.it\/shop\/prodotto\/montevertine-le-pergole-torte-2023\/\" method=\"post\" enctype='multipart\/form-data'>\n\t\t\n\t\t\n\t\t\t<\/a><a title=\"Aggiungi al carrello MONTEVERTINE LE PERGOLE TORTE  2023\" href=\"\/shop\/wp-json\/wp\/v2\/pages\/7?add-to-cart=13410\" data-quantity=\"1\" class=\"btn d-grid gap-2 text-center button product_type_simple add_to_cart_button ajax_add_to_cart\" data-product_id=\"13410\" data-product_sku=\"349f2dfc3431-1-1-1-1\" aria-label=\"Aggiungi al carrello: &quot;MONTEVERTINE LE PERGOLE TORTE  2023&quot;\" rel=\"nofollow\" data-success_message=\"&quot;MONTEVERTINE LE PERGOLE TORTE  2023&quot; \u00e8 stato aggiunto al tuo carrello\" role=\"button\">Aggiungi al carrello<\/a>\n\t\t\t\t\t<\/form>\n\t<\/div>\n<\/div>\t\t\t\t\t\t\t\t<\/article>\t  \n\t\t\t\t\t\t\t\t\t\t\t\t\t\t  \t<article class=\"item \">\n\t\t\t\t\t\t\t  \t\t<div class=\"card\">\n\t\t\n\t\n\t<div class=\"card-text brand ele d-flex justify-content-center\">\n\t\t<a href=\"https:\/\/casaporciatti.it\/shop\/prodotto\/casa-porciatti-chianti-classico-2023\/\" title=\"CASA PORCIATTI CHIANTI CLASSICO 2023\">\n\t\t\t\n\t\t\t<img loading=\"lazy\" decoding=\"async\" width=\"300\" height=\"300\" src=\"https:\/\/casaporciatti.it\/shop\/wp-content\/uploads\/2026\/01\/casa-porciatti-chianti-classico-300x300.png\" class=\"attachment-woocommerce_thumbnail size-woocommerce_thumbnail\" alt=\"casa porciatti chianti classico\" srcset=\"https:\/\/casaporciatti.it\/shop\/wp-content\/uploads\/2026\/01\/casa-porciatti-chianti-classico-300x300.png 300w, https:\/\/casaporciatti.it\/shop\/wp-content\/uploads\/2026\/01\/casa-porciatti-chianti-classico-150x150.png 150w, https:\/\/casaporciatti.it\/shop\/wp-content\/uploads\/2026\/01\/casa-porciatti-chianti-classico-100x100.png 100w, https:\/\/casaporciatti.it\/shop\/wp-content\/uploads\/2026\/01\/casa-porciatti-chianti-classico.png 600w\" sizes=\"(max-width: 300px) 100vw, 300px\" title=\"\">\n\t\t<\/a>\n\t\t\t\t\t<div class=\"brand-elementor py-3\">\n\t\t\t\t\t\t\t\t\t    <a title=\"Consigliato da Riccardo\" href=\"#\">\t\n\t\t\t\t\t    \t<img decoding=\"async\" style=\"height: 40px;width: auto;\" src=\"https:\/\/casaporciatti.it\/shop\/wp-content\/uploads\/2023\/01\/Consigliato-da-Riccardo.svg\" alt=\"Consigliato da Riccardo\" title=\"\">\n\t\t\t\t\t\t<\/a>\n\t\t\t\t\t\t\t\t<\/div>\n\t\t\t\t<div class=\"wishlistbella\">\n\t\t\t\t\t<\/div>\n\t<\/div>\n\t<div class=\"card-title titolo-elementor\">\n\t\t<a href=\"https:\/\/casaporciatti.it\/shop\/prodotto\/casa-porciatti-chianti-classico-2023\/\" title=\"CASA PORCIATTI CHIANTI CLASSICO 2023\">\n\t\t\t<h3 class=\"text-center px-3\" style=\"font-size: 16px;color: var( --e-global-color-text );\">CASA PORCIATTI CHIANTI CLASSICO 2023<\/h3>\n\t\t<\/a>\n\t<\/div>\n\n\t<div class=\"card-description homeel\">\n\t\t<div class=\"prezzo\">\n\t\t\t\n\t<span class=\"price\"><span class=\"woocommerce-Price-amount amount\"><bdi>22,00&nbsp;<span class=\"woocommerce-Price-currencySymbol\" translate=\"no\">&euro;<\/span><\/bdi><\/span><\/span>\n\t\t<\/div>\n\t<\/div>\n\t<div class=\"pulsantele py-3 justify-content-center\">\n\t\t\t\t\n\t\t\t<form class=\"cart\" action=\"https:\/\/casaporciatti.it\/shop\/prodotto\/casa-porciatti-chianti-classico-2023\/\" method=\"post\" enctype='multipart\/form-data'>\n\t\t\n\t\t\n\t\t\t<\/a><a title=\"Aggiungi al carrello CASA PORCIATTI CHIANTI CLASSICO 2023\" href=\"\/shop\/wp-json\/wp\/v2\/pages\/7?add-to-cart=13224\" data-quantity=\"1\" class=\"btn d-grid gap-2 text-center button product_type_simple add_to_cart_button ajax_add_to_cart\" data-product_id=\"13224\" data-product_sku=\"95bd62256edd-1\" aria-label=\"Aggiungi al carrello: &quot;CASA PORCIATTI CHIANTI CLASSICO 2023&quot;\" rel=\"nofollow\" data-success_message=\"&quot;CASA PORCIATTI CHIANTI CLASSICO 2023&quot; \u00e8 stato aggiunto al tuo carrello\" role=\"button\">Aggiungi al carrello<\/a>\n\t\t\t\t\t<\/form>\n\t<\/div>\n<\/div>\t\t\t\t\t\t\t\t<\/article>\t  \n\t\t\t\t\t\t\t\t\t\t\t\t\t\t  \t<article class=\"item \">\n\t\t\t\t\t\t\t  \t\t<div class=\"card\">\n\t\t\n\t\n\t<div class=\"card-text brand ele d-flex justify-content-center\">\n\t\t<a href=\"https:\/\/casaporciatti.it\/shop\/prodotto\/montevertine-il-duemilaventuno-di-sergio-manetti-2021-magnum-15-l-cassa-legno\/\" title=\"MONTEVERTINE Il Duemilaventuno di Sergio Manetti 2021 &#8211; Magnum 1,5 L Cassa legno\">\n\t\t\t\n\t\t\t<img loading=\"lazy\" decoding=\"async\" width=\"300\" height=\"300\" src=\"https:\/\/casaporciatti.it\/shop\/wp-content\/uploads\/2025\/08\/il-duemilaventuno-di-sergio-manetti-montevertine-300x300.jpg\" class=\"attachment-woocommerce_thumbnail size-woocommerce_thumbnail\" alt=\"duemilaventuno sergio manetti\" srcset=\"https:\/\/casaporciatti.it\/shop\/wp-content\/uploads\/2025\/08\/il-duemilaventuno-di-sergio-manetti-montevertine-300x300.jpg 300w, https:\/\/casaporciatti.it\/shop\/wp-content\/uploads\/2025\/08\/il-duemilaventuno-di-sergio-manetti-montevertine-150x150.jpg 150w, https:\/\/casaporciatti.it\/shop\/wp-content\/uploads\/2025\/08\/il-duemilaventuno-di-sergio-manetti-montevertine-100x100.jpg 100w, https:\/\/casaporciatti.it\/shop\/wp-content\/uploads\/2025\/08\/il-duemilaventuno-di-sergio-manetti-montevertine.jpg 600w\" sizes=\"(max-width: 300px) 100vw, 300px\" title=\"\">\n\t\t<\/a>\n\t\t\t\t<div class=\"wishlistbella\">\n\t\t\t\t\t<\/div>\n\t<\/div>\n\t<div class=\"card-title titolo-elementor\">\n\t\t<a href=\"https:\/\/casaporciatti.it\/shop\/prodotto\/montevertine-il-duemilaventuno-di-sergio-manetti-2021-magnum-15-l-cassa-legno\/\" title=\"MONTEVERTINE Il Duemilaventuno di Sergio Manetti 2021 &#8211; Magnum 1,5 L Cassa legno\">\n\t\t\t<h3 class=\"text-center px-3\" style=\"font-size: 16px;color: var( --e-global-color-text );\">MONTEVERTINE Il Duemilaventuno di Sergio Manetti 2021 &#8211; Magnum 1,5 L Cassa legno<\/h3>\n\t\t<\/a>\n\t<\/div>\n\n\t<div class=\"card-description homeel\">\n\t\t<div class=\"prezzo\">\n\t\t\t\n\t<span class=\"price\"><span class=\"woocommerce-Price-amount amount\"><bdi>1.850,00&nbsp;<span class=\"woocommerce-Price-currencySymbol\" translate=\"no\">&euro;<\/span><\/bdi><\/span><\/span>\n\t\t<\/div>\n\t<\/div>\n\t<div class=\"pulsantele py-3 justify-content-center\">\n\t\t\t\t\n\t\t\t<form class=\"cart\" action=\"https:\/\/casaporciatti.it\/shop\/prodotto\/montevertine-il-duemilaventuno-di-sergio-manetti-2021-magnum-15-l-cassa-legno\/\" method=\"post\" enctype='multipart\/form-data'>\n\t\t\n\t\t\n\t\t\t<\/a><a title=\"Aggiungi al carrello MONTEVERTINE Il Duemilaventuno di Sergio Manetti 2021 &#8211; Magnum 1,5 L Cassa legno\" href=\"\/shop\/wp-json\/wp\/v2\/pages\/7?add-to-cart=13018\" data-quantity=\"1\" class=\"btn d-grid gap-2 text-center button product_type_simple add_to_cart_button ajax_add_to_cart\" data-product_id=\"13018\" data-product_sku=\"acca2062a982-1\" aria-label=\"Aggiungi al carrello: &quot;MONTEVERTINE Il Duemilaventuno di Sergio Manetti 2021 - Magnum 1,5 L Cassa legno&quot;\" rel=\"nofollow\" data-success_message=\"&quot;MONTEVERTINE Il Duemilaventuno di Sergio Manetti 2021 - Magnum 1,5 L Cassa legno&quot; \u00e8 stato aggiunto al tuo carrello\" role=\"button\">Aggiungi al carrello<\/a>\n\t\t\t\t\t<\/form>\n\t<\/div>\n<\/div>\t\t\t\t\t\t\t\t<\/article>\t  \n\t\t\t\t\t\t\t\t\t\t\t\t\t\t  \t<article class=\"item \">\n\t\t\t\t\t\t\t  \t\t<div class=\"card\">\n\t\t\n\t\n\t<div class=\"card-text brand ele d-flex justify-content-center\">\n\t\t<a href=\"https:\/\/casaporciatti.it\/shop\/prodotto\/montevertine-le-pergole-torte-2022\/\" title=\"MONTEVERTINE LE PERGOLE TORTE  2022\">\n\t\t\t\n\t\t\t<img loading=\"lazy\" decoding=\"async\" width=\"300\" height=\"300\" src=\"https:\/\/casaporciatti.it\/shop\/wp-content\/uploads\/2025\/04\/le-pergole-torte-2022-300x300.jpg\" class=\"attachment-woocommerce_thumbnail size-woocommerce_thumbnail\" alt=\"le pergole torte\" srcset=\"https:\/\/casaporciatti.it\/shop\/wp-content\/uploads\/2025\/04\/le-pergole-torte-2022-300x300.jpg 300w, https:\/\/casaporciatti.it\/shop\/wp-content\/uploads\/2025\/04\/le-pergole-torte-2022-150x150.jpg 150w, https:\/\/casaporciatti.it\/shop\/wp-content\/uploads\/2025\/04\/le-pergole-torte-2022-100x100.jpg 100w, https:\/\/casaporciatti.it\/shop\/wp-content\/uploads\/2025\/04\/le-pergole-torte-2022.jpg 600w\" sizes=\"(max-width: 300px) 100vw, 300px\" title=\"\">\n\t\t<\/a>\n\t\t\t\t<div class=\"wishlistbella\">\n\t\t\t\t\t<\/div>\n\t<\/div>\n\t<div class=\"card-title titolo-elementor\">\n\t\t<a href=\"https:\/\/casaporciatti.it\/shop\/prodotto\/montevertine-le-pergole-torte-2022\/\" title=\"MONTEVERTINE LE PERGOLE TORTE  2022\">\n\t\t\t<h3 class=\"text-center px-3\" style=\"font-size: 16px;color: var( --e-global-color-text );\">MONTEVERTINE LE PERGOLE TORTE  2022<\/h3>\n\t\t<\/a>\n\t<\/div>\n\n\t<div class=\"card-description homeel\">\n\t\t<div class=\"prezzo\">\n\t\t\t\n\t<span class=\"price\"><span class=\"woocommerce-Price-amount amount\"><bdi>290,00&nbsp;<span class=\"woocommerce-Price-currencySymbol\" translate=\"no\">&euro;<\/span><\/bdi><\/span><\/span>\n\t\t<\/div>\n\t<\/div>\n\t<div class=\"pulsantele py-3 justify-content-center\">\n\t\t\t\t\n\t\t\t<form class=\"cart\" action=\"https:\/\/casaporciatti.it\/shop\/prodotto\/montevertine-le-pergole-torte-2022\/\" method=\"post\" enctype='multipart\/form-data'>\n\t\t\n\t\t\n\t\t\t<\/a><a title=\"Aggiungi al carrello MONTEVERTINE LE PERGOLE TORTE  2022\" href=\"\/shop\/wp-json\/wp\/v2\/pages\/7?add-to-cart=12826\" data-quantity=\"1\" class=\"btn d-grid gap-2 text-center button product_type_simple add_to_cart_button ajax_add_to_cart\" data-product_id=\"12826\" data-product_sku=\"349f2dfc3431-1-1-1\" aria-label=\"Aggiungi al carrello: &quot;MONTEVERTINE LE PERGOLE TORTE  2022&quot;\" rel=\"nofollow\" data-success_message=\"&quot;MONTEVERTINE LE PERGOLE TORTE  2022&quot; \u00e8 stato aggiunto al tuo carrello\" role=\"button\">Aggiungi al carrello<\/a>\n\t\t\t\t\t<\/form>\n\t<\/div>\n<\/div>\t\t\t\t\t\t\t\t<\/article>\t  \n\t\t\t\t\t\t\t\t\t\t\t\t\t\t  \t<article class=\"item \">\n\t\t\t\t\t\t\t  \t\t<div class=\"card\">\n\t\t\n\t\n\t<div class=\"card-text brand ele d-flex justify-content-center\">\n\t\t<a href=\"https:\/\/casaporciatti.it\/shop\/prodotto\/vignaioli-di-radda-53017-2020\/\" title=\"VIGNAIOLI DI RADDA &#8220;53017&#8221; 2020\">\n\t\t\t\n\t\t\t<img loading=\"lazy\" decoding=\"async\" width=\"300\" height=\"300\" src=\"https:\/\/casaporciatti.it\/shop\/wp-content\/uploads\/2024\/05\/53017-il-vino-dei-vignaioli-300x300.jpg\" class=\"attachment-woocommerce_thumbnail size-woocommerce_thumbnail\" alt=\"vignaioli di radda\" srcset=\"https:\/\/casaporciatti.it\/shop\/wp-content\/uploads\/2024\/05\/53017-il-vino-dei-vignaioli-300x300.jpg 300w, https:\/\/casaporciatti.it\/shop\/wp-content\/uploads\/2024\/05\/53017-il-vino-dei-vignaioli-150x150.jpg 150w, https:\/\/casaporciatti.it\/shop\/wp-content\/uploads\/2024\/05\/53017-il-vino-dei-vignaioli-100x100.jpg 100w, https:\/\/casaporciatti.it\/shop\/wp-content\/uploads\/2024\/05\/53017-il-vino-dei-vignaioli.jpg 600w\" sizes=\"(max-width: 300px) 100vw, 300px\" title=\"\">\n\t\t<\/a>\n\t\t\t\t<div class=\"wishlistbella\">\n\t\t\t\t\t<\/div>\n\t<\/div>\n\t<div class=\"card-title titolo-elementor\">\n\t\t<a href=\"https:\/\/casaporciatti.it\/shop\/prodotto\/vignaioli-di-radda-53017-2020\/\" title=\"VIGNAIOLI DI RADDA &#8220;53017&#8221; 2020\">\n\t\t\t<h3 class=\"text-center px-3\" style=\"font-size: 16px;color: var( --e-global-color-text );\">VIGNAIOLI DI RADDA &#8220;53017&#8221; 2020<\/h3>\n\t\t<\/a>\n\t<\/div>\n\n\t<div class=\"card-description homeel\">\n\t\t<div class=\"prezzo\">\n\t\t\t\n\t<span class=\"price\"><span class=\"woocommerce-Price-amount amount\"><bdi>169,00&nbsp;<span class=\"woocommerce-Price-currencySymbol\" translate=\"no\">&euro;<\/span><\/bdi><\/span><\/span>\n\t\t<\/div>\n\t<\/div>\n\t<div class=\"pulsantele py-3 justify-content-center\">\n\t\t\t\t\n\t\t\t<form class=\"cart\" action=\"https:\/\/casaporciatti.it\/shop\/prodotto\/vignaioli-di-radda-53017-2020\/\" method=\"post\" enctype='multipart\/form-data'>\n\t\t\n\t\t\n\t\t\t<\/a><a title=\"Aggiungi al carrello VIGNAIOLI DI RADDA &#8220;53017&#8221; 2020\" href=\"\/shop\/wp-json\/wp\/v2\/pages\/7?add-to-cart=12790\" data-quantity=\"1\" class=\"btn d-grid gap-2 text-center button product_type_simple add_to_cart_button ajax_add_to_cart\" data-product_id=\"12790\" data-product_sku=\"349f2dfc3431-1-2-1-1-2\" aria-label=\"Aggiungi al carrello: &quot;VIGNAIOLI DI RADDA &quot;53017&quot; 2020&quot;\" rel=\"nofollow\" data-success_message=\"&quot;VIGNAIOLI DI RADDA &quot;53017&quot; 2020&quot; \u00e8 stato aggiunto al tuo carrello\" role=\"button\">Aggiungi al carrello<\/a>\n\t\t\t\t\t<\/form>\n\t<\/div>\n<\/div>\t\t\t\t\t\t\t\t<\/article>\t  \n\t\t\t\t\t\t\t\t\t\t\t\t<\/div>\n\t\t\t\t<\/div>\n\t\t\t\t\t\t\t\t\t<div class=\"row mb-5 py-3\">\n\n\t\t\t\t\t\t<div class=\"allineamento_pulsante\">\n\t\t\t\t\t\t\t<a  style=\"color:white;font-weight:700;background-color: var(--e-global-color-primary);border-radius: 13px;padding: 10px 50px;\" class=\"btn text-center\" title=\"Scopri di pi\u00f9\" href=\"https:\/\/casaporciatti.it\/shop\/categorie-speciali\/vini-di-radda\/\">\n\t\t\t\t\t\t\t\tScopri di pi\u00f9\t\t\n\t\t\t\t\t\t\t<\/a>\n\t\t\t\t\t\t<\/div>\n\t\t\t\t\t\n\t\t\t\t\t<\/div>\n\t\t\t\t\t\t\t<\/div>\n\t\t<\/section>\n\t\t\t\t\t\t<\/div>\n\t\t\t\t<\/div>\n\t\t\t\t\t<\/div>\n\t\t<\/div>\n\t\t\t\t\t<\/div>\n\t\t<\/section>\n\t\t\t\t<section class=\"elementor-section elementor-top-section elementor-element elementor-element-13944d5 elementor-section-full_width elementor-section-height-default elementor-section-height-default\" data-id=\"13944d5\" data-element_type=\"section\" data-e-type=\"section\">\n\t\t\t\t\t\t<div class=\"elementor-container elementor-column-gap-default\">\n\t\t\t\t\t<div class=\"elementor-column elementor-col-100 elementor-top-column elementor-element elementor-element-7175830\" data-id=\"7175830\" data-element_type=\"column\" data-e-type=\"column\">\n\t\t\t<div class=\"elementor-widget-wrap elementor-element-populated\">\n\t\t\t\t\t\t<div class=\"elementor-element elementor-element-8b1f954 elementor-widget elementor-widget-post_prodotti\" data-id=\"8b1f954\" data-element_type=\"widget\" data-e-type=\"widget\" data-widget_type=\"post_prodotti.default\">\n\t\t\t\t<div class=\"elementor-widget-container\">\n\t\t\t\t\t\t\t\t<script type=\"text\/javascript\">\n\t\t\t\tjQuery( function($) {\n\t\t\t\t  \t$(document).ready(function() {\n\t\t\t\t\t    $(\".carosello-prodottiregalo\").owlCarousel({\n\t\t\t\t\t        loop:true,\n\t\t\t\t\t        autoplay:true,\n\t\t\t\t\t        responsiveClass: true,\n\t\t\t\t\t\t\tresponsive : {\n\t\t\t\t\t\t\t    \/\/ breakpoint from 0 up\n\t\t\t\t\t\t\t    0 : {\n\t\t\t\t\t\t\t        items : 1,\n\t\t\t\t\t\t\t    },\n\t\t\t\t\t\t\t    \/\/ breakpoint from 480 up\n\t\t\t\t\t\t\t    480 : {\n\t\t\t\t\t\t\t        items : 2,\n\t\t\t\t\t\t\t    },\n\t\t\t\t\t\t\t    \/\/ breakpoint from 768 up\n\t\t\t\t\t\t\t    768 : {\n\t\t\t\t\t\t\t        items : 3,\n\t\t\t\t\t\t\t    }\n\t\t\t\t\t\t\t},\n\t\t\t\t\t        items:3,\n\t\t\t\t\t        margin:30,\n\t\t\t\t\t        autoWidth:false,\n\t\t\t\t\t        autoplayHoverPause: true,\n\t\t\t\t\t        rewind:true,\n\t\t\t\t\t        lazyLoad:true,\n\t\t\t\t\t        nav:true,\n\t\t\t\t\t        navText: ['<i class=\"fa-solid fa-chevron-left\"><\/i>', '<i class=\"fa-solid fa-chevron-right\"><\/i>'],\n\t\t\t\t\t    });\n\t\t\t\t  \t});\n\t\t\t\t});\n\t\t\t<\/script>\n\t\t\t\t\t<style type=\"text\/css\">\n\t\t\t\t.woocommerce ul.products li.product, .woocommerce-page ul.products li.product {\n\t\t\t\t  width: 90.05%;\n\t\t\t\t}\n\t\t\t\t.owl-prev {\n\t\t\t\t    position: absolute;\n\t\t\t\t    top: 40%;\n\t\t\t\t    margin-left: -20px!important;\n\t\t\t\t    display: block !important;\n\t\t\t\t    background-color: transparent !important;\n\t\t\t\t}\n\n\t\t\t\t.owl-next {\n\t\t\t\t    position: absolute;\n\t\t\t\t    top: 40%;\n\t\t\t\t    right: -25px;\n\t\t\t\t    display: block !important;\n\t\t\t\t    background-color: transparent !important;\n\t\t\t\t}\n\t\t\t\t.owl-prev i, .owl-next i {\n\t\t\t\t\tfont-size: 20px;\n\t\t\t\t\tpadding: 10px 14px;\n\t\t\t\t\tcolor: white;\n\t\t\t\t\tbackground-color: var(--e-global-color-accent);\n\t\t\t\t\tborder-radius: 50%;\n\t\t\t\t}\n\t\t\t\t.owl-carousel .owl-item img {\n\t\t\t\t  width: auto;\n\t\t\t\t}\n\t\t<\/style>\n\t\t<section style=\"position:relative;\" class=\"\">\n\t\t\t\t\t\t\t\t<div class=\"position-relative py-5 d-flex flex-column align-items-center\" style=\"background-image: url(https:\/\/casaporciatti.it\/shop\/wp-content\/uploads\/2023\/02\/86A3693-1.jpg);background-position: 50%50%;background-repeat: no-repeat;background-size: cover;\">\n\t\t\t\t\t\t\t\t\t<div class=\"overlaybello\"><\/div>\n\t\t\t\t\t<div class=\"sec-title py-5\">\n\t\t\t\t\t\t<h2 class=\"text-center\">Idee regalo<\/h2>\n\t\t\t\t\t\t<p class=\"text-center\">Le nostre borse regalo piene di tante cose buone<\/p>\n\t\t\t\t\t<\/div>\n\t\t\t\t<\/div>\n\t\t\t\t\t\t<div class=\"container\">\n\t\t\t\t<div class=\"row d-flex align-items-center\">\n\t\t\t\t\t\t\t\t\t\t<div class=\"carosello-prodottiregalo owl-carousel owl-theme\">\n\t\t\t\t\t\t\t\t\t\t\t\t\t  \t<article class=\"item \">\n\t\t\t\t\t\t\t  \t\t<div class=\"card\">\n\t\t\n\t\n\t<div class=\"card-text brand ele d-flex justify-content-center\">\n\t\t<a href=\"https:\/\/casaporciatti.it\/shop\/prodotto\/burzi-barolo-2019\/\" title=\"BURZI Barolo 2019\">\n\t\t\t\n\t\t\t<img loading=\"lazy\" decoding=\"async\" width=\"300\" height=\"300\" src=\"https:\/\/casaporciatti.it\/shop\/wp-content\/uploads\/2023\/11\/burzi-barolo-300x300.jpg\" class=\"attachment-woocommerce_thumbnail size-woocommerce_thumbnail\" alt=\"burzi barolo\" srcset=\"https:\/\/casaporciatti.it\/shop\/wp-content\/uploads\/2023\/11\/burzi-barolo-300x300.jpg 300w, https:\/\/casaporciatti.it\/shop\/wp-content\/uploads\/2023\/11\/burzi-barolo-150x150.jpg 150w, https:\/\/casaporciatti.it\/shop\/wp-content\/uploads\/2023\/11\/burzi-barolo-100x100.jpg 100w, https:\/\/casaporciatti.it\/shop\/wp-content\/uploads\/2023\/11\/burzi-barolo.jpg 600w\" sizes=\"(max-width: 300px) 100vw, 300px\" title=\"\">\n\t\t<\/a>\n\t\t\t\t\t<div class=\"brand-elementor py-3\">\n\t\t\t\t\t\t\t\t\t    <a title=\"Produttori artigianali\" href=\"#\">\t\n\t\t\t\t\t    \t<img decoding=\"async\" style=\"height: 40px;width: auto;\" src=\"https:\/\/casaporciatti.it\/shop\/wp-content\/uploads\/2023\/01\/Produttori-artigianali.svg\" alt=\"Produttori artigianali\" title=\"\">\n\t\t\t\t\t\t<\/a>\n\t\t\t\t\t\t\t\t<\/div>\n\t\t\t\t<div class=\"wishlistbella\">\n\t\t\t\t\t<\/div>\n\t<\/div>\n\t<div class=\"card-title titolo-elementor\">\n\t\t<a href=\"https:\/\/casaporciatti.it\/shop\/prodotto\/burzi-barolo-2019\/\" title=\"BURZI Barolo 2019\">\n\t\t\t<h3 class=\"text-center px-3\" style=\"font-size: 16px;color: var( --e-global-color-text );\">BURZI Barolo 2019<\/h3>\n\t\t<\/a>\n\t<\/div>\n\n\t<div class=\"card-description homeel\">\n\t\t<div class=\"prezzo\">\n\t\t\t\n\t<span class=\"price\"><span class=\"woocommerce-Price-amount amount\"><bdi>38,00&nbsp;<span class=\"woocommerce-Price-currencySymbol\" translate=\"no\">&euro;<\/span><\/bdi><\/span><\/span>\n\t\t<\/div>\n\t<\/div>\n\t<div class=\"pulsantele py-3 justify-content-center\">\n\t\t\t\t\n\t\t\t<form class=\"cart\" action=\"https:\/\/casaporciatti.it\/shop\/prodotto\/burzi-barolo-2019\/\" method=\"post\" enctype='multipart\/form-data'>\n\t\t\n\t\t\n\t\t\t<\/a><a class=\"button allinea\" style=\"\" href=\"https:\/\/wa.me\/393312783094?text=Salve%2C%20vorrei%20sapere%20quando%20torna%20disponibile%20il%20prodotto%20BURZI%20Barolo%202019%20che%20si%20trova%20qui%3A%20%22%20https%3A%2F%2Fcasaporciatti.it%2Fshop%2Fprodotto%2Fburzi-barolo-2019%2F%20%22\" title=\"BURZI Barolo 2019\">Contattaci  <img decoding=\"async\" width=\"200\" height=\"200\" src=\"https:\/\/casaporciatti.it\/shop\/wp-content\/uploads\/2023\/02\/whatsapp.svg\" class=\"icona-wa\" alt=\"\" title=\"\"><\/a>\n\t\t\t\t\t<\/form>\n\t<\/div>\n<\/div>\t\t\t\t\t\t\t\t<\/article>\t  \n\t\t\t\t\t\t\t\t\t\t\t\t\t\t  \t<article class=\"item \">\n\t\t\t\t\t\t\t  \t\t<div class=\"card\">\n\t\t\n\t\n\t<div class=\"card-text brand ele d-flex justify-content-center\">\n\t\t<a href=\"https:\/\/casaporciatti.it\/shop\/prodotto\/pasticceria-bonci-il-panbriacone-850g\/\" title=\"PASTICCERIA BONCI Il PANBRIACONE 850g\">\n\t\t\t\n\t\t\t<img loading=\"lazy\" decoding=\"async\" width=\"300\" height=\"300\" src=\"https:\/\/casaporciatti.it\/shop\/wp-content\/uploads\/2023\/02\/panbracone-pasticceria-bonci-1-300x300.jpg\" class=\"attachment-woocommerce_thumbnail size-woocommerce_thumbnail\" alt=\"PASTICCERIA BONCI Il PANBRIACONE 850g\" srcset=\"https:\/\/casaporciatti.it\/shop\/wp-content\/uploads\/2023\/02\/panbracone-pasticceria-bonci-1-300x300.jpg 300w, https:\/\/casaporciatti.it\/shop\/wp-content\/uploads\/2023\/02\/panbracone-pasticceria-bonci-1-150x150.jpg 150w, https:\/\/casaporciatti.it\/shop\/wp-content\/uploads\/2023\/02\/panbracone-pasticceria-bonci-1-100x100.jpg 100w, https:\/\/casaporciatti.it\/shop\/wp-content\/uploads\/2023\/02\/panbracone-pasticceria-bonci-1.jpg 600w\" sizes=\"(max-width: 300px) 100vw, 300px\" title=\"\">\n\t\t<\/a>\n\t\t\t\t<div class=\"wishlistbella\">\n\t\t\t\t\t<\/div>\n\t<\/div>\n\t<div class=\"card-title titolo-elementor\">\n\t\t<a href=\"https:\/\/casaporciatti.it\/shop\/prodotto\/pasticceria-bonci-il-panbriacone-850g\/\" title=\"PASTICCERIA BONCI Il PANBRIACONE 850g\">\n\t\t\t<h3 class=\"text-center px-3\" style=\"font-size: 16px;color: var( --e-global-color-text );\">PASTICCERIA BONCI Il PANBRIACONE 850g<\/h3>\n\t\t<\/a>\n\t<\/div>\n\n\t<div class=\"card-description homeel\">\n\t\t<div class=\"prezzo\">\n\t\t\t\n\t<span class=\"price\"><span class=\"woocommerce-Price-amount amount\"><bdi>29,90&nbsp;<span class=\"woocommerce-Price-currencySymbol\" translate=\"no\">&euro;<\/span><\/bdi><\/span><\/span>\n\t\t<\/div>\n\t<\/div>\n\t<div class=\"pulsantele py-3 justify-content-center\">\n\t\t\t\t\n\t\t\t<form class=\"cart\" action=\"https:\/\/casaporciatti.it\/shop\/prodotto\/pasticceria-bonci-il-panbriacone-850g\/\" method=\"post\" enctype='multipart\/form-data'>\n\t\t\n\t\t\n\t\t\t<\/a><a title=\"Aggiungi al carrello PASTICCERIA BONCI Il PANBRIACONE 850g\" href=\"\/shop\/wp-json\/wp\/v2\/pages\/7?add-to-cart=13067\" data-quantity=\"1\" class=\"btn d-grid gap-2 text-center button product_type_simple add_to_cart_button ajax_add_to_cart\" data-product_id=\"13067\" data-product_sku=\"87a17ffb27e7\" aria-label=\"Aggiungi al carrello: &quot;PASTICCERIA BONCI Il PANBRIACONE 850g&quot;\" rel=\"nofollow\" data-success_message=\"&quot;PASTICCERIA BONCI Il PANBRIACONE 850g&quot; \u00e8 stato aggiunto al tuo carrello\" role=\"button\">Aggiungi al carrello<\/a>\n\t\t\t\t\t<\/form>\n\t<\/div>\n<\/div>\t\t\t\t\t\t\t\t<\/article>\t  \n\t\t\t\t\t\t\t\t\t\t\t\t\t\t  \t<article class=\"item \">\n\t\t\t\t\t\t\t  \t\t<div class=\"card\">\n\t\t\n\t\n\t<div class=\"card-text brand ele d-flex justify-content-center\">\n\t\t<a href=\"https:\/\/casaporciatti.it\/shop\/prodotto\/drappier-carte-dor-champagne-brut-jeroboam-lt-3\/\" title=\"DRAPPIER CARTE D&#8217;OR Champagne Brut JEROBOAM Lt 3\">\n\t\t\t\n\t\t\t<img loading=\"lazy\" decoding=\"async\" width=\"300\" height=\"300\" src=\"https:\/\/casaporciatti.it\/shop\/wp-content\/uploads\/2023\/02\/champagne-drappier-carte-dor-1-300x300.jpg\" class=\"attachment-woocommerce_thumbnail size-woocommerce_thumbnail\" alt=\"DRAPPIER CARTE D&#039;OR Champagne Brut JEROBOAM Lt 3\" srcset=\"https:\/\/casaporciatti.it\/shop\/wp-content\/uploads\/2023\/02\/champagne-drappier-carte-dor-1-300x300.jpg 300w, https:\/\/casaporciatti.it\/shop\/wp-content\/uploads\/2023\/02\/champagne-drappier-carte-dor-1-150x150.jpg 150w, https:\/\/casaporciatti.it\/shop\/wp-content\/uploads\/2023\/02\/champagne-drappier-carte-dor-1-100x100.jpg 100w, https:\/\/casaporciatti.it\/shop\/wp-content\/uploads\/2023\/02\/champagne-drappier-carte-dor-1.jpg 600w\" sizes=\"(max-width: 300px) 100vw, 300px\" title=\"\">\n\t\t<\/a>\n\t\t\t\t<div class=\"wishlistbella\">\n\t\t\t\t\t<\/div>\n\t<\/div>\n\t<div class=\"card-title titolo-elementor\">\n\t\t<a href=\"https:\/\/casaporciatti.it\/shop\/prodotto\/drappier-carte-dor-champagne-brut-jeroboam-lt-3\/\" title=\"DRAPPIER CARTE D&#8217;OR Champagne Brut JEROBOAM Lt 3\">\n\t\t\t<h3 class=\"text-center px-3\" style=\"font-size: 16px;color: var( --e-global-color-text );\">DRAPPIER CARTE D&#8217;OR Champagne Brut JEROBOAM Lt 3<\/h3>\n\t\t<\/a>\n\t<\/div>\n\n\t<div class=\"card-description homeel\">\n\t\t<div class=\"prezzo\">\n\t\t\t\n\t<span class=\"price\"><span class=\"woocommerce-Price-amount amount\"><bdi>330,00&nbsp;<span class=\"woocommerce-Price-currencySymbol\" translate=\"no\">&euro;<\/span><\/bdi><\/span><\/span>\n\t\t<\/div>\n\t<\/div>\n\t<div class=\"pulsantele py-3 justify-content-center\">\n\t\t\t\t\n\t\t\t<form class=\"cart\" action=\"https:\/\/casaporciatti.it\/shop\/prodotto\/drappier-carte-dor-champagne-brut-jeroboam-lt-3\/\" method=\"post\" enctype='multipart\/form-data'>\n\t\t\n\t\t\n\t\t\t<\/a><a title=\"Aggiungi al carrello DRAPPIER CARTE D&#8217;OR Champagne Brut JEROBOAM Lt 3\" href=\"\/shop\/wp-json\/wp\/v2\/pages\/7?add-to-cart=7399\" data-quantity=\"1\" class=\"btn d-grid gap-2 text-center button product_type_simple add_to_cart_button ajax_add_to_cart\" data-product_id=\"7399\" data-product_sku=\"e37fa7c02db1\" aria-label=\"Aggiungi al carrello: &quot;DRAPPIER CARTE D&#039;OR Champagne Brut JEROBOAM Lt 3&quot;\" rel=\"nofollow\" data-success_message=\"&quot;DRAPPIER CARTE D&#039;OR Champagne Brut JEROBOAM Lt 3&quot; \u00e8 stato aggiunto al tuo carrello\" role=\"button\">Aggiungi al carrello<\/a>\n\t\t\t\t\t<\/form>\n\t<\/div>\n<\/div>\t\t\t\t\t\t\t\t<\/article>\t  \n\t\t\t\t\t\t\t\t\t\t\t\t\t\t  \t<article class=\"item \">\n\t\t\t\t\t\t\t  \t\t<div class=\"card\">\n\t\t\n\t\n\t<div class=\"card-text brand ele d-flex justify-content-center\">\n\t\t<a href=\"https:\/\/casaporciatti.it\/shop\/prodotto\/drappier-carte-dor-champagne-brut-magnum-15-lt\/\" title=\"DRAPPIER CARTE D&#8217;OR Champagne Brut MAGNUM 1,5 Lt\">\n\t\t\t\n\t\t\t<img loading=\"lazy\" decoding=\"async\" width=\"300\" height=\"300\" src=\"https:\/\/casaporciatti.it\/shop\/wp-content\/uploads\/2023\/02\/champagne-drappier-carte-dor-1-300x300.jpg\" class=\"attachment-woocommerce_thumbnail size-woocommerce_thumbnail\" alt=\"DRAPPIER CARTE D&#039;OR Champagne Brut MAGNUM 1,5 Lt\" srcset=\"https:\/\/casaporciatti.it\/shop\/wp-content\/uploads\/2023\/02\/champagne-drappier-carte-dor-1-300x300.jpg 300w, https:\/\/casaporciatti.it\/shop\/wp-content\/uploads\/2023\/02\/champagne-drappier-carte-dor-1-150x150.jpg 150w, https:\/\/casaporciatti.it\/shop\/wp-content\/uploads\/2023\/02\/champagne-drappier-carte-dor-1-100x100.jpg 100w, https:\/\/casaporciatti.it\/shop\/wp-content\/uploads\/2023\/02\/champagne-drappier-carte-dor-1.jpg 600w\" sizes=\"(max-width: 300px) 100vw, 300px\" title=\"\">\n\t\t<\/a>\n\t\t\t\t<div class=\"wishlistbella\">\n\t\t\t\t\t<\/div>\n\t<\/div>\n\t<div class=\"card-title titolo-elementor\">\n\t\t<a href=\"https:\/\/casaporciatti.it\/shop\/prodotto\/drappier-carte-dor-champagne-brut-magnum-15-lt\/\" title=\"DRAPPIER CARTE D&#8217;OR Champagne Brut MAGNUM 1,5 Lt\">\n\t\t\t<h3 class=\"text-center px-3\" style=\"font-size: 16px;color: var( --e-global-color-text );\">DRAPPIER CARTE D&#8217;OR Champagne Brut MAGNUM 1,5 Lt<\/h3>\n\t\t<\/a>\n\t<\/div>\n\n\t<div class=\"card-description homeel\">\n\t\t<div class=\"prezzo\">\n\t\t\t\n\t<span class=\"price\"><span class=\"woocommerce-Price-amount amount\"><bdi>85,00&nbsp;<span class=\"woocommerce-Price-currencySymbol\" translate=\"no\">&euro;<\/span><\/bdi><\/span><\/span>\n\t\t<\/div>\n\t<\/div>\n\t<div class=\"pulsantele py-3 justify-content-center\">\n\t\t\t\t\n\t\t\t<form class=\"cart\" action=\"https:\/\/casaporciatti.it\/shop\/prodotto\/drappier-carte-dor-champagne-brut-magnum-15-lt\/\" method=\"post\" enctype='multipart\/form-data'>\n\t\t\n\t\t\n\t\t\t<\/a><a class=\"button allinea\" style=\"\" href=\"https:\/\/wa.me\/393312783094?text=Salve%2C%20vorrei%20sapere%20quando%20torna%20disponibile%20il%20prodotto%20DRAPPIER%20CARTE%20D%26%238217%3BOR%20Champagne%20Brut%20MAGNUM%201%2C5%20Lt%20che%20si%20trova%20qui%3A%20%22%20https%3A%2F%2Fcasaporciatti.it%2Fshop%2Fprodotto%2Fdrappier-carte-dor-champagne-brut-magnum-15-lt%2F%20%22\" title=\"DRAPPIER CARTE D&#8217;OR Champagne Brut MAGNUM 1,5 Lt\">Contattaci  <img decoding=\"async\" width=\"200\" height=\"200\" src=\"https:\/\/casaporciatti.it\/shop\/wp-content\/uploads\/2023\/02\/whatsapp.svg\" class=\"icona-wa\" alt=\"\" title=\"\"><\/a>\n\t\t\t\t\t<\/form>\n\t<\/div>\n<\/div>\t\t\t\t\t\t\t\t<\/article>\t  \n\t\t\t\t\t\t\t\t\t\t\t\t\t\t  \t<article class=\"item \">\n\t\t\t\t\t\t\t  \t\t<div class=\"card\">\n\t\t\n\t\n\t<div class=\"card-text brand ele d-flex justify-content-center\">\n\t\t<a href=\"https:\/\/casaporciatti.it\/shop\/prodotto\/il-bottegaio-consiglia-2\/\" title=\"Il Bottegaio consiglia\">\n\t\t\t\n\t\t\t<img loading=\"lazy\" decoding=\"async\" width=\"300\" height=\"300\" src=\"https:\/\/casaporciatti.it\/shop\/wp-content\/uploads\/2023\/02\/bottegaio-consiglia-1-300x300.jpg\" class=\"attachment-woocommerce_thumbnail size-woocommerce_thumbnail\" alt=\"Il Bottegaio consiglia\" srcset=\"https:\/\/casaporciatti.it\/shop\/wp-content\/uploads\/2023\/02\/bottegaio-consiglia-1-300x300.jpg 300w, https:\/\/casaporciatti.it\/shop\/wp-content\/uploads\/2023\/02\/bottegaio-consiglia-1-150x150.jpg 150w, https:\/\/casaporciatti.it\/shop\/wp-content\/uploads\/2023\/02\/bottegaio-consiglia-1-100x100.jpg 100w, https:\/\/casaporciatti.it\/shop\/wp-content\/uploads\/2023\/02\/bottegaio-consiglia-1.jpg 600w\" sizes=\"(max-width: 300px) 100vw, 300px\" title=\"\">\n\t\t<\/a>\n\t\t\t\t<div class=\"wishlistbella\">\n\t\t\t\t\t<\/div>\n\t<\/div>\n\t<div class=\"card-title titolo-elementor\">\n\t\t<a href=\"https:\/\/casaporciatti.it\/shop\/prodotto\/il-bottegaio-consiglia-2\/\" title=\"Il Bottegaio consiglia\">\n\t\t\t<h3 class=\"text-center px-3\" style=\"font-size: 16px;color: var( --e-global-color-text );\">Il Bottegaio consiglia<\/h3>\n\t\t<\/a>\n\t<\/div>\n\n\t<div class=\"card-description homeel\">\n\t\t<div class=\"prezzo\">\n\t\t\t\n\t<span class=\"price\"><span class=\"woocommerce-Price-amount amount\"><bdi>59,00&nbsp;<span class=\"woocommerce-Price-currencySymbol\" translate=\"no\">&euro;<\/span><\/bdi><\/span><\/span>\n\t\t<\/div>\n\t<\/div>\n\t<div class=\"pulsantele py-3 justify-content-center\">\n\t\t\t\t\n\t\t\t<form class=\"cart\" action=\"https:\/\/casaporciatti.it\/shop\/prodotto\/il-bottegaio-consiglia-2\/\" method=\"post\" enctype='multipart\/form-data'>\n\t\t\n\t\t\n\t\t\t<\/a><a title=\"Aggiungi al carrello Il Bottegaio consiglia\" href=\"\/shop\/wp-json\/wp\/v2\/pages\/7?add-to-cart=6641\" data-quantity=\"1\" class=\"btn d-grid gap-2 text-center button product_type_simple add_to_cart_button ajax_add_to_cart\" data-product_id=\"6641\" data-product_sku=\"fc38108b60be\" aria-label=\"Aggiungi al carrello: &quot;Il Bottegaio consiglia&quot;\" rel=\"nofollow\" data-success_message=\"&quot;Il Bottegaio consiglia&quot; \u00e8 stato aggiunto al tuo carrello\" role=\"button\">Aggiungi al carrello<\/a>\n\t\t\t\t\t<\/form>\n\t<\/div>\n<\/div>\t\t\t\t\t\t\t\t<\/article>\t  \n\t\t\t\t\t\t\t\t\t\t\t\t\t\t  \t<article class=\"item \">\n\t\t\t\t\t\t\t  \t\t<div class=\"card\">\n\t\t\n\t\n\t<div class=\"card-text brand ele d-flex justify-content-center\">\n\t\t<a href=\"https:\/\/casaporciatti.it\/shop\/prodotto\/borsa-in-juta-naturale-casa-porciatti-radda-in-chianti\/\" title=\"Borsa in Juta Naturale Casa Porciatti | Radda in Chianti\">\n\t\t\t\n\t\t\t<img loading=\"lazy\" decoding=\"async\" width=\"300\" height=\"300\" src=\"https:\/\/casaporciatti.it\/shop\/wp-content\/uploads\/2023\/01\/casa-porciatti-borsa-juta-4-300x300.jpg\" class=\"attachment-woocommerce_thumbnail size-woocommerce_thumbnail\" alt=\"Borsa in Juta Naturale Casa Porciatti | Radda in Chianti\" srcset=\"https:\/\/casaporciatti.it\/shop\/wp-content\/uploads\/2023\/01\/casa-porciatti-borsa-juta-4-300x300.jpg 300w, https:\/\/casaporciatti.it\/shop\/wp-content\/uploads\/2023\/01\/casa-porciatti-borsa-juta-4-150x150.jpg 150w, https:\/\/casaporciatti.it\/shop\/wp-content\/uploads\/2023\/01\/casa-porciatti-borsa-juta-4-100x100.jpg 100w, https:\/\/casaporciatti.it\/shop\/wp-content\/uploads\/2023\/01\/casa-porciatti-borsa-juta-4.jpg 600w\" sizes=\"(max-width: 300px) 100vw, 300px\" title=\"\">\n\t\t<\/a>\n\t\t\t\t<div class=\"wishlistbella\">\n\t\t\t\t\t<\/div>\n\t<\/div>\n\t<div class=\"card-title titolo-elementor\">\n\t\t<a href=\"https:\/\/casaporciatti.it\/shop\/prodotto\/borsa-in-juta-naturale-casa-porciatti-radda-in-chianti\/\" title=\"Borsa in Juta Naturale Casa Porciatti | Radda in Chianti\">\n\t\t\t<h3 class=\"text-center px-3\" style=\"font-size: 16px;color: var( --e-global-color-text );\">Borsa in Juta Naturale Casa Porciatti | Radda in Chianti<\/h3>\n\t\t<\/a>\n\t<\/div>\n\n\t<div class=\"card-description homeel\">\n\t\t<div class=\"prezzo\">\n\t\t\t\n\t<span class=\"price\"><span class=\"woocommerce-Price-amount amount\"><bdi>16,00&nbsp;<span class=\"woocommerce-Price-currencySymbol\" translate=\"no\">&euro;<\/span><\/bdi><\/span><\/span>\n\t\t<\/div>\n\t<\/div>\n\t<div class=\"pulsantele py-3 justify-content-center\">\n\t\t\t\t\n\t\t\t<form class=\"cart\" action=\"https:\/\/casaporciatti.it\/shop\/prodotto\/borsa-in-juta-naturale-casa-porciatti-radda-in-chianti\/\" method=\"post\" enctype='multipart\/form-data'>\n\t\t\n\t\t\n\t\t\t<\/a><a title=\"Aggiungi al carrello Borsa in Juta Naturale Casa Porciatti | Radda in Chianti\" href=\"\/shop\/wp-json\/wp\/v2\/pages\/7?add-to-cart=850\" data-quantity=\"1\" class=\"btn d-grid gap-2 text-center button product_type_simple add_to_cart_button ajax_add_to_cart\" data-product_id=\"850\" data-product_sku=\"35c554be385f\" aria-label=\"Aggiungi al carrello: &quot;Borsa in Juta Naturale Casa Porciatti | Radda in Chianti&quot;\" rel=\"nofollow\" data-success_message=\"&quot;Borsa in Juta Naturale Casa Porciatti | Radda in Chianti&quot; \u00e8 stato aggiunto al tuo carrello\" role=\"button\">Aggiungi al carrello<\/a>\n\t\t\t\t\t<\/form>\n\t<\/div>\n<\/div>\t\t\t\t\t\t\t\t<\/article>\t  \n\t\t\t\t\t\t\t\t\t\t\t\t\t\t  \t<article class=\"item \">\n\t\t\t\t\t\t\t  \t\t<div class=\"card\">\n\t\t\n\t\n\t<div class=\"card-text brand ele d-flex justify-content-center\">\n\t\t<a href=\"https:\/\/casaporciatti.it\/shop\/prodotto\/trio-meraviglia\/\" title=\"Trio meraviglia\">\n\t\t\t\n\t\t\t<img loading=\"lazy\" decoding=\"async\" width=\"300\" height=\"300\" src=\"https:\/\/casaporciatti.it\/shop\/wp-content\/uploads\/2023\/01\/trio-300x300.jpg\" class=\"attachment-woocommerce_thumbnail size-woocommerce_thumbnail\" alt=\"Trio meraviglia\" srcset=\"https:\/\/casaporciatti.it\/shop\/wp-content\/uploads\/2023\/01\/trio-300x300.jpg 300w, https:\/\/casaporciatti.it\/shop\/wp-content\/uploads\/2023\/01\/trio-150x150.jpg 150w, https:\/\/casaporciatti.it\/shop\/wp-content\/uploads\/2023\/01\/trio-100x100.jpg 100w, https:\/\/casaporciatti.it\/shop\/wp-content\/uploads\/2023\/01\/trio.jpg 600w\" sizes=\"(max-width: 300px) 100vw, 300px\" title=\"\">\n\t\t<\/a>\n\t\t\t\t<div class=\"wishlistbella\">\n\t\t\t\t\t<\/div>\n\t<\/div>\n\t<div class=\"card-title titolo-elementor\">\n\t\t<a href=\"https:\/\/casaporciatti.it\/shop\/prodotto\/trio-meraviglia\/\" title=\"Trio meraviglia\">\n\t\t\t<h3 class=\"text-center px-3\" style=\"font-size: 16px;color: var( --e-global-color-text );\">Trio meraviglia<\/h3>\n\t\t<\/a>\n\t<\/div>\n\n\t<div class=\"card-description homeel\">\n\t\t<div class=\"prezzo\">\n\t\t\t\n\t<span class=\"price\"><span class=\"woocommerce-Price-amount amount\"><bdi>79,00&nbsp;<span class=\"woocommerce-Price-currencySymbol\" translate=\"no\">&euro;<\/span><\/bdi><\/span><\/span>\n\t\t<\/div>\n\t<\/div>\n\t<div class=\"pulsantele py-3 justify-content-center\">\n\t\t\t\t\n\t\t\t<form class=\"cart\" action=\"https:\/\/casaporciatti.it\/shop\/prodotto\/trio-meraviglia\/\" method=\"post\" enctype='multipart\/form-data'>\n\t\t\n\t\t\n\t\t\t<\/a><a title=\"Aggiungi al carrello Trio meraviglia\" href=\"\/shop\/wp-json\/wp\/v2\/pages\/7?add-to-cart=849\" data-quantity=\"1\" class=\"btn d-grid gap-2 text-center button product_type_simple add_to_cart_button ajax_add_to_cart\" data-product_id=\"849\" data-product_sku=\"7e2f52f48ae9\" aria-label=\"Aggiungi al carrello: &quot;Trio meraviglia&quot;\" rel=\"nofollow\" data-success_message=\"&quot;Trio meraviglia&quot; \u00e8 stato aggiunto al tuo carrello\" role=\"button\">Aggiungi al carrello<\/a>\n\t\t\t\t\t<\/form>\n\t<\/div>\n<\/div>\t\t\t\t\t\t\t\t<\/article>\t  \n\t\t\t\t\t\t\t\t\t\t\t\t\t\t  \t<article class=\"item \">\n\t\t\t\t\t\t\t  \t\t<div class=\"card\">\n\t\t\n\t\n\t<div class=\"card-text brand ele d-flex justify-content-center\">\n\t\t<a href=\"https:\/\/casaporciatti.it\/shop\/prodotto\/tartufo\/\" title=\"TARTUFO\">\n\t\t\t\n\t\t\t<img loading=\"lazy\" decoding=\"async\" width=\"300\" height=\"300\" src=\"https:\/\/casaporciatti.it\/shop\/wp-content\/uploads\/2023\/01\/tartufo-300x300.jpg\" class=\"attachment-woocommerce_thumbnail size-woocommerce_thumbnail\" alt=\"TARTUFO\" srcset=\"https:\/\/casaporciatti.it\/shop\/wp-content\/uploads\/2023\/01\/tartufo-300x300.jpg 300w, https:\/\/casaporciatti.it\/shop\/wp-content\/uploads\/2023\/01\/tartufo-150x150.jpg 150w, https:\/\/casaporciatti.it\/shop\/wp-content\/uploads\/2023\/01\/tartufo-100x100.jpg 100w, https:\/\/casaporciatti.it\/shop\/wp-content\/uploads\/2023\/01\/tartufo.jpg 600w\" sizes=\"(max-width: 300px) 100vw, 300px\" title=\"\">\n\t\t<\/a>\n\t\t\t\t<div class=\"wishlistbella\">\n\t\t\t\t\t<\/div>\n\t<\/div>\n\t<div class=\"card-title titolo-elementor\">\n\t\t<a href=\"https:\/\/casaporciatti.it\/shop\/prodotto\/tartufo\/\" title=\"TARTUFO\">\n\t\t\t<h3 class=\"text-center px-3\" style=\"font-size: 16px;color: var( --e-global-color-text );\">TARTUFO<\/h3>\n\t\t<\/a>\n\t<\/div>\n\n\t<div class=\"card-description homeel\">\n\t\t<div class=\"prezzo\">\n\t\t\t\n\t<span class=\"price\"><span class=\"woocommerce-Price-amount amount\"><bdi>43,00&nbsp;<span class=\"woocommerce-Price-currencySymbol\" translate=\"no\">&euro;<\/span><\/bdi><\/span><\/span>\n\t\t<\/div>\n\t<\/div>\n\t<div class=\"pulsantele py-3 justify-content-center\">\n\t\t\t\t\n\t\t\t<form class=\"cart\" action=\"https:\/\/casaporciatti.it\/shop\/prodotto\/tartufo\/\" method=\"post\" enctype='multipart\/form-data'>\n\t\t\n\t\t\n\t\t\t<\/a><a title=\"Aggiungi al carrello TARTUFO\" href=\"\/shop\/wp-json\/wp\/v2\/pages\/7?add-to-cart=587\" data-quantity=\"1\" class=\"btn d-grid gap-2 text-center button product_type_simple add_to_cart_button ajax_add_to_cart\" data-product_id=\"587\" data-product_sku=\"203779dd9a7b\" aria-label=\"Aggiungi al carrello: &quot;TARTUFO&quot;\" rel=\"nofollow\" data-success_message=\"&quot;TARTUFO&quot; \u00e8 stato aggiunto al tuo carrello\" role=\"button\">Aggiungi al carrello<\/a>\n\t\t\t\t\t<\/form>\n\t<\/div>\n<\/div>\t\t\t\t\t\t\t\t<\/article>\t  \n\t\t\t\t\t\t\t\t\t\t\t\t\t\t  \t<article class=\"item \">\n\t\t\t\t\t\t\t  \t\t<div class=\"card\">\n\t\t\n\t\n\t<div class=\"card-text brand ele d-flex justify-content-center\">\n\t\t<a href=\"https:\/\/casaporciatti.it\/shop\/prodotto\/gran-gusto\/\" title=\"Gran gusto\">\n\t\t\t\n\t\t\t<img loading=\"lazy\" decoding=\"async\" width=\"300\" height=\"300\" src=\"https:\/\/casaporciatti.it\/shop\/wp-content\/uploads\/2023\/01\/gran-gusto-300x300.jpg\" class=\"attachment-woocommerce_thumbnail size-woocommerce_thumbnail\" alt=\"Gran gusto\" srcset=\"https:\/\/casaporciatti.it\/shop\/wp-content\/uploads\/2023\/01\/gran-gusto-300x300.jpg 300w, https:\/\/casaporciatti.it\/shop\/wp-content\/uploads\/2023\/01\/gran-gusto-150x150.jpg 150w, https:\/\/casaporciatti.it\/shop\/wp-content\/uploads\/2023\/01\/gran-gusto-100x100.jpg 100w, https:\/\/casaporciatti.it\/shop\/wp-content\/uploads\/2023\/01\/gran-gusto.jpg 600w\" sizes=\"(max-width: 300px) 100vw, 300px\" title=\"\">\n\t\t<\/a>\n\t\t\t\t<div class=\"wishlistbella\">\n\t\t\t\t\t<\/div>\n\t<\/div>\n\t<div class=\"card-title titolo-elementor\">\n\t\t<a href=\"https:\/\/casaporciatti.it\/shop\/prodotto\/gran-gusto\/\" title=\"Gran gusto\">\n\t\t\t<h3 class=\"text-center px-3\" style=\"font-size: 16px;color: var( --e-global-color-text );\">Gran gusto<\/h3>\n\t\t<\/a>\n\t<\/div>\n\n\t<div class=\"card-description homeel\">\n\t\t<div class=\"prezzo\">\n\t\t\t\n\t<span class=\"price\"><span class=\"woocommerce-Price-amount amount\"><bdi>79,00&nbsp;<span class=\"woocommerce-Price-currencySymbol\" translate=\"no\">&euro;<\/span><\/bdi><\/span><\/span>\n\t\t<\/div>\n\t<\/div>\n\t<div class=\"pulsantele py-3 justify-content-center\">\n\t\t\t\t\n\t\t\t<form class=\"cart\" action=\"https:\/\/casaporciatti.it\/shop\/prodotto\/gran-gusto\/\" method=\"post\" enctype='multipart\/form-data'>\n\t\t\n\t\t\n\t\t\t<\/a><a title=\"Aggiungi al carrello Gran gusto\" href=\"\/shop\/wp-json\/wp\/v2\/pages\/7?add-to-cart=589\" data-quantity=\"1\" class=\"btn d-grid gap-2 text-center button product_type_simple add_to_cart_button ajax_add_to_cart\" data-product_id=\"589\" data-product_sku=\"c52882f6afef\" aria-label=\"Aggiungi al carrello: &quot;Gran gusto&quot;\" rel=\"nofollow\" data-success_message=\"&quot;Gran gusto&quot; \u00e8 stato aggiunto al tuo carrello\" role=\"button\">Aggiungi al carrello<\/a>\n\t\t\t\t\t<\/form>\n\t<\/div>\n<\/div>\t\t\t\t\t\t\t\t<\/article>\t  \n\t\t\t\t\t\t\t\t\t\t\t\t<\/div>\n\t\t\t\t<\/div>\n\t\t\t\t\t\t\t\t\t<div class=\"row mb-5 py-3\">\n\n\t\t\t\t\t\t<div class=\"allineamento_pulsante\">\n\t\t\t\t\t\t\t<a  style=\"color:white;font-weight:700;background-color: var(--e-global-color-primary);border-radius: 13px;padding: 10px 50px;\" class=\"btn text-center\" title=\"Scopri di pi\u00f9\" href=\"https:\/\/casaporciatti.it\/shop\/categorie-speciali\/idee-regalo\/\">\n\t\t\t\t\t\t\t\tScopri di pi\u00f9\t\t\n\t\t\t\t\t\t\t<\/a>\n\t\t\t\t\t\t<\/div>\n\t\t\t\t\t\n\t\t\t\t\t<\/div>\n\t\t\t\t\t\t\t<\/div>\n\t\t<\/section>\n\t\t\t\t\t\t<\/div>\n\t\t\t\t<\/div>\n\t\t\t\t\t<\/div>\n\t\t<\/div>\n\t\t\t\t\t<\/div>\n\t\t<\/section>\n\t\t\t\t<section class=\"elementor-section elementor-top-section elementor-element elementor-element-be57372 elementor-section-full_width elementor-section-height-default elementor-section-height-default\" data-id=\"be57372\" data-element_type=\"section\" data-e-type=\"section\">\n\t\t\t\t\t\t<div class=\"elementor-container elementor-column-gap-default\">\n\t\t\t\t\t<div class=\"elementor-column elementor-col-100 elementor-top-column elementor-element elementor-element-1bbedc7\" data-id=\"1bbedc7\" data-element_type=\"column\" data-e-type=\"column\">\n\t\t\t<div class=\"elementor-widget-wrap elementor-element-populated\">\n\t\t\t\t\t\t<div class=\"elementor-element elementor-element-6cc0da9 elementor-widget elementor-widget-post_prodotti\" data-id=\"6cc0da9\" data-element_type=\"widget\" data-e-type=\"widget\" data-widget_type=\"post_prodotti.default\">\n\t\t\t\t<div class=\"elementor-widget-container\">\n\t\t\t\t\t\t\t\t<script type=\"text\/javascript\">\n\t\t\t\tjQuery( function($) {\n\t\t\t\t  \t$(document).ready(function() {\n\t\t\t\t\t    $(\".carosello-prodottipregiati\").owlCarousel({\n\t\t\t\t\t        loop:true,\n\t\t\t\t\t        autoplay:true,\n\t\t\t\t\t        responsiveClass: true,\n\t\t\t\t\t\t\tresponsive : {\n\t\t\t\t\t\t\t    \/\/ breakpoint from 0 up\n\t\t\t\t\t\t\t    0 : {\n\t\t\t\t\t\t\t        items : 1,\n\t\t\t\t\t\t\t    },\n\t\t\t\t\t\t\t    \/\/ breakpoint from 480 up\n\t\t\t\t\t\t\t    480 : {\n\t\t\t\t\t\t\t        items : 2,\n\t\t\t\t\t\t\t    },\n\t\t\t\t\t\t\t    \/\/ breakpoint from 768 up\n\t\t\t\t\t\t\t    768 : {\n\t\t\t\t\t\t\t        items : 3,\n\t\t\t\t\t\t\t    }\n\t\t\t\t\t\t\t},\n\t\t\t\t\t        items:3,\n\t\t\t\t\t        margin:30,\n\t\t\t\t\t        autoWidth:false,\n\t\t\t\t\t        autoplayHoverPause: true,\n\t\t\t\t\t        rewind:true,\n\t\t\t\t\t        lazyLoad:true,\n\t\t\t\t\t        nav:true,\n\t\t\t\t\t        navText: ['<i class=\"fa-solid fa-chevron-left\"><\/i>', '<i class=\"fa-solid fa-chevron-right\"><\/i>'],\n\t\t\t\t\t    });\n\t\t\t\t  \t});\n\t\t\t\t});\n\t\t\t<\/script>\n\t\t\t\t\t<style type=\"text\/css\">\n\t\t\t\t.woocommerce ul.products li.product, .woocommerce-page ul.products li.product {\n\t\t\t\t  width: 90.05%;\n\t\t\t\t}\n\t\t\t\t.owl-prev {\n\t\t\t\t    position: absolute;\n\t\t\t\t    top: 40%;\n\t\t\t\t    margin-left: -20px!important;\n\t\t\t\t    display: block !important;\n\t\t\t\t    background-color: transparent !important;\n\t\t\t\t}\n\n\t\t\t\t.owl-next {\n\t\t\t\t    position: absolute;\n\t\t\t\t    top: 40%;\n\t\t\t\t    right: -25px;\n\t\t\t\t    display: block !important;\n\t\t\t\t    background-color: transparent !important;\n\t\t\t\t}\n\t\t\t\t.owl-prev i, .owl-next i {\n\t\t\t\t\tfont-size: 20px;\n\t\t\t\t\tpadding: 10px 14px;\n\t\t\t\t\tcolor: white;\n\t\t\t\t\tbackground-color: var(--e-global-color-accent);\n\t\t\t\t\tborder-radius: 50%;\n\t\t\t\t}\n\t\t\t\t.owl-carousel .owl-item img {\n\t\t\t\t  width: auto;\n\t\t\t\t}\n\t\t<\/style>\n\t\t<section style=\"position:relative;\" class=\"\">\n\t\t\t\t\t\t\t\t<div class=\"position-relative py-5 d-flex flex-column align-items-center\" style=\"background-image: url(https:\/\/casaporciatti.it\/shop\/wp-content\/uploads\/2023\/02\/3.NebbioloBarolo-1.jpg);background-position: 50%50%;background-repeat: no-repeat;background-size: cover;\">\n\t\t\t\t\t\t\t\t\t<div class=\"overlaybello\"><\/div>\n\t\t\t\t\t<div class=\"sec-title py-5\">\n\t\t\t\t\t\t<h2 class=\"text-center\">Vini pregiati e rari<\/h2>\n\t\t\t\t\t\t<p class=\"text-center\">Bottiglie rare e di valore per la tua collezione, i tuoi regali, il tuo piacere<\/p>\n\t\t\t\t\t<\/div>\n\t\t\t\t<\/div>\n\t\t\t\t\t\t<div class=\"container\">\n\t\t\t\t<div class=\"row d-flex align-items-center\">\n\t\t\t\t\t\t\t\t\t\t<div class=\"carosello-prodottipregiati owl-carousel owl-theme\">\n\t\t\t\t\t\t\t\t\t\t\t\t\t  \t<article class=\"item \">\n\t\t\t\t\t\t\t  \t\t<div class=\"card\">\n\t\t\n\t\n\t<div class=\"card-text brand ele d-flex justify-content-center\">\n\t\t<a href=\"https:\/\/casaporciatti.it\/shop\/prodotto\/masseto-2022-3-bottiglie-in-cassa-legno\/\" title=\"MASSETO 2022, 3 bottiglie in Cassa legno\">\n\t\t\t\n\t\t\t<img loading=\"lazy\" decoding=\"async\" width=\"300\" height=\"300\" src=\"https:\/\/casaporciatti.it\/shop\/wp-content\/uploads\/2026\/06\/masseto-cassa-legno-3-bottiglie-300x300.png\" class=\"attachment-woocommerce_thumbnail size-woocommerce_thumbnail\" alt=\"masseto 2022 cassa singola legno 3 bottiglie\" srcset=\"https:\/\/casaporciatti.it\/shop\/wp-content\/uploads\/2026\/06\/masseto-cassa-legno-3-bottiglie-300x300.png 300w, https:\/\/casaporciatti.it\/shop\/wp-content\/uploads\/2026\/06\/masseto-cassa-legno-3-bottiglie-150x150.png 150w, https:\/\/casaporciatti.it\/shop\/wp-content\/uploads\/2026\/06\/masseto-cassa-legno-3-bottiglie-100x100.png 100w, https:\/\/casaporciatti.it\/shop\/wp-content\/uploads\/2026\/06\/masseto-cassa-legno-3-bottiglie.png 600w\" sizes=\"(max-width: 300px) 100vw, 300px\" title=\"\">\n\t\t<\/a>\n\t\t\t\t<div class=\"wishlistbella\">\n\t\t\t\t\t<\/div>\n\t<\/div>\n\t<div class=\"card-title titolo-elementor\">\n\t\t<a href=\"https:\/\/casaporciatti.it\/shop\/prodotto\/masseto-2022-3-bottiglie-in-cassa-legno\/\" title=\"MASSETO 2022, 3 bottiglie in Cassa legno\">\n\t\t\t<h3 class=\"text-center px-3\" style=\"font-size: 16px;color: var( --e-global-color-text );\">MASSETO 2022, 3 bottiglie in Cassa legno<\/h3>\n\t\t<\/a>\n\t<\/div>\n\n\t<div class=\"card-description homeel\">\n\t\t<div class=\"prezzo\">\n\t\t\t\n\t<span class=\"price\"><span class=\"woocommerce-Price-amount amount\"><bdi>2.950,00&nbsp;<span class=\"woocommerce-Price-currencySymbol\" translate=\"no\">&euro;<\/span><\/bdi><\/span><\/span>\n\t\t<\/div>\n\t<\/div>\n\t<div class=\"pulsantele py-3 justify-content-center\">\n\t\t\t\t\n\t\t\t<form class=\"cart\" action=\"https:\/\/casaporciatti.it\/shop\/prodotto\/masseto-2022-3-bottiglie-in-cassa-legno\/\" method=\"post\" enctype='multipart\/form-data'>\n\t\t\n\t\t\n\t\t\t<\/a><a title=\"Aggiungi al carrello MASSETO 2022, 3 bottiglie in Cassa legno\" href=\"\/shop\/wp-json\/wp\/v2\/pages\/7?add-to-cart=13610\" data-quantity=\"1\" class=\"btn d-grid gap-2 text-center button product_type_simple add_to_cart_button ajax_add_to_cart\" data-product_id=\"13610\" data-product_sku=\"a949735a7a02-949736\" aria-label=\"Aggiungi al carrello: &quot;MASSETO 2022, 3 bottiglie in Cassa legno&quot;\" rel=\"nofollow\" data-success_message=\"&quot;MASSETO 2022, 3 bottiglie in Cassa legno&quot; \u00e8 stato aggiunto al tuo carrello\" role=\"button\">Aggiungi al carrello<\/a>\n\t\t\t\t\t<\/form>\n\t<\/div>\n<\/div>\t\t\t\t\t\t\t\t<\/article>\t  \n\t\t\t\t\t\t\t\t\t\t\t\t\t\t  \t<article class=\"item \">\n\t\t\t\t\t\t\t  \t\t<div class=\"card\">\n\t\t\n\t\n\t<div class=\"card-text brand ele d-flex justify-content-center\">\n\t\t<a href=\"https:\/\/casaporciatti.it\/shop\/prodotto\/domaine-chantal-remy-morey-saint-denis-clos-des-rosiers-monopole-2023\/\" title=\"Domaine Chantal R\u00e9my Morey-Saint-Denis \u201cClos des Rosiers\u201d Monopole 2023\">\n\t\t\t\n\t\t\t<img loading=\"lazy\" decoding=\"async\" width=\"300\" height=\"300\" src=\"https:\/\/casaporciatti.it\/shop\/wp-content\/uploads\/2023\/02\/Progetto-senza-titolo-9-300x300.png\" class=\"attachment-woocommerce_thumbnail size-woocommerce_thumbnail\" alt=\"chantal remy morey\" srcset=\"https:\/\/casaporciatti.it\/shop\/wp-content\/uploads\/2023\/02\/Progetto-senza-titolo-9-300x300.png 300w, https:\/\/casaporciatti.it\/shop\/wp-content\/uploads\/2023\/02\/Progetto-senza-titolo-9-150x150.png 150w, https:\/\/casaporciatti.it\/shop\/wp-content\/uploads\/2023\/02\/Progetto-senza-titolo-9-100x100.png 100w, https:\/\/casaporciatti.it\/shop\/wp-content\/uploads\/2023\/02\/Progetto-senza-titolo-9.png 600w\" sizes=\"(max-width: 300px) 100vw, 300px\" title=\"\">\n\t\t<\/a>\n\t\t\t\t<div class=\"wishlistbella\">\n\t\t\t\t\t<\/div>\n\t<\/div>\n\t<div class=\"card-title titolo-elementor\">\n\t\t<a href=\"https:\/\/casaporciatti.it\/shop\/prodotto\/domaine-chantal-remy-morey-saint-denis-clos-des-rosiers-monopole-2023\/\" title=\"Domaine Chantal R\u00e9my Morey-Saint-Denis \u201cClos des Rosiers\u201d Monopole 2023\">\n\t\t\t<h3 class=\"text-center px-3\" style=\"font-size: 16px;color: var( --e-global-color-text );\">Domaine Chantal R\u00e9my Morey-Saint-Denis \u201cClos des Rosiers\u201d Monopole 2023<\/h3>\n\t\t<\/a>\n\t<\/div>\n\n\t<div class=\"card-description homeel\">\n\t\t<div class=\"prezzo\">\n\t\t\t\n\t<span class=\"price\"><span class=\"woocommerce-Price-amount amount\"><bdi>167,00&nbsp;<span class=\"woocommerce-Price-currencySymbol\" translate=\"no\">&euro;<\/span><\/bdi><\/span><\/span>\n\t\t<\/div>\n\t<\/div>\n\t<div class=\"pulsantele py-3 justify-content-center\">\n\t\t\t\t\n\t\t\t<form class=\"cart\" action=\"https:\/\/casaporciatti.it\/shop\/prodotto\/domaine-chantal-remy-morey-saint-denis-clos-des-rosiers-monopole-2023\/\" method=\"post\" enctype='multipart\/form-data'>\n\t\t\n\t\t\n\t\t\t<\/a><a title=\"Aggiungi al carrello Domaine Chantal R\u00e9my Morey-Saint-Denis \u201cClos des Rosiers\u201d Monopole 2023\" href=\"\/shop\/wp-json\/wp\/v2\/pages\/7?add-to-cart=13488\" data-quantity=\"1\" class=\"btn d-grid gap-2 text-center button product_type_simple add_to_cart_button ajax_add_to_cart\" data-product_id=\"13488\" data-product_sku=\"b36501982d3e-1\" aria-label=\"Aggiungi al carrello: &quot;Domaine Chantal R\u00e9my Morey-Saint-Denis \u201cClos des Rosiers\u201d Monopole 2023&quot;\" rel=\"nofollow\" data-success_message=\"&quot;Domaine Chantal R\u00e9my Morey-Saint-Denis \u201cClos des Rosiers\u201d Monopole 2023&quot; \u00e8 stato aggiunto al tuo carrello\" role=\"button\">Aggiungi al carrello<\/a>\n\t\t\t\t\t<\/form>\n\t<\/div>\n<\/div>\t\t\t\t\t\t\t\t<\/article>\t  \n\t\t\t\t\t\t\t\t\t\t\t\t\t\t  \t<article class=\"item \">\n\t\t\t\t\t\t\t  \t\t<div class=\"card\">\n\t\t\n\t\n\t<div class=\"card-text brand ele d-flex justify-content-center\">\n\t\t<a href=\"https:\/\/casaporciatti.it\/shop\/prodotto\/san-giusto-a-rentennano-percarlo-2022\/\" title=\"SAN GIUSTO A RENTENNANO PERCARLO 2022\">\n\t\t\t\n\t\t\t<img loading=\"lazy\" decoding=\"async\" width=\"300\" height=\"300\" src=\"https:\/\/casaporciatti.it\/shop\/wp-content\/uploads\/2023\/02\/percarlo_sangiustoarentennano-1-300x300.jpg\" class=\"attachment-woocommerce_thumbnail size-woocommerce_thumbnail\" alt=\"SAN GIUSTO A RENTENNANO PERCARLO 2022\" srcset=\"https:\/\/casaporciatti.it\/shop\/wp-content\/uploads\/2023\/02\/percarlo_sangiustoarentennano-1-300x300.jpg 300w, https:\/\/casaporciatti.it\/shop\/wp-content\/uploads\/2023\/02\/percarlo_sangiustoarentennano-1-150x150.jpg 150w, https:\/\/casaporciatti.it\/shop\/wp-content\/uploads\/2023\/02\/percarlo_sangiustoarentennano-1-100x100.jpg 100w, https:\/\/casaporciatti.it\/shop\/wp-content\/uploads\/2023\/02\/percarlo_sangiustoarentennano-1.jpg 600w\" sizes=\"(max-width: 300px) 100vw, 300px\" title=\"\">\n\t\t<\/a>\n\t\t\t\t\t<div class=\"brand-elementor py-3\">\n\t\t\t\t\t\t\t\t\t    <a title=\"Consigliato da Riccardo\" href=\"#\">\t\n\t\t\t\t\t    \t<img decoding=\"async\" style=\"height: 40px;width: auto;\" src=\"https:\/\/casaporciatti.it\/shop\/wp-content\/uploads\/2023\/01\/Consigliato-da-Riccardo.svg\" alt=\"Consigliato da Riccardo\" title=\"\">\n\t\t\t\t\t\t<\/a>\n\t\t\t\t\t\t\t\t\t\t    <a title=\"Vino biologico\" href=\"#\">\t\n\t\t\t\t\t    \t<img decoding=\"async\" style=\"height: 40px;width: auto;\" src=\"https:\/\/casaporciatti.it\/shop\/wp-content\/uploads\/2023\/01\/Vino-biologico.svg\" alt=\"Vino biologico\" title=\"\">\n\t\t\t\t\t\t<\/a>\n\t\t\t\t\t\t\t\t<\/div>\n\t\t\t\t<div class=\"wishlistbella\">\n\t\t\t\t\t<\/div>\n\t<\/div>\n\t<div class=\"card-title titolo-elementor\">\n\t\t<a href=\"https:\/\/casaporciatti.it\/shop\/prodotto\/san-giusto-a-rentennano-percarlo-2022\/\" title=\"SAN GIUSTO A RENTENNANO PERCARLO 2022\">\n\t\t\t<h3 class=\"text-center px-3\" style=\"font-size: 16px;color: var( --e-global-color-text );\">SAN GIUSTO A RENTENNANO PERCARLO 2022<\/h3>\n\t\t<\/a>\n\t<\/div>\n\n\t<div class=\"card-description homeel\">\n\t\t<div class=\"prezzo\">\n\t\t\t\n\t<span class=\"price\"><span class=\"woocommerce-Price-amount amount\"><bdi>110,00&nbsp;<span class=\"woocommerce-Price-currencySymbol\" translate=\"no\">&euro;<\/span><\/bdi><\/span><\/span>\n\t\t<\/div>\n\t<\/div>\n\t<div class=\"pulsantele py-3 justify-content-center\">\n\t\t\t\t\n\t\t\t<form class=\"cart\" action=\"https:\/\/casaporciatti.it\/shop\/prodotto\/san-giusto-a-rentennano-percarlo-2022\/\" method=\"post\" enctype='multipart\/form-data'>\n\t\t\n\t\t\n\t\t\t<\/a><a title=\"Aggiungi al carrello SAN GIUSTO A RENTENNANO PERCARLO 2022\" href=\"\/shop\/wp-json\/wp\/v2\/pages\/7?add-to-cart=13466\" data-quantity=\"1\" class=\"btn d-grid gap-2 text-center button product_type_simple add_to_cart_button ajax_add_to_cart\" data-product_id=\"13466\" data-product_sku=\"dc54c38749d2-1\" aria-label=\"Aggiungi al carrello: &quot;SAN GIUSTO A RENTENNANO PERCARLO 2022&quot;\" rel=\"nofollow\" data-success_message=\"&quot;SAN GIUSTO A RENTENNANO PERCARLO 2022&quot; \u00e8 stato aggiunto al tuo carrello\" role=\"button\">Aggiungi al carrello<\/a>\n\t\t\t\t\t<\/form>\n\t<\/div>\n<\/div>\t\t\t\t\t\t\t\t<\/article>\t  \n\t\t\t\t\t\t\t\t\t\t\t\t\t\t  \t<article class=\"item \">\n\t\t\t\t\t\t\t  \t\t<div class=\"card\">\n\t\t\n\t\n\t<div class=\"card-text brand ele d-flex justify-content-center\">\n\t\t<a href=\"https:\/\/casaporciatti.it\/shop\/prodotto\/tenuta-dellornellaia-ornellaia-2023\/\" title=\"TENUTA DELL&#8217;ORNELLAIA ORNELLAIA 2023\">\n\t\t\t\n\t\t\t<img loading=\"lazy\" decoding=\"async\" width=\"300\" height=\"300\" src=\"https:\/\/casaporciatti.it\/shop\/wp-content\/uploads\/2023\/02\/ornellaia_tenuta_dellornellaia-1-300x300.jpg\" class=\"attachment-woocommerce_thumbnail size-woocommerce_thumbnail\" alt=\"TENUTA DELL&#039;ORNELLAIA ORNELLAIA 2023\" srcset=\"https:\/\/casaporciatti.it\/shop\/wp-content\/uploads\/2023\/02\/ornellaia_tenuta_dellornellaia-1-300x300.jpg 300w, https:\/\/casaporciatti.it\/shop\/wp-content\/uploads\/2023\/02\/ornellaia_tenuta_dellornellaia-1-150x150.jpg 150w, https:\/\/casaporciatti.it\/shop\/wp-content\/uploads\/2023\/02\/ornellaia_tenuta_dellornellaia-1-100x100.jpg 100w, https:\/\/casaporciatti.it\/shop\/wp-content\/uploads\/2023\/02\/ornellaia_tenuta_dellornellaia-1.jpg 600w\" sizes=\"(max-width: 300px) 100vw, 300px\" title=\"\">\n\t\t<\/a>\n\t\t\t\t<div class=\"wishlistbella\">\n\t\t\t\t\t<\/div>\n\t<\/div>\n\t<div class=\"card-title titolo-elementor\">\n\t\t<a href=\"https:\/\/casaporciatti.it\/shop\/prodotto\/tenuta-dellornellaia-ornellaia-2023\/\" title=\"TENUTA DELL&#8217;ORNELLAIA ORNELLAIA 2023\">\n\t\t\t<h3 class=\"text-center px-3\" style=\"font-size: 16px;color: var( --e-global-color-text );\">TENUTA DELL&#8217;ORNELLAIA ORNELLAIA 2023<\/h3>\n\t\t<\/a>\n\t<\/div>\n\n\t<div class=\"card-description homeel\">\n\t\t<div class=\"prezzo\">\n\t\t\t\n\t<span class=\"price\"><span class=\"woocommerce-Price-amount amount\"><bdi>215,00&nbsp;<span class=\"woocommerce-Price-currencySymbol\" translate=\"no\">&euro;<\/span><\/bdi><\/span><\/span>\n\t\t<\/div>\n\t<\/div>\n\t<div class=\"pulsantele py-3 justify-content-center\">\n\t\t\t\t\n\t\t\t<form class=\"cart\" action=\"https:\/\/casaporciatti.it\/shop\/prodotto\/tenuta-dellornellaia-ornellaia-2023\/\" method=\"post\" enctype='multipart\/form-data'>\n\t\t\n\t\t\n\t\t\t<\/a><a title=\"Aggiungi al carrello TENUTA DELL&#8217;ORNELLAIA ORNELLAIA 2023\" href=\"\/shop\/wp-json\/wp\/v2\/pages\/7?add-to-cart=13437\" data-quantity=\"1\" class=\"btn d-grid gap-2 text-center button product_type_simple add_to_cart_button ajax_add_to_cart\" data-product_id=\"13437\" data-product_sku=\"a3eab1c0c518-2\" aria-label=\"Aggiungi al carrello: &quot;TENUTA DELL&#039;ORNELLAIA ORNELLAIA 2023&quot;\" rel=\"nofollow\" data-success_message=\"&quot;TENUTA DELL&#039;ORNELLAIA ORNELLAIA 2023&quot; \u00e8 stato aggiunto al tuo carrello\" role=\"button\">Aggiungi al carrello<\/a>\n\t\t\t\t\t<\/form>\n\t<\/div>\n<\/div>\t\t\t\t\t\t\t\t<\/article>\t  \n\t\t\t\t\t\t\t\t\t\t\t\t\t\t  \t<article class=\"item \">\n\t\t\t\t\t\t\t  \t\t<div class=\"card\">\n\t\t\n\t\n\t<div class=\"card-text brand ele d-flex justify-content-center\">\n\t\t<a href=\"https:\/\/casaporciatti.it\/shop\/prodotto\/montevertine-le-pergole-torte-2023-experience-box-da-9-bottiglie\/\" title=\"MONTEVERTINE LE PERGOLE TORTE 2023 EXPERIENCE BOX da 9 bottiglie\">\n\t\t\t\n\t\t\t\n\t<span class=\"onsale\">Offerta<\/span>\n\t<img loading=\"lazy\" decoding=\"async\" width=\"300\" height=\"300\" src=\"https:\/\/casaporciatti.it\/shop\/wp-content\/uploads\/2026\/05\/LE-PERGOLE-TORTE-2023-BOX-300x300.png\" class=\"attachment-woocommerce_thumbnail size-woocommerce_thumbnail\" alt=\"le pergole torte 2023 montevertine box\" srcset=\"https:\/\/casaporciatti.it\/shop\/wp-content\/uploads\/2026\/05\/LE-PERGOLE-TORTE-2023-BOX-300x300.png 300w, https:\/\/casaporciatti.it\/shop\/wp-content\/uploads\/2026\/05\/LE-PERGOLE-TORTE-2023-BOX-150x150.png 150w, https:\/\/casaporciatti.it\/shop\/wp-content\/uploads\/2026\/05\/LE-PERGOLE-TORTE-2023-BOX-100x100.png 100w, https:\/\/casaporciatti.it\/shop\/wp-content\/uploads\/2026\/05\/LE-PERGOLE-TORTE-2023-BOX.png 600w\" sizes=\"(max-width: 300px) 100vw, 300px\" title=\"\">\n\t\t<\/a>\n\t\t\t\t<div class=\"wishlistbella\">\n\t\t\t\t\t<\/div>\n\t<\/div>\n\t<div class=\"card-title titolo-elementor\">\n\t\t<a href=\"https:\/\/casaporciatti.it\/shop\/prodotto\/montevertine-le-pergole-torte-2023-experience-box-da-9-bottiglie\/\" title=\"MONTEVERTINE LE PERGOLE TORTE 2023 EXPERIENCE BOX da 9 bottiglie\">\n\t\t\t<h3 class=\"text-center px-3\" style=\"font-size: 16px;color: var( --e-global-color-text );\">MONTEVERTINE LE PERGOLE TORTE 2023 EXPERIENCE BOX da 9 bottiglie<\/h3>\n\t\t<\/a>\n\t<\/div>\n\n\t<div class=\"card-description homeel\">\n\t\t<div class=\"prezzo\">\n\t\t\t\n\t<span class=\"price\"><del aria-hidden=\"true\"><span class=\"woocommerce-Price-amount amount\"><bdi>618,00&nbsp;<span class=\"woocommerce-Price-currencySymbol\" translate=\"no\">&euro;<\/span><\/bdi><\/span><\/del> <span class=\"screen-reader-text\">Il prezzo originale era: 618,00&nbsp;&euro;.<\/span><ins aria-hidden=\"true\"><span class=\"woocommerce-Price-amount amount\"><bdi>550,00&nbsp;<span class=\"woocommerce-Price-currencySymbol\" translate=\"no\">&euro;<\/span><\/bdi><\/span><\/ins><span class=\"screen-reader-text\">Il prezzo attuale \u00e8: 550,00&nbsp;&euro;.<\/span><\/span>\n\t\t<\/div>\n\t<\/div>\n\t<div class=\"pulsantele py-3 justify-content-center\">\n\t\t\t\t\n\t\t\t<form class=\"cart\" action=\"https:\/\/casaporciatti.it\/shop\/prodotto\/montevertine-le-pergole-torte-2023-experience-box-da-9-bottiglie\/\" method=\"post\" enctype='multipart\/form-data'>\n\t\t\n\t\t\n\t\t\t<\/a><a title=\"Aggiungi al carrello MONTEVERTINE LE PERGOLE TORTE 2023 EXPERIENCE BOX da 9 bottiglie\" href=\"\/shop\/wp-json\/wp\/v2\/pages\/7?add-to-cart=13427\" data-quantity=\"1\" class=\"btn d-grid gap-2 text-center button product_type_simple add_to_cart_button ajax_add_to_cart\" data-product_id=\"13427\" data-product_sku=\"66ecbf25ced5-1-1\" aria-label=\"Aggiungi al carrello: &quot;MONTEVERTINE LE PERGOLE TORTE 2023 EXPERIENCE BOX da 9 bottiglie&quot;\" rel=\"nofollow\" data-success_message=\"&quot;MONTEVERTINE LE PERGOLE TORTE 2023 EXPERIENCE BOX da 9 bottiglie&quot; \u00e8 stato aggiunto al tuo carrello\" role=\"button\">Aggiungi al carrello<\/a>\n\t\t\t\t\t<\/form>\n\t<\/div>\n<\/div>\t\t\t\t\t\t\t\t<\/article>\t  \n\t\t\t\t\t\t\t\t\t\t\t\t\t\t  \t<article class=\"item \">\n\t\t\t\t\t\t\t  \t\t<div class=\"card\">\n\t\t\n\t\n\t<div class=\"card-text brand ele d-flex justify-content-center\">\n\t\t<a href=\"https:\/\/casaporciatti.it\/shop\/prodotto\/montevertine-le-pergole-torte-2023-experience-box-da-3-bottiglie\/\" title=\"MONTEVERTINE LE PERGOLE TORTE 2023 EXPERIENCE BOX da 3 bottiglie\">\n\t\t\t\n\t\t\t\n\t<span class=\"onsale\">Offerta<\/span>\n\t<img loading=\"lazy\" decoding=\"async\" width=\"300\" height=\"300\" src=\"https:\/\/casaporciatti.it\/shop\/wp-content\/uploads\/2026\/05\/LE-PERGOLE-TORTE-2023-BOX2-300x300.png\" class=\"attachment-woocommerce_thumbnail size-woocommerce_thumbnail\" alt=\"le pergole torte 2023\" srcset=\"https:\/\/casaporciatti.it\/shop\/wp-content\/uploads\/2026\/05\/LE-PERGOLE-TORTE-2023-BOX2-300x300.png 300w, https:\/\/casaporciatti.it\/shop\/wp-content\/uploads\/2026\/05\/LE-PERGOLE-TORTE-2023-BOX2-150x150.png 150w, https:\/\/casaporciatti.it\/shop\/wp-content\/uploads\/2026\/05\/LE-PERGOLE-TORTE-2023-BOX2-100x100.png 100w, https:\/\/casaporciatti.it\/shop\/wp-content\/uploads\/2026\/05\/LE-PERGOLE-TORTE-2023-BOX2.png 600w\" sizes=\"(max-width: 300px) 100vw, 300px\" title=\"\">\n\t\t<\/a>\n\t\t\t\t<div class=\"wishlistbella\">\n\t\t\t\t\t<\/div>\n\t<\/div>\n\t<div class=\"card-title titolo-elementor\">\n\t\t<a href=\"https:\/\/casaporciatti.it\/shop\/prodotto\/montevertine-le-pergole-torte-2023-experience-box-da-3-bottiglie\/\" title=\"MONTEVERTINE LE PERGOLE TORTE 2023 EXPERIENCE BOX da 3 bottiglie\">\n\t\t\t<h3 class=\"text-center px-3\" style=\"font-size: 16px;color: var( --e-global-color-text );\">MONTEVERTINE LE PERGOLE TORTE 2023 EXPERIENCE BOX da 3 bottiglie<\/h3>\n\t\t<\/a>\n\t<\/div>\n\n\t<div class=\"card-description homeel\">\n\t\t<div class=\"prezzo\">\n\t\t\t\n\t<span class=\"price\"><del aria-hidden=\"true\"><span class=\"woocommerce-Price-amount amount\"><bdi>444,00&nbsp;<span class=\"woocommerce-Price-currencySymbol\" translate=\"no\">&euro;<\/span><\/bdi><\/span><\/del> <span class=\"screen-reader-text\">Il prezzo originale era: 444,00&nbsp;&euro;.<\/span><ins aria-hidden=\"true\"><span class=\"woocommerce-Price-amount amount\"><bdi>390,00&nbsp;<span class=\"woocommerce-Price-currencySymbol\" translate=\"no\">&euro;<\/span><\/bdi><\/span><\/ins><span class=\"screen-reader-text\">Il prezzo attuale \u00e8: 390,00&nbsp;&euro;.<\/span><\/span>\n\t\t<\/div>\n\t<\/div>\n\t<div class=\"pulsantele py-3 justify-content-center\">\n\t\t\t\t\n\t\t\t<form class=\"cart\" action=\"https:\/\/casaporciatti.it\/shop\/prodotto\/montevertine-le-pergole-torte-2023-experience-box-da-3-bottiglie\/\" method=\"post\" enctype='multipart\/form-data'>\n\t\t\n\t\t\n\t\t\t<\/a><a title=\"Aggiungi al carrello MONTEVERTINE LE PERGOLE TORTE 2023 EXPERIENCE BOX da 3 bottiglie\" href=\"\/shop\/wp-json\/wp\/v2\/pages\/7?add-to-cart=13423\" data-quantity=\"1\" class=\"btn d-grid gap-2 text-center button product_type_simple add_to_cart_button ajax_add_to_cart\" data-product_id=\"13423\" data-product_sku=\"66ecbf25ced5-1\" aria-label=\"Aggiungi al carrello: &quot;MONTEVERTINE LE PERGOLE TORTE 2023 EXPERIENCE BOX da 3 bottiglie&quot;\" rel=\"nofollow\" data-success_message=\"&quot;MONTEVERTINE LE PERGOLE TORTE 2023 EXPERIENCE BOX da 3 bottiglie&quot; \u00e8 stato aggiunto al tuo carrello\" role=\"button\">Aggiungi al carrello<\/a>\n\t\t\t\t\t<\/form>\n\t<\/div>\n<\/div>\t\t\t\t\t\t\t\t<\/article>\t  \n\t\t\t\t\t\t\t\t\t\t\t\t\t\t  \t<article class=\"item \">\n\t\t\t\t\t\t\t  \t\t<div class=\"card\">\n\t\t\n\t\n\t<div class=\"card-text brand ele d-flex justify-content-center\">\n\t\t<a href=\"https:\/\/casaporciatti.it\/shop\/prodotto\/montevertine-le-pergole-torte-2023\/\" title=\"MONTEVERTINE LE PERGOLE TORTE  2023\">\n\t\t\t\n\t\t\t<img loading=\"lazy\" decoding=\"async\" width=\"300\" height=\"300\" src=\"https:\/\/casaporciatti.it\/shop\/wp-content\/uploads\/2026\/05\/LE-PERGOLE-TORTE-2023-300x300.png\" class=\"attachment-woocommerce_thumbnail size-woocommerce_thumbnail\" alt=\"montevertine le pergole torte 2023\" srcset=\"https:\/\/casaporciatti.it\/shop\/wp-content\/uploads\/2026\/05\/LE-PERGOLE-TORTE-2023-300x300.png 300w, https:\/\/casaporciatti.it\/shop\/wp-content\/uploads\/2026\/05\/LE-PERGOLE-TORTE-2023-150x150.png 150w, https:\/\/casaporciatti.it\/shop\/wp-content\/uploads\/2026\/05\/LE-PERGOLE-TORTE-2023-100x100.png 100w, https:\/\/casaporciatti.it\/shop\/wp-content\/uploads\/2026\/05\/LE-PERGOLE-TORTE-2023.png 600w\" sizes=\"(max-width: 300px) 100vw, 300px\" title=\"\">\n\t\t<\/a>\n\t\t\t\t<div class=\"wishlistbella\">\n\t\t\t\t\t<\/div>\n\t<\/div>\n\t<div class=\"card-title titolo-elementor\">\n\t\t<a href=\"https:\/\/casaporciatti.it\/shop\/prodotto\/montevertine-le-pergole-torte-2023\/\" title=\"MONTEVERTINE LE PERGOLE TORTE  2023\">\n\t\t\t<h3 class=\"text-center px-3\" style=\"font-size: 16px;color: var( --e-global-color-text );\">MONTEVERTINE LE PERGOLE TORTE  2023<\/h3>\n\t\t<\/a>\n\t<\/div>\n\n\t<div class=\"card-description homeel\">\n\t\t<div class=\"prezzo\">\n\t\t\t\n\t<span class=\"price\"><span class=\"woocommerce-Price-amount amount\"><bdi>290,00&nbsp;<span class=\"woocommerce-Price-currencySymbol\" translate=\"no\">&euro;<\/span><\/bdi><\/span><\/span>\n\t\t<\/div>\n\t<\/div>\n\t<div class=\"pulsantele py-3 justify-content-center\">\n\t\t\t\t\n\t\t\t<form class=\"cart\" action=\"https:\/\/casaporciatti.it\/shop\/prodotto\/montevertine-le-pergole-torte-2023\/\" method=\"post\" enctype='multipart\/form-data'>\n\t\t\n\t\t\n\t\t\t<\/a><a title=\"Aggiungi al carrello MONTEVERTINE LE PERGOLE TORTE  2023\" href=\"\/shop\/wp-json\/wp\/v2\/pages\/7?add-to-cart=13410\" data-quantity=\"1\" class=\"btn d-grid gap-2 text-center button product_type_simple add_to_cart_button ajax_add_to_cart\" data-product_id=\"13410\" data-product_sku=\"349f2dfc3431-1-1-1-1\" aria-label=\"Aggiungi al carrello: &quot;MONTEVERTINE LE PERGOLE TORTE  2023&quot;\" rel=\"nofollow\" data-success_message=\"&quot;MONTEVERTINE LE PERGOLE TORTE  2023&quot; \u00e8 stato aggiunto al tuo carrello\" role=\"button\">Aggiungi al carrello<\/a>\n\t\t\t\t\t<\/form>\n\t<\/div>\n<\/div>\t\t\t\t\t\t\t\t<\/article>\t  \n\t\t\t\t\t\t\t\t\t\t\t\t\t\t  \t<article class=\"item \">\n\t\t\t\t\t\t\t  \t\t<div class=\"card\">\n\t\t\n\t\n\t<div class=\"card-text brand ele d-flex justify-content-center\">\n\t\t<a href=\"https:\/\/casaporciatti.it\/shop\/prodotto\/giodo-brunello-di-montalcino-2021\/\" title=\"GIODO Brunello di Montalcino 2021\">\n\t\t\t\n\t\t\t<img loading=\"lazy\" decoding=\"async\" width=\"300\" height=\"300\" src=\"https:\/\/casaporciatti.it\/shop\/wp-content\/uploads\/2023\/02\/giodo-brunello-di-montalcino-carlo-ferrini-1-300x300.jpg\" class=\"attachment-woocommerce_thumbnail size-woocommerce_thumbnail\" alt=\"GIODO Brunello di Montalcino 2021\" srcset=\"https:\/\/casaporciatti.it\/shop\/wp-content\/uploads\/2023\/02\/giodo-brunello-di-montalcino-carlo-ferrini-1-300x300.jpg 300w, https:\/\/casaporciatti.it\/shop\/wp-content\/uploads\/2023\/02\/giodo-brunello-di-montalcino-carlo-ferrini-1-150x150.jpg 150w, https:\/\/casaporciatti.it\/shop\/wp-content\/uploads\/2023\/02\/giodo-brunello-di-montalcino-carlo-ferrini-1-100x100.jpg 100w, https:\/\/casaporciatti.it\/shop\/wp-content\/uploads\/2023\/02\/giodo-brunello-di-montalcino-carlo-ferrini-1.jpg 600w\" sizes=\"(max-width: 300px) 100vw, 300px\" title=\"\">\n\t\t<\/a>\n\t\t\t\t\t<div class=\"brand-elementor py-3\">\n\t\t\t\t\t\t\t\t\t    <a title=\"Produttori artigianali\" href=\"#\">\t\n\t\t\t\t\t    \t<img decoding=\"async\" style=\"height: 40px;width: auto;\" src=\"https:\/\/casaporciatti.it\/shop\/wp-content\/uploads\/2023\/01\/Produttori-artigianali.svg\" alt=\"Produttori artigianali\" title=\"\">\n\t\t\t\t\t\t<\/a>\n\t\t\t\t\t\t\t\t\t\t    <a title=\"Vino biologico\" href=\"#\">\t\n\t\t\t\t\t    \t<img decoding=\"async\" style=\"height: 40px;width: auto;\" src=\"https:\/\/casaporciatti.it\/shop\/wp-content\/uploads\/2023\/01\/Vino-biologico.svg\" alt=\"Vino biologico\" title=\"\">\n\t\t\t\t\t\t<\/a>\n\t\t\t\t\t\t\t\t\t\t    <a title=\"Vino pluripremiato\" href=\"#\">\t\n\t\t\t\t\t    \t<img decoding=\"async\" style=\"height: 40px;width: auto;\" src=\"https:\/\/casaporciatti.it\/shop\/wp-content\/uploads\/2023\/01\/Vino-pluripremiato.svg\" alt=\"Vino pluripremiato\" title=\"\">\n\t\t\t\t\t\t<\/a>\n\t\t\t\t\t\t\t\t<\/div>\n\t\t\t\t<div class=\"wishlistbella\">\n\t\t\t\t\t<\/div>\n\t<\/div>\n\t<div class=\"card-title titolo-elementor\">\n\t\t<a href=\"https:\/\/casaporciatti.it\/shop\/prodotto\/giodo-brunello-di-montalcino-2021\/\" title=\"GIODO Brunello di Montalcino 2021\">\n\t\t\t<h3 class=\"text-center px-3\" style=\"font-size: 16px;color: var( --e-global-color-text );\">GIODO Brunello di Montalcino 2021<\/h3>\n\t\t<\/a>\n\t<\/div>\n\n\t<div class=\"card-description homeel\">\n\t\t<div class=\"prezzo\">\n\t\t\t\n\t<span class=\"price\"><span class=\"woocommerce-Price-amount amount\"><bdi>130,00&nbsp;<span class=\"woocommerce-Price-currencySymbol\" translate=\"no\">&euro;<\/span><\/bdi><\/span><\/span>\n\t\t<\/div>\n\t<\/div>\n\t<div class=\"pulsantele py-3 justify-content-center\">\n\t\t\t\t\n\t\t\t<form class=\"cart\" action=\"https:\/\/casaporciatti.it\/shop\/prodotto\/giodo-brunello-di-montalcino-2021\/\" method=\"post\" enctype='multipart\/form-data'>\n\t\t\n\t\t\n\t\t\t<\/a><a title=\"Aggiungi al carrello GIODO Brunello di Montalcino 2021\" href=\"\/shop\/wp-json\/wp\/v2\/pages\/7?add-to-cart=13324\" data-quantity=\"1\" class=\"btn d-grid gap-2 text-center button product_type_simple add_to_cart_button ajax_add_to_cart\" data-product_id=\"13324\" data-product_sku=\"e3582fc41e0e-2\" aria-label=\"Aggiungi al carrello: &quot;GIODO Brunello di Montalcino 2021&quot;\" rel=\"nofollow\" data-success_message=\"&quot;GIODO Brunello di Montalcino 2021&quot; \u00e8 stato aggiunto al tuo carrello\" role=\"button\">Aggiungi al carrello<\/a>\n\t\t\t\t\t<\/form>\n\t<\/div>\n<\/div>\t\t\t\t\t\t\t\t<\/article>\t  \n\t\t\t\t\t\t\t\t\t\t\t\t\t\t  \t<article class=\"item \">\n\t\t\t\t\t\t\t  \t\t<div class=\"card\">\n\t\t\n\t\n\t<div class=\"card-text brand ele d-flex justify-content-center\">\n\t\t<a href=\"https:\/\/casaporciatti.it\/shop\/prodotto\/giuseppe-mascarello-barolo-monprivato-2021\/\" title=\"GIUSEPPE MASCARELLO Barolo Monprivato 2021\">\n\t\t\t\n\t\t\t<img loading=\"lazy\" decoding=\"async\" width=\"300\" height=\"300\" src=\"https:\/\/casaporciatti.it\/shop\/wp-content\/uploads\/2023\/02\/monprivato_barolo_giuseppe_mascarello-1-300x300.jpg\" class=\"attachment-woocommerce_thumbnail size-woocommerce_thumbnail\" alt=\"GIUSEPPE MASCARELLO Barolo Monprivato 2021\" srcset=\"https:\/\/casaporciatti.it\/shop\/wp-content\/uploads\/2023\/02\/monprivato_barolo_giuseppe_mascarello-1-300x300.jpg 300w, https:\/\/casaporciatti.it\/shop\/wp-content\/uploads\/2023\/02\/monprivato_barolo_giuseppe_mascarello-1-150x150.jpg 150w, https:\/\/casaporciatti.it\/shop\/wp-content\/uploads\/2023\/02\/monprivato_barolo_giuseppe_mascarello-1-100x100.jpg 100w, https:\/\/casaporciatti.it\/shop\/wp-content\/uploads\/2023\/02\/monprivato_barolo_giuseppe_mascarello-1.jpg 600w\" sizes=\"(max-width: 300px) 100vw, 300px\" title=\"\">\n\t\t<\/a>\n\t\t\t\t\t<div class=\"brand-elementor py-3\">\n\t\t\t\t\t\t\t\t\t    <a title=\"Consigliato da Riccardo\" href=\"#\">\t\n\t\t\t\t\t    \t<img decoding=\"async\" style=\"height: 40px;width: auto;\" src=\"https:\/\/casaporciatti.it\/shop\/wp-content\/uploads\/2023\/01\/Consigliato-da-Riccardo.svg\" alt=\"Consigliato da Riccardo\" title=\"\">\n\t\t\t\t\t\t<\/a>\n\t\t\t\t\t\t\t\t<\/div>\n\t\t\t\t<div class=\"wishlistbella\">\n\t\t\t\t\t<\/div>\n\t<\/div>\n\t<div class=\"card-title titolo-elementor\">\n\t\t<a href=\"https:\/\/casaporciatti.it\/shop\/prodotto\/giuseppe-mascarello-barolo-monprivato-2021\/\" title=\"GIUSEPPE MASCARELLO Barolo Monprivato 2021\">\n\t\t\t<h3 class=\"text-center px-3\" style=\"font-size: 16px;color: var( --e-global-color-text );\">GIUSEPPE MASCARELLO Barolo Monprivato 2021<\/h3>\n\t\t<\/a>\n\t<\/div>\n\n\t<div class=\"card-description homeel\">\n\t\t<div class=\"prezzo\">\n\t\t\t\n\t<span class=\"price\"><span class=\"woocommerce-Price-amount amount\"><bdi>248,00&nbsp;<span class=\"woocommerce-Price-currencySymbol\" translate=\"no\">&euro;<\/span><\/bdi><\/span><\/span>\n\t\t<\/div>\n\t<\/div>\n\t<div class=\"pulsantele py-3 justify-content-center\">\n\t\t\t\t\n\t\t\t<form class=\"cart\" action=\"https:\/\/casaporciatti.it\/shop\/prodotto\/giuseppe-mascarello-barolo-monprivato-2021\/\" method=\"post\" enctype='multipart\/form-data'>\n\t\t\n\t\t\n\t\t\t<\/a><a title=\"Aggiungi al carrello GIUSEPPE MASCARELLO Barolo Monprivato 2021\" href=\"\/shop\/wp-json\/wp\/v2\/pages\/7?add-to-cart=13283\" data-quantity=\"1\" class=\"btn d-grid gap-2 text-center button product_type_simple add_to_cart_button ajax_add_to_cart\" data-product_id=\"13283\" data-product_sku=\"baad8272af7a-1-1\" aria-label=\"Aggiungi al carrello: &quot;GIUSEPPE MASCARELLO Barolo Monprivato 2021&quot;\" rel=\"nofollow\" data-success_message=\"&quot;GIUSEPPE MASCARELLO Barolo Monprivato 2021&quot; \u00e8 stato aggiunto al tuo carrello\" role=\"button\">Aggiungi al carrello<\/a>\n\t\t\t\t\t<\/form>\n\t<\/div>\n<\/div>\t\t\t\t\t\t\t\t<\/article>\t  \n\t\t\t\t\t\t\t\t\t\t\t\t<\/div>\n\t\t\t\t<\/div>\n\t\t\t\t\t\t\t\t\t<div class=\"row mb-5 py-3\">\n\n\t\t\t\t\t\t<div class=\"allineamento_pulsante\">\n\t\t\t\t\t\t\t<a  style=\"color:white;font-weight:700;background-color: var(--e-global-color-primary);border-radius: 13px;padding: 10px 50px;\" class=\"btn text-center\" title=\"Scopri di pi\u00f9\" href=\"https:\/\/casaporciatti.it\/shop\/categorie-speciali\/vini-pregiati-e-rari\/\">\n\t\t\t\t\t\t\t\tScopri di pi\u00f9\t\t\n\t\t\t\t\t\t\t<\/a>\n\t\t\t\t\t\t<\/div>\n\t\t\t\t\t\n\t\t\t\t\t<\/div>\n\t\t\t\t\t\t\t<\/div>\n\t\t<\/section>\n\t\t\t\t\t\t<\/div>\n\t\t\t\t<\/div>\n\t\t\t\t\t<\/div>\n\t\t<\/div>\n\t\t\t\t\t<\/div>\n\t\t<\/section>\n\t\t\t\t<section class=\"elementor-section elementor-top-section elementor-element elementor-element-ddd9dda elementor-section-full_width elementor-section-height-default elementor-section-height-default\" data-id=\"ddd9dda\" data-element_type=\"section\" data-e-type=\"section\">\n\t\t\t\t\t\t<div class=\"elementor-container elementor-column-gap-default\">\n\t\t\t\t\t<div class=\"elementor-column elementor-col-100 elementor-top-column elementor-element elementor-element-b04fe05\" data-id=\"b04fe05\" data-element_type=\"column\" data-e-type=\"column\">\n\t\t\t<div class=\"elementor-widget-wrap elementor-element-populated\">\n\t\t\t\t\t\t<div class=\"elementor-element elementor-element-15563b1 elementor-widget elementor-widget-post_prodotti\" data-id=\"15563b1\" data-element_type=\"widget\" data-e-type=\"widget\" data-widget_type=\"post_prodotti.default\">\n\t\t\t\t<div class=\"elementor-widget-container\">\n\t\t\t\t\t\t\t\t<script type=\"text\/javascript\">\n\t\t\t\tjQuery( function($) {\n\t\t\t\t  \t$(document).ready(function() {\n\t\t\t\t\t    $(\".carosello-prodottitoscana\").owlCarousel({\n\t\t\t\t\t        loop:true,\n\t\t\t\t\t        autoplay:true,\n\t\t\t\t\t        responsiveClass: true,\n\t\t\t\t\t\t\tresponsive : {\n\t\t\t\t\t\t\t    \/\/ breakpoint from 0 up\n\t\t\t\t\t\t\t    0 : {\n\t\t\t\t\t\t\t        items : 1,\n\t\t\t\t\t\t\t    },\n\t\t\t\t\t\t\t    \/\/ breakpoint from 480 up\n\t\t\t\t\t\t\t    480 : {\n\t\t\t\t\t\t\t        items : 2,\n\t\t\t\t\t\t\t    },\n\t\t\t\t\t\t\t    \/\/ breakpoint from 768 up\n\t\t\t\t\t\t\t    768 : {\n\t\t\t\t\t\t\t        items : 3,\n\t\t\t\t\t\t\t    }\n\t\t\t\t\t\t\t},\n\t\t\t\t\t        items:3,\n\t\t\t\t\t        margin:30,\n\t\t\t\t\t        autoWidth:false,\n\t\t\t\t\t        autoplayHoverPause: true,\n\t\t\t\t\t        rewind:true,\n\t\t\t\t\t        lazyLoad:true,\n\t\t\t\t\t        nav:true,\n\t\t\t\t\t        navText: ['<i class=\"fa-solid fa-chevron-left\"><\/i>', '<i class=\"fa-solid fa-chevron-right\"><\/i>'],\n\t\t\t\t\t    });\n\t\t\t\t  \t});\n\t\t\t\t});\n\t\t\t<\/script>\n\t\t\t\t\t<style type=\"text\/css\">\n\t\t\t\t.woocommerce ul.products li.product, .woocommerce-page ul.products li.product {\n\t\t\t\t  width: 90.05%;\n\t\t\t\t}\n\t\t\t\t.owl-prev {\n\t\t\t\t    position: absolute;\n\t\t\t\t    top: 40%;\n\t\t\t\t    margin-left: -20px!important;\n\t\t\t\t    display: block !important;\n\t\t\t\t    background-color: transparent !important;\n\t\t\t\t}\n\n\t\t\t\t.owl-next {\n\t\t\t\t    position: absolute;\n\t\t\t\t    top: 40%;\n\t\t\t\t    right: -25px;\n\t\t\t\t    display: block !important;\n\t\t\t\t    background-color: transparent !important;\n\t\t\t\t}\n\t\t\t\t.owl-prev i, .owl-next i {\n\t\t\t\t\tfont-size: 20px;\n\t\t\t\t\tpadding: 10px 14px;\n\t\t\t\t\tcolor: white;\n\t\t\t\t\tbackground-color: var(--e-global-color-accent);\n\t\t\t\t\tborder-radius: 50%;\n\t\t\t\t}\n\t\t\t\t.owl-carousel .owl-item img {\n\t\t\t\t  width: auto;\n\t\t\t\t}\n\t\t<\/style>\n\t\t<section style=\"position:relative;\" class=\"\">\n\t\t\t\t\t\t\t\t<div class=\"position-relative py-5 d-flex flex-column align-items-center\" style=\"background-image: url(https:\/\/casaporciatti.it\/shop\/wp-content\/uploads\/2023\/02\/5.Toscana-nascosta-1.jpg);background-position: 50%50%;background-repeat: no-repeat;background-size: cover;\">\n\t\t\t\t\t\t\t\t\t<div class=\"overlaybello\"><\/div>\n\t\t\t\t\t<div class=\"sec-title py-5\">\n\t\t\t\t\t\t<h2 class=\"text-center\">La toscana nascosta\u200b<\/h2>\n\t\t\t\t\t\t<p class=\"text-center\">In viaggio alla ricerca di vini e produttori fuori dagli schemi.<\/p>\n\t\t\t\t\t<\/div>\n\t\t\t\t<\/div>\n\t\t\t\t\t\t<div class=\"container\">\n\t\t\t\t<div class=\"row d-flex align-items-center\">\n\t\t\t\t\t\t\t\t\t\t<div class=\"carosello-prodottitoscana owl-carousel owl-theme\">\n\t\t\t\t\t\t\t\t\t\t\t\t\t  \t<article class=\"item \">\n\t\t\t\t\t\t\t  \t\t<div class=\"card\">\n\t\t\n\t\n\t<div class=\"card-text brand ele d-flex justify-content-center\">\n\t\t<a href=\"https:\/\/casaporciatti.it\/shop\/prodotto\/podere-le-boncie-5-2024\/\" title=\"PODERE LE BONCIE 5 2024\">\n\t\t\t\n\t\t\t<img loading=\"lazy\" decoding=\"async\" width=\"300\" height=\"300\" src=\"https:\/\/casaporciatti.it\/shop\/wp-content\/uploads\/2023\/01\/5-podere-le-boncie-300x300.jpg\" class=\"attachment-woocommerce_thumbnail size-woocommerce_thumbnail\" alt=\"PODERE LE BONCIE 5 2024\" srcset=\"https:\/\/casaporciatti.it\/shop\/wp-content\/uploads\/2023\/01\/5-podere-le-boncie-300x300.jpg 300w, https:\/\/casaporciatti.it\/shop\/wp-content\/uploads\/2023\/01\/5-podere-le-boncie-150x150.jpg 150w, https:\/\/casaporciatti.it\/shop\/wp-content\/uploads\/2023\/01\/5-podere-le-boncie-100x100.jpg 100w, https:\/\/casaporciatti.it\/shop\/wp-content\/uploads\/2023\/01\/5-podere-le-boncie.jpg 600w\" sizes=\"(max-width: 300px) 100vw, 300px\" title=\"\">\n\t\t<\/a>\n\t\t\t\t\t<div class=\"brand-elementor py-3\">\n\t\t\t\t\t\t\t\t\t    <a title=\"Produttori artigianali\" href=\"#\">\t\n\t\t\t\t\t    \t<img decoding=\"async\" style=\"height: 40px;width: auto;\" src=\"https:\/\/casaporciatti.it\/shop\/wp-content\/uploads\/2023\/01\/Produttori-artigianali.svg\" alt=\"Produttori artigianali\" title=\"\">\n\t\t\t\t\t\t<\/a>\n\t\t\t\t\t\t\t\t<\/div>\n\t\t\t\t<div class=\"wishlistbella\">\n\t\t\t\t\t<\/div>\n\t<\/div>\n\t<div class=\"card-title titolo-elementor\">\n\t\t<a href=\"https:\/\/casaporciatti.it\/shop\/prodotto\/podere-le-boncie-5-2024\/\" title=\"PODERE LE BONCIE 5 2024\">\n\t\t\t<h3 class=\"text-center px-3\" style=\"font-size: 16px;color: var( --e-global-color-text );\">PODERE LE BONCIE 5 2024<\/h3>\n\t\t<\/a>\n\t<\/div>\n\n\t<div class=\"card-description homeel\">\n\t\t<div class=\"prezzo\">\n\t\t\t\n\t<span class=\"price\"><span class=\"woocommerce-Price-amount amount\"><bdi>25,00&nbsp;<span class=\"woocommerce-Price-currencySymbol\" translate=\"no\">&euro;<\/span><\/bdi><\/span><\/span>\n\t\t<\/div>\n\t<\/div>\n\t<div class=\"pulsantele py-3 justify-content-center\">\n\t\t\t\t\n\t\t\t<form class=\"cart\" action=\"https:\/\/casaporciatti.it\/shop\/prodotto\/podere-le-boncie-5-2024\/\" method=\"post\" enctype='multipart\/form-data'>\n\t\t\n\t\t\n\t\t\t<\/a><a title=\"Aggiungi al carrello PODERE LE BONCIE 5 2024\" href=\"\/shop\/wp-json\/wp\/v2\/pages\/7?add-to-cart=13500\" data-quantity=\"1\" class=\"btn d-grid gap-2 text-center button product_type_simple add_to_cart_button ajax_add_to_cart\" data-product_id=\"13500\" data-product_sku=\"55576f2e031e-1\" aria-label=\"Aggiungi al carrello: &quot;PODERE LE BONCIE 5 2024&quot;\" rel=\"nofollow\" data-success_message=\"&quot;PODERE LE BONCIE 5 2024&quot; \u00e8 stato aggiunto al tuo carrello\" role=\"button\">Aggiungi al carrello<\/a>\n\t\t\t\t\t<\/form>\n\t<\/div>\n<\/div>\t\t\t\t\t\t\t\t<\/article>\t  \n\t\t\t\t\t\t\t\t\t\t\t\t\t\t  \t<article class=\"item \">\n\t\t\t\t\t\t\t  \t\t<div class=\"card\">\n\t\t\n\t\n\t<div class=\"card-text brand ele d-flex justify-content-center\">\n\t\t<a href=\"https:\/\/casaporciatti.it\/shop\/prodotto\/podere-le-boncie-le-trame-2023\/\" title=\"PODERE LE BONCIE LE TRAME  2023\">\n\t\t\t\n\t\t\t<img loading=\"lazy\" decoding=\"async\" width=\"300\" height=\"300\" src=\"https:\/\/casaporciatti.it\/shop\/wp-content\/uploads\/2023\/01\/podere-le-boncie-le-trame-300x300.jpg\" class=\"attachment-woocommerce_thumbnail size-woocommerce_thumbnail\" alt=\"PODERE LE BONCIE LE TRAME  2023\" srcset=\"https:\/\/casaporciatti.it\/shop\/wp-content\/uploads\/2023\/01\/podere-le-boncie-le-trame-300x300.jpg 300w, https:\/\/casaporciatti.it\/shop\/wp-content\/uploads\/2023\/01\/podere-le-boncie-le-trame-150x150.jpg 150w, https:\/\/casaporciatti.it\/shop\/wp-content\/uploads\/2023\/01\/podere-le-boncie-le-trame-100x100.jpg 100w, https:\/\/casaporciatti.it\/shop\/wp-content\/uploads\/2023\/01\/podere-le-boncie-le-trame.jpg 600w\" sizes=\"(max-width: 300px) 100vw, 300px\" title=\"\">\n\t\t<\/a>\n\t\t\t\t\t<div class=\"brand-elementor py-3\">\n\t\t\t\t\t\t\t\t\t    <a title=\"Produttori artigianali\" href=\"#\">\t\n\t\t\t\t\t    \t<img decoding=\"async\" style=\"height: 40px;width: auto;\" src=\"https:\/\/casaporciatti.it\/shop\/wp-content\/uploads\/2023\/01\/Produttori-artigianali.svg\" alt=\"Produttori artigianali\" title=\"\">\n\t\t\t\t\t\t<\/a>\n\t\t\t\t\t\t\t\t<\/div>\n\t\t\t\t<div class=\"wishlistbella\">\n\t\t\t\t\t<\/div>\n\t<\/div>\n\t<div class=\"card-title titolo-elementor\">\n\t\t<a href=\"https:\/\/casaporciatti.it\/shop\/prodotto\/podere-le-boncie-le-trame-2023\/\" title=\"PODERE LE BONCIE LE TRAME  2023\">\n\t\t\t<h3 class=\"text-center px-3\" style=\"font-size: 16px;color: var( --e-global-color-text );\">PODERE LE BONCIE LE TRAME  2023<\/h3>\n\t\t<\/a>\n\t<\/div>\n\n\t<div class=\"card-description homeel\">\n\t\t<div class=\"prezzo\">\n\t\t\t\n\t<span class=\"price\"><span class=\"woocommerce-Price-amount amount\"><bdi>59,50&nbsp;<span class=\"woocommerce-Price-currencySymbol\" translate=\"no\">&euro;<\/span><\/bdi><\/span><\/span>\n\t\t<\/div>\n\t<\/div>\n\t<div class=\"pulsantele py-3 justify-content-center\">\n\t\t\t\t\n\t\t\t<form class=\"cart\" action=\"https:\/\/casaporciatti.it\/shop\/prodotto\/podere-le-boncie-le-trame-2023\/\" method=\"post\" enctype='multipart\/form-data'>\n\t\t\n\t\t\n\t\t\t<\/a><a title=\"Aggiungi al carrello PODERE LE BONCIE LE TRAME  2023\" href=\"\/shop\/wp-json\/wp\/v2\/pages\/7?add-to-cart=13498\" data-quantity=\"1\" class=\"btn d-grid gap-2 text-center button product_type_simple add_to_cart_button ajax_add_to_cart\" data-product_id=\"13498\" data-product_sku=\"608fff764d10-1-1\" aria-label=\"Aggiungi al carrello: &quot;PODERE LE BONCIE LE TRAME  2023&quot;\" rel=\"nofollow\" data-success_message=\"&quot;PODERE LE BONCIE LE TRAME  2023&quot; \u00e8 stato aggiunto al tuo carrello\" role=\"button\">Aggiungi al carrello<\/a>\n\t\t\t\t\t<\/form>\n\t<\/div>\n<\/div>\t\t\t\t\t\t\t\t<\/article>\t  \n\t\t\t\t\t\t\t\t\t\t\t\t\t\t  \t<article class=\"item \">\n\t\t\t\t\t\t\t  \t\t<div class=\"card\">\n\t\t\n\t\n\t<div class=\"card-text brand ele d-flex justify-content-center\">\n\t\t<a href=\"https:\/\/casaporciatti.it\/shop\/prodotto\/stefano-amerighi-2023\/\" title=\"STEFANO AMERIGHI 2023\">\n\t\t\t\n\t\t\t<img loading=\"lazy\" decoding=\"async\" width=\"300\" height=\"300\" src=\"https:\/\/casaporciatti.it\/shop\/wp-content\/uploads\/2023\/02\/stefano_amerighi_cortona_sirah-1-300x300.jpg\" class=\"attachment-woocommerce_thumbnail size-woocommerce_thumbnail\" alt=\"STEFANO AMERIGHI 2023\" srcset=\"https:\/\/casaporciatti.it\/shop\/wp-content\/uploads\/2023\/02\/stefano_amerighi_cortona_sirah-1-300x300.jpg 300w, https:\/\/casaporciatti.it\/shop\/wp-content\/uploads\/2023\/02\/stefano_amerighi_cortona_sirah-1-150x150.jpg 150w, https:\/\/casaporciatti.it\/shop\/wp-content\/uploads\/2023\/02\/stefano_amerighi_cortona_sirah-1-100x100.jpg 100w, https:\/\/casaporciatti.it\/shop\/wp-content\/uploads\/2023\/02\/stefano_amerighi_cortona_sirah-1.jpg 600w\" sizes=\"(max-width: 300px) 100vw, 300px\" title=\"\">\n\t\t<\/a>\n\t\t\t\t\t<div class=\"brand-elementor py-3\">\n\t\t\t\t\t\t\t\t\t    <a title=\"Produttori artigianali\" href=\"#\">\t\n\t\t\t\t\t    \t<img decoding=\"async\" style=\"height: 40px;width: auto;\" src=\"https:\/\/casaporciatti.it\/shop\/wp-content\/uploads\/2023\/01\/Produttori-artigianali.svg\" alt=\"Produttori artigianali\" title=\"\">\n\t\t\t\t\t\t<\/a>\n\t\t\t\t\t\t\t\t<\/div>\n\t\t\t\t<div class=\"wishlistbella\">\n\t\t\t\t\t<\/div>\n\t<\/div>\n\t<div class=\"card-title titolo-elementor\">\n\t\t<a href=\"https:\/\/casaporciatti.it\/shop\/prodotto\/stefano-amerighi-2023\/\" title=\"STEFANO AMERIGHI 2023\">\n\t\t\t<h3 class=\"text-center px-3\" style=\"font-size: 16px;color: var( --e-global-color-text );\">STEFANO AMERIGHI 2023<\/h3>\n\t\t<\/a>\n\t<\/div>\n\n\t<div class=\"card-description homeel\">\n\t\t<div class=\"prezzo\">\n\t\t\t\n\t<span class=\"price\"><span class=\"woocommerce-Price-amount amount\"><bdi>31,00&nbsp;<span class=\"woocommerce-Price-currencySymbol\" translate=\"no\">&euro;<\/span><\/bdi><\/span><\/span>\n\t\t<\/div>\n\t<\/div>\n\t<div class=\"pulsantele py-3 justify-content-center\">\n\t\t\t\t\n\t\t\t<form class=\"cart\" action=\"https:\/\/casaporciatti.it\/shop\/prodotto\/stefano-amerighi-2023\/\" method=\"post\" enctype='multipart\/form-data'>\n\t\t\n\t\t\n\t\t\t<\/a><a title=\"Aggiungi al carrello STEFANO AMERIGHI 2023\" href=\"\/shop\/wp-json\/wp\/v2\/pages\/7?add-to-cart=13492\" data-quantity=\"1\" class=\"btn d-grid gap-2 text-center button product_type_simple add_to_cart_button ajax_add_to_cart\" data-product_id=\"13492\" data-product_sku=\"2ee85d659ba9-1\" aria-label=\"Aggiungi al carrello: &quot;STEFANO AMERIGHI 2023&quot;\" rel=\"nofollow\" data-success_message=\"&quot;STEFANO AMERIGHI 2023&quot; \u00e8 stato aggiunto al tuo carrello\" role=\"button\">Aggiungi al carrello<\/a>\n\t\t\t\t\t<\/form>\n\t<\/div>\n<\/div>\t\t\t\t\t\t\t\t<\/article>\t  \n\t\t\t\t\t\t\t\t\t\t\t\t\t\t  \t<article class=\"item \">\n\t\t\t\t\t\t\t  \t\t<div class=\"card\">\n\t\t\n\t\n\t<div class=\"card-text brand ele d-flex justify-content-center\">\n\t\t<a href=\"https:\/\/casaporciatti.it\/shop\/prodotto\/fattoria-di-lamole-antico-lamole-chianti-classico-gran-selezione-2018\/\" title=\"FATTORIA DI LAMOLE ANTICO LAMOLE Chianti Classico Gran Selezione 2018\">\n\t\t\t\n\t\t\t<img loading=\"lazy\" decoding=\"async\" width=\"300\" height=\"300\" src=\"https:\/\/casaporciatti.it\/shop\/wp-content\/uploads\/2026\/05\/antico-lamole-chianti-classico-gran-selezione-paolo-socci-300x300.jpg\" class=\"attachment-woocommerce_thumbnail size-woocommerce_thumbnail\" alt=\"antico lamole chianti classico gran selezione\" srcset=\"https:\/\/casaporciatti.it\/shop\/wp-content\/uploads\/2026\/05\/antico-lamole-chianti-classico-gran-selezione-paolo-socci-300x300.jpg 300w, https:\/\/casaporciatti.it\/shop\/wp-content\/uploads\/2026\/05\/antico-lamole-chianti-classico-gran-selezione-paolo-socci-150x150.jpg 150w, https:\/\/casaporciatti.it\/shop\/wp-content\/uploads\/2026\/05\/antico-lamole-chianti-classico-gran-selezione-paolo-socci-100x100.jpg 100w, https:\/\/casaporciatti.it\/shop\/wp-content\/uploads\/2026\/05\/antico-lamole-chianti-classico-gran-selezione-paolo-socci.jpg 600w\" sizes=\"(max-width: 300px) 100vw, 300px\" title=\"\">\n\t\t<\/a>\n\t\t\t\t\t<div class=\"brand-elementor py-3\">\n\t\t\t\t\t\t\t\t\t    <a title=\"Consigliato da Riccardo\" href=\"#\">\t\n\t\t\t\t\t    \t<img decoding=\"async\" style=\"height: 40px;width: auto;\" src=\"https:\/\/casaporciatti.it\/shop\/wp-content\/uploads\/2023\/01\/Consigliato-da-Riccardo.svg\" alt=\"Consigliato da Riccardo\" title=\"\">\n\t\t\t\t\t\t<\/a>\n\t\t\t\t\t\t\t\t\t\t    <a title=\"Produttori artigianali\" href=\"#\">\t\n\t\t\t\t\t    \t<img decoding=\"async\" style=\"height: 40px;width: auto;\" src=\"https:\/\/casaporciatti.it\/shop\/wp-content\/uploads\/2023\/01\/Produttori-artigianali.svg\" alt=\"Produttori artigianali\" title=\"\">\n\t\t\t\t\t\t<\/a>\n\t\t\t\t\t\t\t\t\t\t    <a title=\"Vino biologico\" href=\"#\">\t\n\t\t\t\t\t    \t<img decoding=\"async\" style=\"height: 40px;width: auto;\" src=\"https:\/\/casaporciatti.it\/shop\/wp-content\/uploads\/2023\/01\/Vino-biologico.svg\" alt=\"Vino biologico\" title=\"\">\n\t\t\t\t\t\t<\/a>\n\t\t\t\t\t\t\t\t<\/div>\n\t\t\t\t<div class=\"wishlistbella\">\n\t\t\t\t\t<\/div>\n\t<\/div>\n\t<div class=\"card-title titolo-elementor\">\n\t\t<a href=\"https:\/\/casaporciatti.it\/shop\/prodotto\/fattoria-di-lamole-antico-lamole-chianti-classico-gran-selezione-2018\/\" title=\"FATTORIA DI LAMOLE ANTICO LAMOLE Chianti Classico Gran Selezione 2018\">\n\t\t\t<h3 class=\"text-center px-3\" style=\"font-size: 16px;color: var( --e-global-color-text );\">FATTORIA DI LAMOLE ANTICO LAMOLE Chianti Classico Gran Selezione 2018<\/h3>\n\t\t<\/a>\n\t<\/div>\n\n\t<div class=\"card-description homeel\">\n\t\t<div class=\"prezzo\">\n\t\t\t\n\t<span class=\"price\"><span class=\"woocommerce-Price-amount amount\"><bdi>68,00&nbsp;<span class=\"woocommerce-Price-currencySymbol\" translate=\"no\">&euro;<\/span><\/bdi><\/span><\/span>\n\t\t<\/div>\n\t<\/div>\n\t<div class=\"pulsantele py-3 justify-content-center\">\n\t\t\t\t\n\t\t\t<form class=\"cart\" action=\"https:\/\/casaporciatti.it\/shop\/prodotto\/fattoria-di-lamole-antico-lamole-chianti-classico-gran-selezione-2018\/\" method=\"post\" enctype='multipart\/form-data'>\n\t\t\n\t\t\n\t\t\t<\/a><a title=\"Aggiungi al carrello FATTORIA DI LAMOLE ANTICO LAMOLE Chianti Classico Gran Selezione 2018\" href=\"\/shop\/wp-json\/wp\/v2\/pages\/7?add-to-cart=13470\" data-quantity=\"1\" class=\"btn d-grid gap-2 text-center button product_type_simple add_to_cart_button ajax_add_to_cart\" data-product_id=\"13470\" data-product_sku=\"5f731102b362-1\" aria-label=\"Aggiungi al carrello: &quot;FATTORIA DI LAMOLE ANTICO LAMOLE Chianti Classico Gran Selezione 2018&quot;\" rel=\"nofollow\" data-success_message=\"&quot;FATTORIA DI LAMOLE ANTICO LAMOLE Chianti Classico Gran Selezione 2018&quot; \u00e8 stato aggiunto al tuo carrello\" role=\"button\">Aggiungi al carrello<\/a>\n\t\t\t\t\t<\/form>\n\t<\/div>\n<\/div>\t\t\t\t\t\t\t\t<\/article>\t  \n\t\t\t\t\t\t\t\t\t\t\t\t\t\t  \t<article class=\"item \">\n\t\t\t\t\t\t\t  \t\t<div class=\"card\">\n\t\t\n\t\n\t<div class=\"card-text brand ele d-flex justify-content-center\">\n\t\t<a href=\"https:\/\/casaporciatti.it\/shop\/prodotto\/giacomo-baraldo-il-pozzone-2021\/\" title=\"GIACOMO BARALDO IL POZZONE 2021\">\n\t\t\t\n\t\t\t<img loading=\"lazy\" decoding=\"async\" width=\"300\" height=\"300\" src=\"https:\/\/casaporciatti.it\/shop\/wp-content\/uploads\/2026\/05\/il-pozzone-giacomo-baraldo-300x300.png\" class=\"attachment-woocommerce_thumbnail size-woocommerce_thumbnail\" alt=\"il pozzone giacomo barlado\" srcset=\"https:\/\/casaporciatti.it\/shop\/wp-content\/uploads\/2026\/05\/il-pozzone-giacomo-baraldo-300x300.png 300w, https:\/\/casaporciatti.it\/shop\/wp-content\/uploads\/2026\/05\/il-pozzone-giacomo-baraldo-150x150.png 150w, https:\/\/casaporciatti.it\/shop\/wp-content\/uploads\/2026\/05\/il-pozzone-giacomo-baraldo-100x100.png 100w, https:\/\/casaporciatti.it\/shop\/wp-content\/uploads\/2026\/05\/il-pozzone-giacomo-baraldo.png 600w\" sizes=\"(max-width: 300px) 100vw, 300px\" title=\"\">\n\t\t<\/a>\n\t\t\t\t\t<div class=\"brand-elementor py-3\">\n\t\t\t\t\t\t\t\t\t    <a title=\"Consigliato da Riccardo\" href=\"#\">\t\n\t\t\t\t\t    \t<img decoding=\"async\" style=\"height: 40px;width: auto;\" src=\"https:\/\/casaporciatti.it\/shop\/wp-content\/uploads\/2023\/01\/Consigliato-da-Riccardo.svg\" alt=\"Consigliato da Riccardo\" title=\"\">\n\t\t\t\t\t\t<\/a>\n\t\t\t\t\t\t\t\t<\/div>\n\t\t\t\t<div class=\"wishlistbella\">\n\t\t\t\t\t<\/div>\n\t<\/div>\n\t<div class=\"card-title titolo-elementor\">\n\t\t<a href=\"https:\/\/casaporciatti.it\/shop\/prodotto\/giacomo-baraldo-il-pozzone-2021\/\" title=\"GIACOMO BARALDO IL POZZONE 2021\">\n\t\t\t<h3 class=\"text-center px-3\" style=\"font-size: 16px;color: var( --e-global-color-text );\">GIACOMO BARALDO IL POZZONE 2021<\/h3>\n\t\t<\/a>\n\t<\/div>\n\n\t<div class=\"card-description homeel\">\n\t\t<div class=\"prezzo\">\n\t\t\t\n\t<span class=\"price\"><span class=\"woocommerce-Price-amount amount\"><bdi>35,00&nbsp;<span class=\"woocommerce-Price-currencySymbol\" translate=\"no\">&euro;<\/span><\/bdi><\/span><\/span>\n\t\t<\/div>\n\t<\/div>\n\t<div class=\"pulsantele py-3 justify-content-center\">\n\t\t\t\t\n\t\t\t<form class=\"cart\" action=\"https:\/\/casaporciatti.it\/shop\/prodotto\/giacomo-baraldo-il-pozzone-2021\/\" method=\"post\" enctype='multipart\/form-data'>\n\t\t\n\t\t\n\t\t\t<\/a><a title=\"Aggiungi al carrello GIACOMO BARALDO IL POZZONE 2021\" href=\"\/shop\/wp-json\/wp\/v2\/pages\/7?add-to-cart=13442\" data-quantity=\"1\" class=\"btn d-grid gap-2 text-center button product_type_simple add_to_cart_button ajax_add_to_cart\" data-product_id=\"13442\" data-product_sku=\"42db8029f47e-1-1-1\" aria-label=\"Aggiungi al carrello: &quot;GIACOMO BARALDO IL POZZONE 2021&quot;\" rel=\"nofollow\" data-success_message=\"&quot;GIACOMO BARALDO IL POZZONE 2021&quot; \u00e8 stato aggiunto al tuo carrello\" role=\"button\">Aggiungi al carrello<\/a>\n\t\t\t\t\t<\/form>\n\t<\/div>\n<\/div>\t\t\t\t\t\t\t\t<\/article>\t  \n\t\t\t\t\t\t\t\t\t\t\t\t\t\t  \t<article class=\"item \">\n\t\t\t\t\t\t\t  \t\t<div class=\"card\">\n\t\t\n\t\n\t<div class=\"card-text brand ele d-flex justify-content-center\">\n\t\t<a href=\"https:\/\/casaporciatti.it\/shop\/prodotto\/giacomo-baraldo-il-bossolo-2022\/\" title=\"GIACOMO BARALDO IL BOSSOLO 2022\">\n\t\t\t\n\t\t\t<img loading=\"lazy\" decoding=\"async\" width=\"300\" height=\"300\" src=\"https:\/\/casaporciatti.it\/shop\/wp-content\/uploads\/2024\/07\/giacomo-baraldo-bossolo-300x300.jpg\" class=\"attachment-woocommerce_thumbnail size-woocommerce_thumbnail\" alt=\"il bossolo giacomo barlado\" srcset=\"https:\/\/casaporciatti.it\/shop\/wp-content\/uploads\/2024\/07\/giacomo-baraldo-bossolo-300x300.jpg 300w, https:\/\/casaporciatti.it\/shop\/wp-content\/uploads\/2024\/07\/giacomo-baraldo-bossolo-150x150.jpg 150w, https:\/\/casaporciatti.it\/shop\/wp-content\/uploads\/2024\/07\/giacomo-baraldo-bossolo-100x100.jpg 100w, https:\/\/casaporciatti.it\/shop\/wp-content\/uploads\/2024\/07\/giacomo-baraldo-bossolo.jpg 600w\" sizes=\"(max-width: 300px) 100vw, 300px\" title=\"\">\n\t\t<\/a>\n\t\t\t\t\t<div class=\"brand-elementor py-3\">\n\t\t\t\t\t\t\t\t\t    <a title=\"Consigliato da Riccardo\" href=\"#\">\t\n\t\t\t\t\t    \t<img decoding=\"async\" style=\"height: 40px;width: auto;\" src=\"https:\/\/casaporciatti.it\/shop\/wp-content\/uploads\/2023\/01\/Consigliato-da-Riccardo.svg\" alt=\"Consigliato da Riccardo\" title=\"\">\n\t\t\t\t\t\t<\/a>\n\t\t\t\t\t\t\t\t<\/div>\n\t\t\t\t<div class=\"wishlistbella\">\n\t\t\t\t\t<\/div>\n\t<\/div>\n\t<div class=\"card-title titolo-elementor\">\n\t\t<a href=\"https:\/\/casaporciatti.it\/shop\/prodotto\/giacomo-baraldo-il-bossolo-2022\/\" title=\"GIACOMO BARALDO IL BOSSOLO 2022\">\n\t\t\t<h3 class=\"text-center px-3\" style=\"font-size: 16px;color: var( --e-global-color-text );\">GIACOMO BARALDO IL BOSSOLO 2022<\/h3>\n\t\t<\/a>\n\t<\/div>\n\n\t<div class=\"card-description homeel\">\n\t\t<div class=\"prezzo\">\n\t\t\t\n\t<span class=\"price\"><span class=\"woocommerce-Price-amount amount\"><bdi>27,00&nbsp;<span class=\"woocommerce-Price-currencySymbol\" translate=\"no\">&euro;<\/span><\/bdi><\/span><\/span>\n\t\t<\/div>\n\t<\/div>\n\t<div class=\"pulsantele py-3 justify-content-center\">\n\t\t\t\t\n\t\t\t<form class=\"cart\" action=\"https:\/\/casaporciatti.it\/shop\/prodotto\/giacomo-baraldo-il-bossolo-2022\/\" method=\"post\" enctype='multipart\/form-data'>\n\t\t\n\t\t\n\t\t\t<\/a><a title=\"Aggiungi al carrello GIACOMO BARALDO IL BOSSOLO 2022\" href=\"\/shop\/wp-json\/wp\/v2\/pages\/7?add-to-cart=13440\" data-quantity=\"1\" class=\"btn d-grid gap-2 text-center button product_type_simple add_to_cart_button ajax_add_to_cart\" data-product_id=\"13440\" data-product_sku=\"42db8029f47e-1-1\" aria-label=\"Aggiungi al carrello: &quot;GIACOMO BARALDO IL BOSSOLO 2022&quot;\" rel=\"nofollow\" data-success_message=\"&quot;GIACOMO BARALDO IL BOSSOLO 2022&quot; \u00e8 stato aggiunto al tuo carrello\" role=\"button\">Aggiungi al carrello<\/a>\n\t\t\t\t\t<\/form>\n\t<\/div>\n<\/div>\t\t\t\t\t\t\t\t<\/article>\t  \n\t\t\t\t\t\t\t\t\t\t\t\t\t\t  \t<article class=\"item \">\n\t\t\t\t\t\t\t  \t\t<div class=\"card\">\n\t\t\n\t\n\t<div class=\"card-text brand ele d-flex justify-content-center\">\n\t\t<a href=\"https:\/\/casaporciatti.it\/shop\/prodotto\/podere-della-civettaja-2023\/\" title=\"PODERE DELLA CIVETTAJA 2023\">\n\t\t\t\n\t\t\t<img loading=\"lazy\" decoding=\"async\" width=\"300\" height=\"300\" src=\"https:\/\/casaporciatti.it\/shop\/wp-content\/uploads\/2023\/02\/poedere_la_civettaja-1-300x300.jpg\" class=\"attachment-woocommerce_thumbnail size-woocommerce_thumbnail\" alt=\"PODERE DELLA CIVETTAJA 2023\" srcset=\"https:\/\/casaporciatti.it\/shop\/wp-content\/uploads\/2023\/02\/poedere_la_civettaja-1-300x300.jpg 300w, https:\/\/casaporciatti.it\/shop\/wp-content\/uploads\/2023\/02\/poedere_la_civettaja-1-150x150.jpg 150w, https:\/\/casaporciatti.it\/shop\/wp-content\/uploads\/2023\/02\/poedere_la_civettaja-1-100x100.jpg 100w, https:\/\/casaporciatti.it\/shop\/wp-content\/uploads\/2023\/02\/poedere_la_civettaja-1.jpg 600w\" sizes=\"(max-width: 300px) 100vw, 300px\" title=\"\">\n\t\t<\/a>\n\t\t\t\t<div class=\"wishlistbella\">\n\t\t\t\t\t<\/div>\n\t<\/div>\n\t<div class=\"card-title titolo-elementor\">\n\t\t<a href=\"https:\/\/casaporciatti.it\/shop\/prodotto\/podere-della-civettaja-2023\/\" title=\"PODERE DELLA CIVETTAJA 2023\">\n\t\t\t<h3 class=\"text-center px-3\" style=\"font-size: 16px;color: var( --e-global-color-text );\">PODERE DELLA CIVETTAJA 2023<\/h3>\n\t\t<\/a>\n\t<\/div>\n\n\t<div class=\"card-description homeel\">\n\t\t<div class=\"prezzo\">\n\t\t\t\n\t<span class=\"price\"><span class=\"woocommerce-Price-amount amount\"><bdi>65,00&nbsp;<span class=\"woocommerce-Price-currencySymbol\" translate=\"no\">&euro;<\/span><\/bdi><\/span><\/span>\n\t\t<\/div>\n\t<\/div>\n\t<div class=\"pulsantele py-3 justify-content-center\">\n\t\t\t\t\n\t\t\t<form class=\"cart\" action=\"https:\/\/casaporciatti.it\/shop\/prodotto\/podere-della-civettaja-2023\/\" method=\"post\" enctype='multipart\/form-data'>\n\t\t\n\t\t\n\t\t\t<\/a><a title=\"Aggiungi al carrello PODERE DELLA CIVETTAJA 2023\" href=\"\/shop\/wp-json\/wp\/v2\/pages\/7?add-to-cart=13314\" data-quantity=\"1\" class=\"btn d-grid gap-2 text-center button product_type_simple add_to_cart_button ajax_add_to_cart\" data-product_id=\"13314\" data-product_sku=\"3e915399e883-1-1\" aria-label=\"Aggiungi al carrello: &quot;PODERE DELLA CIVETTAJA 2023&quot;\" rel=\"nofollow\" data-success_message=\"&quot;PODERE DELLA CIVETTAJA 2023&quot; \u00e8 stato aggiunto al tuo carrello\" role=\"button\">Aggiungi al carrello<\/a>\n\t\t\t\t\t<\/form>\n\t<\/div>\n<\/div>\t\t\t\t\t\t\t\t<\/article>\t  \n\t\t\t\t\t\t\t\t\t\t\t\t\t\t  \t<article class=\"item \">\n\t\t\t\t\t\t\t  \t\t<div class=\"card\">\n\t\t\n\t\n\t<div class=\"card-text brand ele d-flex justify-content-center\">\n\t\t<a href=\"https:\/\/casaporciatti.it\/shop\/prodotto\/podere-monastero-la-pineta-2023\/\" title=\"PODERE MONASTERO LA PINETA 2023\">\n\t\t\t\n\t\t\t<img loading=\"lazy\" decoding=\"async\" width=\"300\" height=\"300\" src=\"https:\/\/casaporciatti.it\/shop\/wp-content\/uploads\/2023\/02\/podere-monastero-la-pineta-1-300x300.jpg\" class=\"attachment-woocommerce_thumbnail size-woocommerce_thumbnail\" alt=\"PODERE MONASTERO LA PINETA 2023\" srcset=\"https:\/\/casaporciatti.it\/shop\/wp-content\/uploads\/2023\/02\/podere-monastero-la-pineta-1-300x300.jpg 300w, https:\/\/casaporciatti.it\/shop\/wp-content\/uploads\/2023\/02\/podere-monastero-la-pineta-1-150x150.jpg 150w, https:\/\/casaporciatti.it\/shop\/wp-content\/uploads\/2023\/02\/podere-monastero-la-pineta-1-100x100.jpg 100w, https:\/\/casaporciatti.it\/shop\/wp-content\/uploads\/2023\/02\/podere-monastero-la-pineta-1.jpg 600w\" sizes=\"(max-width: 300px) 100vw, 300px\" title=\"\">\n\t\t<\/a>\n\t\t\t\t\t<div class=\"brand-elementor py-3\">\n\t\t\t\t\t\t\t\t\t    <a title=\"Consigliato da Riccardo\" href=\"#\">\t\n\t\t\t\t\t    \t<img decoding=\"async\" style=\"height: 40px;width: auto;\" src=\"https:\/\/casaporciatti.it\/shop\/wp-content\/uploads\/2023\/01\/Consigliato-da-Riccardo.svg\" alt=\"Consigliato da Riccardo\" title=\"\">\n\t\t\t\t\t\t<\/a>\n\t\t\t\t\t\t\t\t\t\t    <a title=\"Produttori artigianali\" href=\"#\">\t\n\t\t\t\t\t    \t<img decoding=\"async\" style=\"height: 40px;width: auto;\" src=\"https:\/\/casaporciatti.it\/shop\/wp-content\/uploads\/2023\/01\/Produttori-artigianali.svg\" alt=\"Produttori artigianali\" title=\"\">\n\t\t\t\t\t\t<\/a>\n\t\t\t\t\t\t\t\t<\/div>\n\t\t\t\t<div class=\"wishlistbella\">\n\t\t\t\t\t<\/div>\n\t<\/div>\n\t<div class=\"card-title titolo-elementor\">\n\t\t<a href=\"https:\/\/casaporciatti.it\/shop\/prodotto\/podere-monastero-la-pineta-2023\/\" title=\"PODERE MONASTERO LA PINETA 2023\">\n\t\t\t<h3 class=\"text-center px-3\" style=\"font-size: 16px;color: var( --e-global-color-text );\">PODERE MONASTERO LA PINETA 2023<\/h3>\n\t\t<\/a>\n\t<\/div>\n\n\t<div class=\"card-description homeel\">\n\t\t<div class=\"prezzo\">\n\t\t\t\n\t<span class=\"price\"><span class=\"woocommerce-Price-amount amount\"><bdi>45,00&nbsp;<span class=\"woocommerce-Price-currencySymbol\" translate=\"no\">&euro;<\/span><\/bdi><\/span><\/span>\n\t\t<\/div>\n\t<\/div>\n\t<div class=\"pulsantele py-3 justify-content-center\">\n\t\t\t\t\n\t\t\t<form class=\"cart\" action=\"https:\/\/casaporciatti.it\/shop\/prodotto\/podere-monastero-la-pineta-2023\/\" method=\"post\" enctype='multipart\/form-data'>\n\t\t\n\t\t\n\t\t\t<\/a><a class=\"button allinea\" style=\"\" href=\"https:\/\/wa.me\/393312783094?text=Salve%2C%20vorrei%20sapere%20quando%20torna%20disponibile%20il%20prodotto%20PODERE%20MONASTERO%20LA%20PINETA%202023%20che%20si%20trova%20qui%3A%20%22%20https%3A%2F%2Fcasaporciatti.it%2Fshop%2Fprodotto%2Fpodere-monastero-la-pineta-2023%2F%20%22\" title=\"PODERE MONASTERO LA PINETA 2023\">Contattaci  <img decoding=\"async\" width=\"200\" height=\"200\" src=\"https:\/\/casaporciatti.it\/shop\/wp-content\/uploads\/2023\/02\/whatsapp.svg\" class=\"icona-wa\" alt=\"\" title=\"\"><\/a>\n\t\t\t\t\t<\/form>\n\t<\/div>\n<\/div>\t\t\t\t\t\t\t\t<\/article>\t  \n\t\t\t\t\t\t\t\t\t\t\t\t\t\t  \t<article class=\"item \">\n\t\t\t\t\t\t\t  \t\t<div class=\"card\">\n\t\t\n\t\n\t<div class=\"card-text brand ele d-flex justify-content-center\">\n\t\t<a href=\"https:\/\/casaporciatti.it\/shop\/prodotto\/bibi-graetz-testamatta-2021\/\" title=\"BIBI GRAETZ TESTAMATTA 2021\">\n\t\t\t\n\t\t\t<img loading=\"lazy\" decoding=\"async\" width=\"300\" height=\"300\" src=\"https:\/\/casaporciatti.it\/shop\/wp-content\/uploads\/2024\/10\/testamatta-bibi-graetz-300x300.jpg\" class=\"attachment-woocommerce_thumbnail size-woocommerce_thumbnail\" alt=\"bibi graetz testamatta\" srcset=\"https:\/\/casaporciatti.it\/shop\/wp-content\/uploads\/2024\/10\/testamatta-bibi-graetz-300x300.jpg 300w, https:\/\/casaporciatti.it\/shop\/wp-content\/uploads\/2024\/10\/testamatta-bibi-graetz-150x150.jpg 150w, https:\/\/casaporciatti.it\/shop\/wp-content\/uploads\/2024\/10\/testamatta-bibi-graetz-100x100.jpg 100w, https:\/\/casaporciatti.it\/shop\/wp-content\/uploads\/2024\/10\/testamatta-bibi-graetz.jpg 600w\" sizes=\"(max-width: 300px) 100vw, 300px\" title=\"\">\n\t\t<\/a>\n\t\t\t\t<div class=\"wishlistbella\">\n\t\t\t\t\t<\/div>\n\t<\/div>\n\t<div class=\"card-title titolo-elementor\">\n\t\t<a href=\"https:\/\/casaporciatti.it\/shop\/prodotto\/bibi-graetz-testamatta-2021\/\" title=\"BIBI GRAETZ TESTAMATTA 2021\">\n\t\t\t<h3 class=\"text-center px-3\" style=\"font-size: 16px;color: var( --e-global-color-text );\">BIBI GRAETZ TESTAMATTA 2021<\/h3>\n\t\t<\/a>\n\t<\/div>\n\n\t<div class=\"card-description homeel\">\n\t\t<div class=\"prezzo\">\n\t\t\t\n\t<span class=\"price\"><span class=\"woocommerce-Price-amount amount\"><bdi>99,00&nbsp;<span class=\"woocommerce-Price-currencySymbol\" translate=\"no\">&euro;<\/span><\/bdi><\/span><\/span>\n\t\t<\/div>\n\t<\/div>\n\t<div class=\"pulsantele py-3 justify-content-center\">\n\t\t\t\t\n\t\t\t<form class=\"cart\" action=\"https:\/\/casaporciatti.it\/shop\/prodotto\/bibi-graetz-testamatta-2021\/\" method=\"post\" enctype='multipart\/form-data'>\n\t\t\n\t\t\n\t\t\t<\/a><a class=\"button allinea\" style=\"\" href=\"https:\/\/wa.me\/393312783094?text=Salve%2C%20vorrei%20sapere%20quando%20torna%20disponibile%20il%20prodotto%20BIBI%20GRAETZ%20TESTAMATTA%202021%20che%20si%20trova%20qui%3A%20%22%20https%3A%2F%2Fcasaporciatti.it%2Fshop%2Fprodotto%2Fbibi-graetz-testamatta-2021%2F%20%22\" title=\"BIBI GRAETZ TESTAMATTA 2021\">Contattaci  <img decoding=\"async\" width=\"200\" height=\"200\" src=\"https:\/\/casaporciatti.it\/shop\/wp-content\/uploads\/2023\/02\/whatsapp.svg\" class=\"icona-wa\" alt=\"\" title=\"\"><\/a>\n\t\t\t\t\t<\/form>\n\t<\/div>\n<\/div>\t\t\t\t\t\t\t\t<\/article>\t  \n\t\t\t\t\t\t\t\t\t\t\t\t<\/div>\n\t\t\t\t<\/div>\n\t\t\t\t\t\t\t\t\t<div class=\"row mb-5 py-3\">\n\n\t\t\t\t\t\t<div class=\"allineamento_pulsante\">\n\t\t\t\t\t\t\t<a  style=\"color:white;font-weight:700;background-color: var(--e-global-color-primary);border-radius: 13px;padding: 10px 50px;\" class=\"btn text-center\" title=\"Scopri di pi\u00f9\" href=\"https:\/\/casaporciatti.it\/shop\/categorie-speciali\/la-toscana-nascosta\/\">\n\t\t\t\t\t\t\t\tScopri di pi\u00f9\t\t\n\t\t\t\t\t\t\t<\/a>\n\t\t\t\t\t\t<\/div>\n\t\t\t\t\t\n\t\t\t\t\t<\/div>\n\t\t\t\t\t\t\t<\/div>\n\t\t<\/section>\n\t\t\t\t\t\t<\/div>\n\t\t\t\t<\/div>\n\t\t\t\t\t<\/div>\n\t\t<\/div>\n\t\t\t\t\t<\/div>\n\t\t<\/section>\n\t\t\t\t<section class=\"elementor-section elementor-top-section elementor-element elementor-element-30ad728 elementor-section-full_width elementor-section-height-default elementor-section-height-default\" data-id=\"30ad728\" data-element_type=\"section\" data-e-type=\"section\">\n\t\t\t\t\t\t<div class=\"elementor-container elementor-column-gap-default\">\n\t\t\t\t\t<div class=\"elementor-column elementor-col-100 elementor-top-column elementor-element elementor-element-b982e9c\" data-id=\"b982e9c\" data-element_type=\"column\" data-e-type=\"column\">\n\t\t\t<div class=\"elementor-widget-wrap elementor-element-populated\">\n\t\t\t\t\t\t<div class=\"elementor-element elementor-element-bcf3337 elementor-widget elementor-widget-post_prodotti\" data-id=\"bcf3337\" data-element_type=\"widget\" data-e-type=\"widget\" data-widget_type=\"post_prodotti.default\">\n\t\t\t\t<div class=\"elementor-widget-container\">\n\t\t\t\t\t\t\t\t<script type=\"text\/javascript\">\n\t\t\t\tjQuery( function($) {\n\t\t\t\t  \t$(document).ready(function() {\n\t\t\t\t\t    $(\".carosello-prodottibiologico\").owlCarousel({\n\t\t\t\t\t        loop:true,\n\t\t\t\t\t        autoplay:true,\n\t\t\t\t\t        responsiveClass: true,\n\t\t\t\t\t\t\tresponsive : {\n\t\t\t\t\t\t\t    \/\/ breakpoint from 0 up\n\t\t\t\t\t\t\t    0 : {\n\t\t\t\t\t\t\t        items : 1,\n\t\t\t\t\t\t\t    },\n\t\t\t\t\t\t\t    \/\/ breakpoint from 480 up\n\t\t\t\t\t\t\t    480 : {\n\t\t\t\t\t\t\t        items : 2,\n\t\t\t\t\t\t\t    },\n\t\t\t\t\t\t\t    \/\/ breakpoint from 768 up\n\t\t\t\t\t\t\t    768 : {\n\t\t\t\t\t\t\t        items : 3,\n\t\t\t\t\t\t\t    }\n\t\t\t\t\t\t\t},\n\t\t\t\t\t        items:3,\n\t\t\t\t\t        margin:30,\n\t\t\t\t\t        autoWidth:false,\n\t\t\t\t\t        autoplayHoverPause: true,\n\t\t\t\t\t        rewind:true,\n\t\t\t\t\t        lazyLoad:true,\n\t\t\t\t\t        nav:true,\n\t\t\t\t\t        navText: ['<i class=\"fa-solid fa-chevron-left\"><\/i>', '<i class=\"fa-solid fa-chevron-right\"><\/i>'],\n\t\t\t\t\t    });\n\t\t\t\t  \t});\n\t\t\t\t});\n\t\t\t<\/script>\n\t\t\t\t\t<style type=\"text\/css\">\n\t\t\t\t.woocommerce ul.products li.product, .woocommerce-page ul.products li.product {\n\t\t\t\t  width: 90.05%;\n\t\t\t\t}\n\t\t\t\t.owl-prev {\n\t\t\t\t    position: absolute;\n\t\t\t\t    top: 40%;\n\t\t\t\t    margin-left: -20px!important;\n\t\t\t\t    display: block !important;\n\t\t\t\t    background-color: transparent !important;\n\t\t\t\t}\n\n\t\t\t\t.owl-next {\n\t\t\t\t    position: absolute;\n\t\t\t\t    top: 40%;\n\t\t\t\t    right: -25px;\n\t\t\t\t    display: block !important;\n\t\t\t\t    background-color: transparent !important;\n\t\t\t\t}\n\t\t\t\t.owl-prev i, .owl-next i {\n\t\t\t\t\tfont-size: 20px;\n\t\t\t\t\tpadding: 10px 14px;\n\t\t\t\t\tcolor: white;\n\t\t\t\t\tbackground-color: var(--e-global-color-accent);\n\t\t\t\t\tborder-radius: 50%;\n\t\t\t\t}\n\t\t\t\t.owl-carousel .owl-item img {\n\t\t\t\t  width: auto;\n\t\t\t\t}\n\t\t<\/style>\n\t\t<section style=\"position:relative;\" class=\"\">\n\t\t\t\t\t\t\t\t<div class=\"position-relative py-5 d-flex flex-column align-items-center\" style=\"background-image: url(https:\/\/casaporciatti.it\/shop\/wp-content\/uploads\/2023\/02\/chianti-classico-biologico-1.jpg);background-position: 50%50%;background-repeat: no-repeat;background-size: cover;\">\n\t\t\t\t\t\t\t\t\t<div class=\"overlaybello\"><\/div>\n\t\t\t\t\t<div class=\"sec-title py-5\">\n\t\t\t\t\t\t<h2 class=\"text-center\">Vino biologico<\/h2>\n\t\t\t\t\t\t<p class=\"text-center\">La nostra selezione<\/p>\n\t\t\t\t\t<\/div>\n\t\t\t\t<\/div>\n\t\t\t\t\t\t<div class=\"container\">\n\t\t\t\t<div class=\"row d-flex align-items-center\">\n\t\t\t\t\t\t\t\t\t\t<div class=\"carosello-prodottibiologico owl-carousel owl-theme\">\n\t\t\t\t\t\t\t\t\t\t\t\t\t  \t<article class=\"item \">\n\t\t\t\t\t\t\t  \t\t<div class=\"card\">\n\t\t\n\t\n\t<div class=\"card-text brand ele d-flex justify-content-center\">\n\t\t<a href=\"https:\/\/casaporciatti.it\/shop\/prodotto\/fattoria-di-lamole-antico-lamole-chianti-classico-gran-selezione-2018\/\" title=\"FATTORIA DI LAMOLE ANTICO LAMOLE Chianti Classico Gran Selezione 2018\">\n\t\t\t\n\t\t\t<img loading=\"lazy\" decoding=\"async\" width=\"300\" height=\"300\" src=\"https:\/\/casaporciatti.it\/shop\/wp-content\/uploads\/2026\/05\/antico-lamole-chianti-classico-gran-selezione-paolo-socci-300x300.jpg\" class=\"attachment-woocommerce_thumbnail size-woocommerce_thumbnail\" alt=\"antico lamole chianti classico gran selezione\" srcset=\"https:\/\/casaporciatti.it\/shop\/wp-content\/uploads\/2026\/05\/antico-lamole-chianti-classico-gran-selezione-paolo-socci-300x300.jpg 300w, https:\/\/casaporciatti.it\/shop\/wp-content\/uploads\/2026\/05\/antico-lamole-chianti-classico-gran-selezione-paolo-socci-150x150.jpg 150w, https:\/\/casaporciatti.it\/shop\/wp-content\/uploads\/2026\/05\/antico-lamole-chianti-classico-gran-selezione-paolo-socci-100x100.jpg 100w, https:\/\/casaporciatti.it\/shop\/wp-content\/uploads\/2026\/05\/antico-lamole-chianti-classico-gran-selezione-paolo-socci.jpg 600w\" sizes=\"(max-width: 300px) 100vw, 300px\" title=\"\">\n\t\t<\/a>\n\t\t\t\t\t<div class=\"brand-elementor py-3\">\n\t\t\t\t\t\t\t\t\t    <a title=\"Consigliato da Riccardo\" href=\"#\">\t\n\t\t\t\t\t    \t<img decoding=\"async\" style=\"height: 40px;width: auto;\" src=\"https:\/\/casaporciatti.it\/shop\/wp-content\/uploads\/2023\/01\/Consigliato-da-Riccardo.svg\" alt=\"Consigliato da Riccardo\" title=\"\">\n\t\t\t\t\t\t<\/a>\n\t\t\t\t\t\t\t\t\t\t    <a title=\"Produttori artigianali\" href=\"#\">\t\n\t\t\t\t\t    \t<img decoding=\"async\" style=\"height: 40px;width: auto;\" src=\"https:\/\/casaporciatti.it\/shop\/wp-content\/uploads\/2023\/01\/Produttori-artigianali.svg\" alt=\"Produttori artigianali\" title=\"\">\n\t\t\t\t\t\t<\/a>\n\t\t\t\t\t\t\t\t\t\t    <a title=\"Vino biologico\" href=\"#\">\t\n\t\t\t\t\t    \t<img decoding=\"async\" style=\"height: 40px;width: auto;\" src=\"https:\/\/casaporciatti.it\/shop\/wp-content\/uploads\/2023\/01\/Vino-biologico.svg\" alt=\"Vino biologico\" title=\"\">\n\t\t\t\t\t\t<\/a>\n\t\t\t\t\t\t\t\t<\/div>\n\t\t\t\t<div class=\"wishlistbella\">\n\t\t\t\t\t<\/div>\n\t<\/div>\n\t<div class=\"card-title titolo-elementor\">\n\t\t<a href=\"https:\/\/casaporciatti.it\/shop\/prodotto\/fattoria-di-lamole-antico-lamole-chianti-classico-gran-selezione-2018\/\" title=\"FATTORIA DI LAMOLE ANTICO LAMOLE Chianti Classico Gran Selezione 2018\">\n\t\t\t<h3 class=\"text-center px-3\" style=\"font-size: 16px;color: var( --e-global-color-text );\">FATTORIA DI LAMOLE ANTICO LAMOLE Chianti Classico Gran Selezione 2018<\/h3>\n\t\t<\/a>\n\t<\/div>\n\n\t<div class=\"card-description homeel\">\n\t\t<div class=\"prezzo\">\n\t\t\t\n\t<span class=\"price\"><span class=\"woocommerce-Price-amount amount\"><bdi>68,00&nbsp;<span class=\"woocommerce-Price-currencySymbol\" translate=\"no\">&euro;<\/span><\/bdi><\/span><\/span>\n\t\t<\/div>\n\t<\/div>\n\t<div class=\"pulsantele py-3 justify-content-center\">\n\t\t\t\t\n\t\t\t<form class=\"cart\" action=\"https:\/\/casaporciatti.it\/shop\/prodotto\/fattoria-di-lamole-antico-lamole-chianti-classico-gran-selezione-2018\/\" method=\"post\" enctype='multipart\/form-data'>\n\t\t\n\t\t\n\t\t\t<\/a><a title=\"Aggiungi al carrello FATTORIA DI LAMOLE ANTICO LAMOLE Chianti Classico Gran Selezione 2018\" href=\"\/shop\/wp-json\/wp\/v2\/pages\/7?add-to-cart=13470\" data-quantity=\"1\" class=\"btn d-grid gap-2 text-center button product_type_simple add_to_cart_button ajax_add_to_cart\" data-product_id=\"13470\" data-product_sku=\"5f731102b362-1\" aria-label=\"Aggiungi al carrello: &quot;FATTORIA DI LAMOLE ANTICO LAMOLE Chianti Classico Gran Selezione 2018&quot;\" rel=\"nofollow\" data-success_message=\"&quot;FATTORIA DI LAMOLE ANTICO LAMOLE Chianti Classico Gran Selezione 2018&quot; \u00e8 stato aggiunto al tuo carrello\" role=\"button\">Aggiungi al carrello<\/a>\n\t\t\t\t\t<\/form>\n\t<\/div>\n<\/div>\t\t\t\t\t\t\t\t<\/article>\t  \n\t\t\t\t\t\t\t\t\t\t\t\t\t\t  \t<article class=\"item \">\n\t\t\t\t\t\t\t  \t\t<div class=\"card\">\n\t\t\n\t\n\t<div class=\"card-text brand ele d-flex justify-content-center\">\n\t\t<a href=\"https:\/\/casaporciatti.it\/shop\/prodotto\/san-giusto-a-rentennano-percarlo-2022\/\" title=\"SAN GIUSTO A RENTENNANO PERCARLO 2022\">\n\t\t\t\n\t\t\t<img loading=\"lazy\" decoding=\"async\" width=\"300\" height=\"300\" src=\"https:\/\/casaporciatti.it\/shop\/wp-content\/uploads\/2023\/02\/percarlo_sangiustoarentennano-1-300x300.jpg\" class=\"attachment-woocommerce_thumbnail size-woocommerce_thumbnail\" alt=\"SAN GIUSTO A RENTENNANO PERCARLO 2022\" srcset=\"https:\/\/casaporciatti.it\/shop\/wp-content\/uploads\/2023\/02\/percarlo_sangiustoarentennano-1-300x300.jpg 300w, https:\/\/casaporciatti.it\/shop\/wp-content\/uploads\/2023\/02\/percarlo_sangiustoarentennano-1-150x150.jpg 150w, https:\/\/casaporciatti.it\/shop\/wp-content\/uploads\/2023\/02\/percarlo_sangiustoarentennano-1-100x100.jpg 100w, https:\/\/casaporciatti.it\/shop\/wp-content\/uploads\/2023\/02\/percarlo_sangiustoarentennano-1.jpg 600w\" sizes=\"(max-width: 300px) 100vw, 300px\" title=\"\">\n\t\t<\/a>\n\t\t\t\t\t<div class=\"brand-elementor py-3\">\n\t\t\t\t\t\t\t\t\t    <a title=\"Consigliato da Riccardo\" href=\"#\">\t\n\t\t\t\t\t    \t<img decoding=\"async\" style=\"height: 40px;width: auto;\" src=\"https:\/\/casaporciatti.it\/shop\/wp-content\/uploads\/2023\/01\/Consigliato-da-Riccardo.svg\" alt=\"Consigliato da Riccardo\" title=\"\">\n\t\t\t\t\t\t<\/a>\n\t\t\t\t\t\t\t\t\t\t    <a title=\"Vino biologico\" href=\"#\">\t\n\t\t\t\t\t    \t<img decoding=\"async\" style=\"height: 40px;width: auto;\" src=\"https:\/\/casaporciatti.it\/shop\/wp-content\/uploads\/2023\/01\/Vino-biologico.svg\" alt=\"Vino biologico\" title=\"\">\n\t\t\t\t\t\t<\/a>\n\t\t\t\t\t\t\t\t<\/div>\n\t\t\t\t<div class=\"wishlistbella\">\n\t\t\t\t\t<\/div>\n\t<\/div>\n\t<div class=\"card-title titolo-elementor\">\n\t\t<a href=\"https:\/\/casaporciatti.it\/shop\/prodotto\/san-giusto-a-rentennano-percarlo-2022\/\" title=\"SAN GIUSTO A RENTENNANO PERCARLO 2022\">\n\t\t\t<h3 class=\"text-center px-3\" style=\"font-size: 16px;color: var( --e-global-color-text );\">SAN GIUSTO A RENTENNANO PERCARLO 2022<\/h3>\n\t\t<\/a>\n\t<\/div>\n\n\t<div class=\"card-description homeel\">\n\t\t<div class=\"prezzo\">\n\t\t\t\n\t<span class=\"price\"><span class=\"woocommerce-Price-amount amount\"><bdi>110,00&nbsp;<span class=\"woocommerce-Price-currencySymbol\" translate=\"no\">&euro;<\/span><\/bdi><\/span><\/span>\n\t\t<\/div>\n\t<\/div>\n\t<div class=\"pulsantele py-3 justify-content-center\">\n\t\t\t\t\n\t\t\t<form class=\"cart\" action=\"https:\/\/casaporciatti.it\/shop\/prodotto\/san-giusto-a-rentennano-percarlo-2022\/\" method=\"post\" enctype='multipart\/form-data'>\n\t\t\n\t\t\n\t\t\t<\/a><a title=\"Aggiungi al carrello SAN GIUSTO A RENTENNANO PERCARLO 2022\" href=\"\/shop\/wp-json\/wp\/v2\/pages\/7?add-to-cart=13466\" data-quantity=\"1\" class=\"btn d-grid gap-2 text-center button product_type_simple add_to_cart_button ajax_add_to_cart\" data-product_id=\"13466\" data-product_sku=\"dc54c38749d2-1\" aria-label=\"Aggiungi al carrello: &quot;SAN GIUSTO A RENTENNANO PERCARLO 2022&quot;\" rel=\"nofollow\" data-success_message=\"&quot;SAN GIUSTO A RENTENNANO PERCARLO 2022&quot; \u00e8 stato aggiunto al tuo carrello\" role=\"button\">Aggiungi al carrello<\/a>\n\t\t\t\t\t<\/form>\n\t<\/div>\n<\/div>\t\t\t\t\t\t\t\t<\/article>\t  \n\t\t\t\t\t\t\t\t\t\t\t\t\t\t  \t<article class=\"item \">\n\t\t\t\t\t\t\t  \t\t<div class=\"card\">\n\t\t\n\t\n\t<div class=\"card-text brand ele d-flex justify-content-center\">\n\t\t<a href=\"https:\/\/casaporciatti.it\/shop\/prodotto\/san-giusto-a-rentennano-le-baroncole-chianti-classico-riserva-2023\/\" title=\"SAN GIUSTO A RENTENNANO LE BARONCOLE Chianti Classico Riserva 2023\">\n\t\t\t\n\t\t\t<img loading=\"lazy\" decoding=\"async\" width=\"300\" height=\"300\" src=\"https:\/\/casaporciatti.it\/shop\/wp-content\/uploads\/2023\/02\/san_giusto_a_rentennano_le_baroncole_chianti_classico_riserva-1-300x300.jpg\" class=\"attachment-woocommerce_thumbnail size-woocommerce_thumbnail\" alt=\"SAN GIUSTO A RENTENNANO LE BARONCOLE Chianti Classico Riserva 2023\" srcset=\"https:\/\/casaporciatti.it\/shop\/wp-content\/uploads\/2023\/02\/san_giusto_a_rentennano_le_baroncole_chianti_classico_riserva-1-300x300.jpg 300w, https:\/\/casaporciatti.it\/shop\/wp-content\/uploads\/2023\/02\/san_giusto_a_rentennano_le_baroncole_chianti_classico_riserva-1-150x150.jpg 150w, https:\/\/casaporciatti.it\/shop\/wp-content\/uploads\/2023\/02\/san_giusto_a_rentennano_le_baroncole_chianti_classico_riserva-1-100x100.jpg 100w, https:\/\/casaporciatti.it\/shop\/wp-content\/uploads\/2023\/02\/san_giusto_a_rentennano_le_baroncole_chianti_classico_riserva-1.jpg 600w\" sizes=\"(max-width: 300px) 100vw, 300px\" title=\"\">\n\t\t<\/a>\n\t\t\t\t\t<div class=\"brand-elementor py-3\">\n\t\t\t\t\t\t\t\t\t    <a title=\"Produttori artigianali\" href=\"#\">\t\n\t\t\t\t\t    \t<img decoding=\"async\" style=\"height: 40px;width: auto;\" src=\"https:\/\/casaporciatti.it\/shop\/wp-content\/uploads\/2023\/01\/Produttori-artigianali.svg\" alt=\"Produttori artigianali\" title=\"\">\n\t\t\t\t\t\t<\/a>\n\t\t\t\t\t\t\t\t\t\t    <a title=\"Vino biologico\" href=\"#\">\t\n\t\t\t\t\t    \t<img decoding=\"async\" style=\"height: 40px;width: auto;\" src=\"https:\/\/casaporciatti.it\/shop\/wp-content\/uploads\/2023\/01\/Vino-biologico.svg\" alt=\"Vino biologico\" title=\"\">\n\t\t\t\t\t\t<\/a>\n\t\t\t\t\t\t\t\t<\/div>\n\t\t\t\t<div class=\"wishlistbella\">\n\t\t\t\t\t<\/div>\n\t<\/div>\n\t<div class=\"card-title titolo-elementor\">\n\t\t<a href=\"https:\/\/casaporciatti.it\/shop\/prodotto\/san-giusto-a-rentennano-le-baroncole-chianti-classico-riserva-2023\/\" title=\"SAN GIUSTO A RENTENNANO LE BARONCOLE Chianti Classico Riserva 2023\">\n\t\t\t<h3 class=\"text-center px-3\" style=\"font-size: 16px;color: var( --e-global-color-text );\">SAN GIUSTO A RENTENNANO LE BARONCOLE Chianti Classico Riserva 2023<\/h3>\n\t\t<\/a>\n\t<\/div>\n\n\t<div class=\"card-description homeel\">\n\t\t<div class=\"prezzo\">\n\t\t\t\n\t<span class=\"price\"><span class=\"woocommerce-Price-amount amount\"><bdi>36,00&nbsp;<span class=\"woocommerce-Price-currencySymbol\" translate=\"no\">&euro;<\/span><\/bdi><\/span><\/span>\n\t\t<\/div>\n\t<\/div>\n\t<div class=\"pulsantele py-3 justify-content-center\">\n\t\t\t\t\n\t\t\t<form class=\"cart\" action=\"https:\/\/casaporciatti.it\/shop\/prodotto\/san-giusto-a-rentennano-le-baroncole-chianti-classico-riserva-2023\/\" method=\"post\" enctype='multipart\/form-data'>\n\t\t\n\t\t\n\t\t\t<\/a><a title=\"Aggiungi al carrello SAN GIUSTO A RENTENNANO LE BARONCOLE Chianti Classico Riserva 2023\" href=\"\/shop\/wp-json\/wp\/v2\/pages\/7?add-to-cart=13464\" data-quantity=\"1\" class=\"btn d-grid gap-2 text-center button product_type_simple add_to_cart_button ajax_add_to_cart\" data-product_id=\"13464\" data-product_sku=\"ea4ac5694d94-1-1\" aria-label=\"Aggiungi al carrello: &quot;SAN GIUSTO A RENTENNANO LE BARONCOLE Chianti Classico Riserva 2023&quot;\" rel=\"nofollow\" data-success_message=\"&quot;SAN GIUSTO A RENTENNANO LE BARONCOLE Chianti Classico Riserva 2023&quot; \u00e8 stato aggiunto al tuo carrello\" role=\"button\">Aggiungi al carrello<\/a>\n\t\t\t\t\t<\/form>\n\t<\/div>\n<\/div>\t\t\t\t\t\t\t\t<\/article>\t  \n\t\t\t\t\t\t\t\t\t\t\t\t\t\t  \t<article class=\"item \">\n\t\t\t\t\t\t\t  \t\t<div class=\"card\">\n\t\t\n\t\n\t<div class=\"card-text brand ele d-flex justify-content-center\">\n\t\t<a href=\"https:\/\/casaporciatti.it\/shop\/prodotto\/le-cinciole-petresco-2020\/\" title=\"LE CINCIOLE PETRESCO 2020\">\n\t\t\t\n\t\t\t<img loading=\"lazy\" decoding=\"async\" width=\"300\" height=\"300\" src=\"https:\/\/casaporciatti.it\/shop\/wp-content\/uploads\/2026\/04\/le-cinciole-petresco-300x300.png\" class=\"attachment-woocommerce_thumbnail size-woocommerce_thumbnail\" alt=\"petresco le cinciole\" srcset=\"https:\/\/casaporciatti.it\/shop\/wp-content\/uploads\/2026\/04\/le-cinciole-petresco-300x300.png 300w, https:\/\/casaporciatti.it\/shop\/wp-content\/uploads\/2026\/04\/le-cinciole-petresco-150x150.png 150w, https:\/\/casaporciatti.it\/shop\/wp-content\/uploads\/2026\/04\/le-cinciole-petresco-100x100.png 100w, https:\/\/casaporciatti.it\/shop\/wp-content\/uploads\/2026\/04\/le-cinciole-petresco.png 600w\" sizes=\"(max-width: 300px) 100vw, 300px\" title=\"\">\n\t\t<\/a>\n\t\t\t\t\t<div class=\"brand-elementor py-3\">\n\t\t\t\t\t\t\t\t\t    <a title=\"Vino biologico\" href=\"#\">\t\n\t\t\t\t\t    \t<img decoding=\"async\" style=\"height: 40px;width: auto;\" src=\"https:\/\/casaporciatti.it\/shop\/wp-content\/uploads\/2023\/01\/Vino-biologico.svg\" alt=\"Vino biologico\" title=\"\">\n\t\t\t\t\t\t<\/a>\n\t\t\t\t\t\t\t\t<\/div>\n\t\t\t\t<div class=\"wishlistbella\">\n\t\t\t\t\t<\/div>\n\t<\/div>\n\t<div class=\"card-title titolo-elementor\">\n\t\t<a href=\"https:\/\/casaporciatti.it\/shop\/prodotto\/le-cinciole-petresco-2020\/\" title=\"LE CINCIOLE PETRESCO 2020\">\n\t\t\t<h3 class=\"text-center px-3\" style=\"font-size: 16px;color: var( --e-global-color-text );\">LE CINCIOLE PETRESCO 2020<\/h3>\n\t\t<\/a>\n\t<\/div>\n\n\t<div class=\"card-description homeel\">\n\t\t<div class=\"prezzo\">\n\t\t\t\n\t<span class=\"price\"><span class=\"woocommerce-Price-amount amount\"><bdi>59,00&nbsp;<span class=\"woocommerce-Price-currencySymbol\" translate=\"no\">&euro;<\/span><\/bdi><\/span><\/span>\n\t\t<\/div>\n\t<\/div>\n\t<div class=\"pulsantele py-3 justify-content-center\">\n\t\t\t\t\n\t\t\t<form class=\"cart\" action=\"https:\/\/casaporciatti.it\/shop\/prodotto\/le-cinciole-petresco-2020\/\" method=\"post\" enctype='multipart\/form-data'>\n\t\t\n\t\t\n\t\t\t<\/a><a title=\"Aggiungi al carrello LE CINCIOLE PETRESCO 2020\" href=\"\/shop\/wp-json\/wp\/v2\/pages\/7?add-to-cart=13366\" data-quantity=\"1\" class=\"btn d-grid gap-2 text-center button product_type_simple add_to_cart_button ajax_add_to_cart\" data-product_id=\"13366\" data-product_sku=\"05e396c6360f-1-1-1\" aria-label=\"Aggiungi al carrello: &quot;LE CINCIOLE PETRESCO 2020&quot;\" rel=\"nofollow\" data-success_message=\"&quot;LE CINCIOLE PETRESCO 2020&quot; \u00e8 stato aggiunto al tuo carrello\" role=\"button\">Aggiungi al carrello<\/a>\n\t\t\t\t\t<\/form>\n\t<\/div>\n<\/div>\t\t\t\t\t\t\t\t<\/article>\t  \n\t\t\t\t\t\t\t\t\t\t\t\t\t\t  \t<article class=\"item \">\n\t\t\t\t\t\t\t  \t\t<div class=\"card\">\n\t\t\n\t\n\t<div class=\"card-text brand ele d-flex justify-content-center\">\n\t\t<a href=\"https:\/\/casaporciatti.it\/shop\/prodotto\/giodo-brunello-di-montalcino-2021\/\" title=\"GIODO Brunello di Montalcino 2021\">\n\t\t\t\n\t\t\t<img loading=\"lazy\" decoding=\"async\" width=\"300\" height=\"300\" src=\"https:\/\/casaporciatti.it\/shop\/wp-content\/uploads\/2023\/02\/giodo-brunello-di-montalcino-carlo-ferrini-1-300x300.jpg\" class=\"attachment-woocommerce_thumbnail size-woocommerce_thumbnail\" alt=\"GIODO Brunello di Montalcino 2021\" srcset=\"https:\/\/casaporciatti.it\/shop\/wp-content\/uploads\/2023\/02\/giodo-brunello-di-montalcino-carlo-ferrini-1-300x300.jpg 300w, https:\/\/casaporciatti.it\/shop\/wp-content\/uploads\/2023\/02\/giodo-brunello-di-montalcino-carlo-ferrini-1-150x150.jpg 150w, https:\/\/casaporciatti.it\/shop\/wp-content\/uploads\/2023\/02\/giodo-brunello-di-montalcino-carlo-ferrini-1-100x100.jpg 100w, https:\/\/casaporciatti.it\/shop\/wp-content\/uploads\/2023\/02\/giodo-brunello-di-montalcino-carlo-ferrini-1.jpg 600w\" sizes=\"(max-width: 300px) 100vw, 300px\" title=\"\">\n\t\t<\/a>\n\t\t\t\t\t<div class=\"brand-elementor py-3\">\n\t\t\t\t\t\t\t\t\t    <a title=\"Produttori artigianali\" href=\"#\">\t\n\t\t\t\t\t    \t<img decoding=\"async\" style=\"height: 40px;width: auto;\" src=\"https:\/\/casaporciatti.it\/shop\/wp-content\/uploads\/2023\/01\/Produttori-artigianali.svg\" alt=\"Produttori artigianali\" title=\"\">\n\t\t\t\t\t\t<\/a>\n\t\t\t\t\t\t\t\t\t\t    <a title=\"Vino biologico\" href=\"#\">\t\n\t\t\t\t\t    \t<img decoding=\"async\" style=\"height: 40px;width: auto;\" src=\"https:\/\/casaporciatti.it\/shop\/wp-content\/uploads\/2023\/01\/Vino-biologico.svg\" alt=\"Vino biologico\" title=\"\">\n\t\t\t\t\t\t<\/a>\n\t\t\t\t\t\t\t\t\t\t    <a title=\"Vino pluripremiato\" href=\"#\">\t\n\t\t\t\t\t    \t<img decoding=\"async\" style=\"height: 40px;width: auto;\" src=\"https:\/\/casaporciatti.it\/shop\/wp-content\/uploads\/2023\/01\/Vino-pluripremiato.svg\" alt=\"Vino pluripremiato\" title=\"\">\n\t\t\t\t\t\t<\/a>\n\t\t\t\t\t\t\t\t<\/div>\n\t\t\t\t<div class=\"wishlistbella\">\n\t\t\t\t\t<\/div>\n\t<\/div>\n\t<div class=\"card-title titolo-elementor\">\n\t\t<a href=\"https:\/\/casaporciatti.it\/shop\/prodotto\/giodo-brunello-di-montalcino-2021\/\" title=\"GIODO Brunello di Montalcino 2021\">\n\t\t\t<h3 class=\"text-center px-3\" style=\"font-size: 16px;color: var( --e-global-color-text );\">GIODO Brunello di Montalcino 2021<\/h3>\n\t\t<\/a>\n\t<\/div>\n\n\t<div class=\"card-description homeel\">\n\t\t<div class=\"prezzo\">\n\t\t\t\n\t<span class=\"price\"><span class=\"woocommerce-Price-amount amount\"><bdi>130,00&nbsp;<span class=\"woocommerce-Price-currencySymbol\" translate=\"no\">&euro;<\/span><\/bdi><\/span><\/span>\n\t\t<\/div>\n\t<\/div>\n\t<div class=\"pulsantele py-3 justify-content-center\">\n\t\t\t\t\n\t\t\t<form class=\"cart\" action=\"https:\/\/casaporciatti.it\/shop\/prodotto\/giodo-brunello-di-montalcino-2021\/\" method=\"post\" enctype='multipart\/form-data'>\n\t\t\n\t\t\n\t\t\t<\/a><a title=\"Aggiungi al carrello GIODO Brunello di Montalcino 2021\" href=\"\/shop\/wp-json\/wp\/v2\/pages\/7?add-to-cart=13324\" data-quantity=\"1\" class=\"btn d-grid gap-2 text-center button product_type_simple add_to_cart_button ajax_add_to_cart\" data-product_id=\"13324\" data-product_sku=\"e3582fc41e0e-2\" aria-label=\"Aggiungi al carrello: &quot;GIODO Brunello di Montalcino 2021&quot;\" rel=\"nofollow\" data-success_message=\"&quot;GIODO Brunello di Montalcino 2021&quot; \u00e8 stato aggiunto al tuo carrello\" role=\"button\">Aggiungi al carrello<\/a>\n\t\t\t\t\t<\/form>\n\t<\/div>\n<\/div>\t\t\t\t\t\t\t\t<\/article>\t  \n\t\t\t\t\t\t\t\t\t\t\t\t\t\t  \t<article class=\"item \">\n\t\t\t\t\t\t\t  \t\t<div class=\"card\">\n\t\t\n\t\n\t<div class=\"card-text brand ele d-flex justify-content-center\">\n\t\t<a href=\"https:\/\/casaporciatti.it\/shop\/prodotto\/istine-elle-chianti-classico-gran-selezione-2022\/\" title=\"ISTINE ELLE Chianti Classico Gran Selezione 2022\">\n\t\t\t\n\t\t\t<img loading=\"lazy\" decoding=\"async\" width=\"300\" height=\"300\" src=\"https:\/\/casaporciatti.it\/shop\/wp-content\/uploads\/2025\/08\/elle-chianti-classico-gran-selezione-istine-300x300.jpg\" class=\"attachment-woocommerce_thumbnail size-woocommerce_thumbnail\" alt=\"elle chianti classico istine\" srcset=\"https:\/\/casaporciatti.it\/shop\/wp-content\/uploads\/2025\/08\/elle-chianti-classico-gran-selezione-istine-300x300.jpg 300w, https:\/\/casaporciatti.it\/shop\/wp-content\/uploads\/2025\/08\/elle-chianti-classico-gran-selezione-istine-150x150.jpg 150w, https:\/\/casaporciatti.it\/shop\/wp-content\/uploads\/2025\/08\/elle-chianti-classico-gran-selezione-istine-100x100.jpg 100w, https:\/\/casaporciatti.it\/shop\/wp-content\/uploads\/2025\/08\/elle-chianti-classico-gran-selezione-istine.jpg 600w\" sizes=\"(max-width: 300px) 100vw, 300px\" title=\"\">\n\t\t<\/a>\n\t\t\t\t\t<div class=\"brand-elementor py-3\">\n\t\t\t\t\t\t\t\t\t    <a title=\"Consigliato da Riccardo\" href=\"#\">\t\n\t\t\t\t\t    \t<img decoding=\"async\" style=\"height: 40px;width: auto;\" src=\"https:\/\/casaporciatti.it\/shop\/wp-content\/uploads\/2023\/01\/Consigliato-da-Riccardo.svg\" alt=\"Consigliato da Riccardo\" title=\"\">\n\t\t\t\t\t\t<\/a>\n\t\t\t\t\t\t\t\t\t\t    <a title=\"Vino biologico\" href=\"#\">\t\n\t\t\t\t\t    \t<img decoding=\"async\" style=\"height: 40px;width: auto;\" src=\"https:\/\/casaporciatti.it\/shop\/wp-content\/uploads\/2023\/01\/Vino-biologico.svg\" alt=\"Vino biologico\" title=\"\">\n\t\t\t\t\t\t<\/a>\n\t\t\t\t\t\t\t\t<\/div>\n\t\t\t\t<div class=\"wishlistbella\">\n\t\t\t\t\t<\/div>\n\t<\/div>\n\t<div class=\"card-title titolo-elementor\">\n\t\t<a href=\"https:\/\/casaporciatti.it\/shop\/prodotto\/istine-elle-chianti-classico-gran-selezione-2022\/\" title=\"ISTINE ELLE Chianti Classico Gran Selezione 2022\">\n\t\t\t<h3 class=\"text-center px-3\" style=\"font-size: 16px;color: var( --e-global-color-text );\">ISTINE ELLE Chianti Classico Gran Selezione 2022<\/h3>\n\t\t<\/a>\n\t<\/div>\n\n\t<div class=\"card-description homeel\">\n\t\t<div class=\"prezzo\">\n\t\t\t\n\t<span class=\"price\"><span class=\"woocommerce-Price-amount amount\"><bdi>45,00&nbsp;<span class=\"woocommerce-Price-currencySymbol\" translate=\"no\">&euro;<\/span><\/bdi><\/span><\/span>\n\t\t<\/div>\n\t<\/div>\n\t<div class=\"pulsantele py-3 justify-content-center\">\n\t\t\t\t\n\t\t\t<form class=\"cart\" action=\"https:\/\/casaporciatti.it\/shop\/prodotto\/istine-elle-chianti-classico-gran-selezione-2022\/\" method=\"post\" enctype='multipart\/form-data'>\n\t\t\n\t\t\n\t\t\t<\/a><a title=\"Aggiungi al carrello ISTINE ELLE Chianti Classico Gran Selezione 2022\" href=\"\/shop\/wp-json\/wp\/v2\/pages\/7?add-to-cart=13001\" data-quantity=\"1\" class=\"btn d-grid gap-2 text-center button product_type_simple add_to_cart_button ajax_add_to_cart\" data-product_id=\"13001\" data-product_sku=\"0e98fbbb7556-1-1\" aria-label=\"Aggiungi al carrello: &quot;ISTINE ELLE Chianti Classico Gran Selezione 2022&quot;\" rel=\"nofollow\" data-success_message=\"&quot;ISTINE ELLE Chianti Classico Gran Selezione 2022&quot; \u00e8 stato aggiunto al tuo carrello\" role=\"button\">Aggiungi al carrello<\/a>\n\t\t\t\t\t<\/form>\n\t<\/div>\n<\/div>\t\t\t\t\t\t\t\t<\/article>\t  \n\t\t\t\t\t\t\t\t\t\t\t\t\t\t  \t<article class=\"item \">\n\t\t\t\t\t\t\t  \t\t<div class=\"card\">\n\t\t\n\t\n\t<div class=\"card-text brand ele d-flex justify-content-center\">\n\t\t<a href=\"https:\/\/casaporciatti.it\/shop\/prodotto\/san-giusto-a-rentennano-le-baroncole-chianti-classico-riserva-2022\/\" title=\"SAN GIUSTO A RENTENNANO LE BARONCOLE Chianti Classico Riserva 2022\">\n\t\t\t\n\t\t\t<img loading=\"lazy\" decoding=\"async\" width=\"300\" height=\"300\" src=\"https:\/\/casaporciatti.it\/shop\/wp-content\/uploads\/2023\/02\/san_giusto_a_rentennano_le_baroncole_chianti_classico_riserva-1-300x300.jpg\" class=\"attachment-woocommerce_thumbnail size-woocommerce_thumbnail\" alt=\"SAN GIUSTO A RENTENNANO LE BARONCOLE Chianti Classico Riserva 2022\" srcset=\"https:\/\/casaporciatti.it\/shop\/wp-content\/uploads\/2023\/02\/san_giusto_a_rentennano_le_baroncole_chianti_classico_riserva-1-300x300.jpg 300w, https:\/\/casaporciatti.it\/shop\/wp-content\/uploads\/2023\/02\/san_giusto_a_rentennano_le_baroncole_chianti_classico_riserva-1-150x150.jpg 150w, https:\/\/casaporciatti.it\/shop\/wp-content\/uploads\/2023\/02\/san_giusto_a_rentennano_le_baroncole_chianti_classico_riserva-1-100x100.jpg 100w, https:\/\/casaporciatti.it\/shop\/wp-content\/uploads\/2023\/02\/san_giusto_a_rentennano_le_baroncole_chianti_classico_riserva-1.jpg 600w\" sizes=\"(max-width: 300px) 100vw, 300px\" title=\"\">\n\t\t<\/a>\n\t\t\t\t\t<div class=\"brand-elementor py-3\">\n\t\t\t\t\t\t\t\t\t    <a title=\"Produttori artigianali\" href=\"#\">\t\n\t\t\t\t\t    \t<img decoding=\"async\" style=\"height: 40px;width: auto;\" src=\"https:\/\/casaporciatti.it\/shop\/wp-content\/uploads\/2023\/01\/Produttori-artigianali.svg\" alt=\"Produttori artigianali\" title=\"\">\n\t\t\t\t\t\t<\/a>\n\t\t\t\t\t\t\t\t\t\t    <a title=\"Vino biologico\" href=\"#\">\t\n\t\t\t\t\t    \t<img decoding=\"async\" style=\"height: 40px;width: auto;\" src=\"https:\/\/casaporciatti.it\/shop\/wp-content\/uploads\/2023\/01\/Vino-biologico.svg\" alt=\"Vino biologico\" title=\"\">\n\t\t\t\t\t\t<\/a>\n\t\t\t\t\t\t\t\t<\/div>\n\t\t\t\t<div class=\"wishlistbella\">\n\t\t\t\t\t<\/div>\n\t<\/div>\n\t<div class=\"card-title titolo-elementor\">\n\t\t<a href=\"https:\/\/casaporciatti.it\/shop\/prodotto\/san-giusto-a-rentennano-le-baroncole-chianti-classico-riserva-2022\/\" title=\"SAN GIUSTO A RENTENNANO LE BARONCOLE Chianti Classico Riserva 2022\">\n\t\t\t<h3 class=\"text-center px-3\" style=\"font-size: 16px;color: var( --e-global-color-text );\">SAN GIUSTO A RENTENNANO LE BARONCOLE Chianti Classico Riserva 2022<\/h3>\n\t\t<\/a>\n\t<\/div>\n\n\t<div class=\"card-description homeel\">\n\t\t<div class=\"prezzo\">\n\t\t\t\n\t<span class=\"price\"><span class=\"woocommerce-Price-amount amount\"><bdi>39,00&nbsp;<span class=\"woocommerce-Price-currencySymbol\" translate=\"no\">&euro;<\/span><\/bdi><\/span><\/span>\n\t\t<\/div>\n\t<\/div>\n\t<div class=\"pulsantele py-3 justify-content-center\">\n\t\t\t\t\n\t\t\t<form class=\"cart\" action=\"https:\/\/casaporciatti.it\/shop\/prodotto\/san-giusto-a-rentennano-le-baroncole-chianti-classico-riserva-2022\/\" method=\"post\" enctype='multipart\/form-data'>\n\t\t\n\t\t\n\t\t\t<\/a><a title=\"Aggiungi al carrello SAN GIUSTO A RENTENNANO LE BARONCOLE Chianti Classico Riserva 2022\" href=\"\/shop\/wp-json\/wp\/v2\/pages\/7?add-to-cart=12868\" data-quantity=\"1\" class=\"btn d-grid gap-2 text-center button product_type_simple add_to_cart_button ajax_add_to_cart\" data-product_id=\"12868\" data-product_sku=\"ea4ac5694d94-1\" aria-label=\"Aggiungi al carrello: &quot;SAN GIUSTO A RENTENNANO LE BARONCOLE Chianti Classico Riserva 2022&quot;\" rel=\"nofollow\" data-success_message=\"&quot;SAN GIUSTO A RENTENNANO LE BARONCOLE Chianti Classico Riserva 2022&quot; \u00e8 stato aggiunto al tuo carrello\" role=\"button\">Aggiungi al carrello<\/a>\n\t\t\t\t\t<\/form>\n\t<\/div>\n<\/div>\t\t\t\t\t\t\t\t<\/article>\t  \n\t\t\t\t\t\t\t\t\t\t\t\t\t\t  \t<article class=\"item \">\n\t\t\t\t\t\t\t  \t\t<div class=\"card\">\n\t\t\n\t\n\t<div class=\"card-text brand ele d-flex justify-content-center\">\n\t\t<a href=\"https:\/\/casaporciatti.it\/shop\/prodotto\/baciate-me-canaiolo-2021\/\" title=\"BACIATE ME Canaiolo 2021\">\n\t\t\t\n\t\t\t<img loading=\"lazy\" decoding=\"async\" width=\"300\" height=\"300\" src=\"https:\/\/casaporciatti.it\/shop\/wp-content\/uploads\/2025\/03\/baciate-me-colorino-300x300.jpg\" class=\"attachment-woocommerce_thumbnail size-woocommerce_thumbnail\" alt=\"baciate me canaiolo\" srcset=\"https:\/\/casaporciatti.it\/shop\/wp-content\/uploads\/2025\/03\/baciate-me-colorino-300x300.jpg 300w, https:\/\/casaporciatti.it\/shop\/wp-content\/uploads\/2025\/03\/baciate-me-colorino-150x150.jpg 150w, https:\/\/casaporciatti.it\/shop\/wp-content\/uploads\/2025\/03\/baciate-me-colorino-100x100.jpg 100w, https:\/\/casaporciatti.it\/shop\/wp-content\/uploads\/2025\/03\/baciate-me-colorino.jpg 600w\" sizes=\"(max-width: 300px) 100vw, 300px\" title=\"\">\n\t\t<\/a>\n\t\t\t\t\t<div class=\"brand-elementor py-3\">\n\t\t\t\t\t\t\t\t\t    <a title=\"Consigliato da Riccardo\" href=\"#\">\t\n\t\t\t\t\t    \t<img decoding=\"async\" style=\"height: 40px;width: auto;\" src=\"https:\/\/casaporciatti.it\/shop\/wp-content\/uploads\/2023\/01\/Consigliato-da-Riccardo.svg\" alt=\"Consigliato da Riccardo\" title=\"\">\n\t\t\t\t\t\t<\/a>\n\t\t\t\t\t\t\t\t\t\t    <a title=\"Vino biologico\" href=\"#\">\t\n\t\t\t\t\t    \t<img decoding=\"async\" style=\"height: 40px;width: auto;\" src=\"https:\/\/casaporciatti.it\/shop\/wp-content\/uploads\/2023\/01\/Vino-biologico.svg\" alt=\"Vino biologico\" title=\"\">\n\t\t\t\t\t\t<\/a>\n\t\t\t\t\t\t\t\t<\/div>\n\t\t\t\t<div class=\"wishlistbella\">\n\t\t\t\t\t<\/div>\n\t<\/div>\n\t<div class=\"card-title titolo-elementor\">\n\t\t<a href=\"https:\/\/casaporciatti.it\/shop\/prodotto\/baciate-me-canaiolo-2021\/\" title=\"BACIATE ME Canaiolo 2021\">\n\t\t\t<h3 class=\"text-center px-3\" style=\"font-size: 16px;color: var( --e-global-color-text );\">BACIATE ME Canaiolo 2021<\/h3>\n\t\t<\/a>\n\t<\/div>\n\n\t<div class=\"card-description homeel\">\n\t\t<div class=\"prezzo\">\n\t\t\t\n\t<span class=\"price\"><span class=\"woocommerce-Price-amount amount\"><bdi>33,50&nbsp;<span class=\"woocommerce-Price-currencySymbol\" translate=\"no\">&euro;<\/span><\/bdi><\/span><\/span>\n\t\t<\/div>\n\t<\/div>\n\t<div class=\"pulsantele py-3 justify-content-center\">\n\t\t\t\t\n\t\t\t<form class=\"cart\" action=\"https:\/\/casaporciatti.it\/shop\/prodotto\/baciate-me-canaiolo-2021\/\" method=\"post\" enctype='multipart\/form-data'>\n\t\t\n\t\t\n\t\t\t<\/a><a class=\"button allinea\" style=\"\" href=\"https:\/\/wa.me\/393312783094?text=Salve%2C%20vorrei%20sapere%20quando%20torna%20disponibile%20il%20prodotto%20BACIATE%20ME%20Canaiolo%202021%20che%20si%20trova%20qui%3A%20%22%20https%3A%2F%2Fcasaporciatti.it%2Fshop%2Fprodotto%2Fbaciate-me-canaiolo-2021%2F%20%22\" title=\"BACIATE ME Canaiolo 2021\">Contattaci  <img decoding=\"async\" width=\"200\" height=\"200\" src=\"https:\/\/casaporciatti.it\/shop\/wp-content\/uploads\/2023\/02\/whatsapp.svg\" class=\"icona-wa\" alt=\"\" title=\"\"><\/a>\n\t\t\t\t\t<\/form>\n\t<\/div>\n<\/div>\t\t\t\t\t\t\t\t<\/article>\t  \n\t\t\t\t\t\t\t\t\t\t\t\t\t\t  \t<article class=\"item \">\n\t\t\t\t\t\t\t  \t\t<div class=\"card\">\n\t\t\n\t\n\t<div class=\"card-text brand ele d-flex justify-content-center\">\n\t\t<a href=\"https:\/\/casaporciatti.it\/shop\/prodotto\/baciate-me-avenne-chianti-classico-2021\/\" title=\"BACIATE ME AVENNE Chianti Classico 2021\">\n\t\t\t\n\t\t\t<img loading=\"lazy\" decoding=\"async\" width=\"300\" height=\"300\" src=\"https:\/\/casaporciatti.it\/shop\/wp-content\/uploads\/2025\/03\/bacaite-me-avenne-chianti-classico-300x300.jpg\" class=\"attachment-woocommerce_thumbnail size-woocommerce_thumbnail\" alt=\"BACIATE ME CHIANTI CLASSICO AVENNE\" srcset=\"https:\/\/casaporciatti.it\/shop\/wp-content\/uploads\/2025\/03\/bacaite-me-avenne-chianti-classico-300x300.jpg 300w, https:\/\/casaporciatti.it\/shop\/wp-content\/uploads\/2025\/03\/bacaite-me-avenne-chianti-classico-150x150.jpg 150w, https:\/\/casaporciatti.it\/shop\/wp-content\/uploads\/2025\/03\/bacaite-me-avenne-chianti-classico-100x100.jpg 100w, https:\/\/casaporciatti.it\/shop\/wp-content\/uploads\/2025\/03\/bacaite-me-avenne-chianti-classico.jpg 600w\" sizes=\"(max-width: 300px) 100vw, 300px\" title=\"\">\n\t\t<\/a>\n\t\t\t\t\t<div class=\"brand-elementor py-3\">\n\t\t\t\t\t\t\t\t\t    <a title=\"Consigliato da Riccardo\" href=\"#\">\t\n\t\t\t\t\t    \t<img decoding=\"async\" style=\"height: 40px;width: auto;\" src=\"https:\/\/casaporciatti.it\/shop\/wp-content\/uploads\/2023\/01\/Consigliato-da-Riccardo.svg\" alt=\"Consigliato da Riccardo\" title=\"\">\n\t\t\t\t\t\t<\/a>\n\t\t\t\t\t\t\t\t\t\t    <a title=\"Vino biologico\" href=\"#\">\t\n\t\t\t\t\t    \t<img decoding=\"async\" style=\"height: 40px;width: auto;\" src=\"https:\/\/casaporciatti.it\/shop\/wp-content\/uploads\/2023\/01\/Vino-biologico.svg\" alt=\"Vino biologico\" title=\"\">\n\t\t\t\t\t\t<\/a>\n\t\t\t\t\t\t\t\t<\/div>\n\t\t\t\t<div class=\"wishlistbella\">\n\t\t\t\t\t<\/div>\n\t<\/div>\n\t<div class=\"card-title titolo-elementor\">\n\t\t<a href=\"https:\/\/casaporciatti.it\/shop\/prodotto\/baciate-me-avenne-chianti-classico-2021\/\" title=\"BACIATE ME AVENNE Chianti Classico 2021\">\n\t\t\t<h3 class=\"text-center px-3\" style=\"font-size: 16px;color: var( --e-global-color-text );\">BACIATE ME AVENNE Chianti Classico 2021<\/h3>\n\t\t<\/a>\n\t<\/div>\n\n\t<div class=\"card-description homeel\">\n\t\t<div class=\"prezzo\">\n\t\t\t\n\t<span class=\"price\"><span class=\"woocommerce-Price-amount amount\"><bdi>24,00&nbsp;<span class=\"woocommerce-Price-currencySymbol\" translate=\"no\">&euro;<\/span><\/bdi><\/span><\/span>\n\t\t<\/div>\n\t<\/div>\n\t<div class=\"pulsantele py-3 justify-content-center\">\n\t\t\t\t\n\t\t\t<form class=\"cart\" action=\"https:\/\/casaporciatti.it\/shop\/prodotto\/baciate-me-avenne-chianti-classico-2021\/\" method=\"post\" enctype='multipart\/form-data'>\n\t\t\n\t\t\n\t\t\t<\/a><a title=\"Aggiungi al carrello BACIATE ME AVENNE Chianti Classico 2021\" href=\"\/shop\/wp-json\/wp\/v2\/pages\/7?add-to-cart=12746\" data-quantity=\"1\" class=\"btn d-grid gap-2 text-center button product_type_simple add_to_cart_button ajax_add_to_cart\" data-product_id=\"12746\" data-product_sku=\"057fcbb22cf8-2-1\" aria-label=\"Aggiungi al carrello: &quot;BACIATE ME AVENNE Chianti Classico 2021&quot;\" rel=\"nofollow\" data-success_message=\"&quot;BACIATE ME AVENNE Chianti Classico 2021&quot; \u00e8 stato aggiunto al tuo carrello\" role=\"button\">Aggiungi al carrello<\/a>\n\t\t\t\t\t<\/form>\n\t<\/div>\n<\/div>\t\t\t\t\t\t\t\t<\/article>\t  \n\t\t\t\t\t\t\t\t\t\t\t\t<\/div>\n\t\t\t\t<\/div>\n\t\t\t\t\t\t\t\t\t<div class=\"row mb-5 py-3\">\n\n\t\t\t\t\t\t<div class=\"allineamento_pulsante\">\n\t\t\t\t\t\t\t<a  style=\"color:white;font-weight:700;background-color: var(--e-global-color-primary);border-radius: 13px;padding: 10px 50px;\" class=\"btn text-center\" title=\"Scopri di pi\u00f9\" href=\"https:\/\/casaporciatti.it\/shop\/etichette-porciatti\/vino-biologico\/\">\n\t\t\t\t\t\t\t\tScopri di pi\u00f9\t\t\n\t\t\t\t\t\t\t<\/a>\n\t\t\t\t\t\t<\/div>\n\t\t\t\t\t\n\t\t\t\t\t<\/div>\n\t\t\t\t\t\t\t<\/div>\n\t\t<\/section>\n\t\t\t\t\t\t<\/div>\n\t\t\t\t<\/div>\n\t\t\t\t\t<\/div>\n\t\t<\/div>\n\t\t\t\t\t<\/div>\n\t\t<\/section>\n\t\t\t\t<\/div>\n\t\t","protected":false},"excerpt":{"rendered":"<p>Shop Casa Porciatti, nella propria enoteca di Radda in Chianti, seleziona i migliori vini toscani, tra cui quelli del Chianti [&hellip;]<\/p>\n","protected":false},"author":1,"featured_media":0,"parent":0,"menu_order":0,"comment_status":"closed","ping_status":"closed","template":"","meta":{"_acf_changed":false,"footnotes":""},"class_list":["post-7","page","type-page","status-publish","hentry"],"acf":[],"_links":{"self":[{"href":"https:\/\/casaporciatti.it\/shop\/wp-json\/wp\/v2\/pages\/7","targetHints":{"allow":["GET"]}}],"collection":[{"href":"https:\/\/casaporciatti.it\/shop\/wp-json\/wp\/v2\/pages"}],"about":[{"href":"https:\/\/casaporciatti.it\/shop\/wp-json\/wp\/v2\/types\/page"}],"author":[{"embeddable":true,"href":"https:\/\/casaporciatti.it\/shop\/wp-json\/wp\/v2\/users\/1"}],"replies":[{"embeddable":true,"href":"https:\/\/casaporciatti.it\/shop\/wp-json\/wp\/v2\/comments?post=7"}],"version-history":[{"count":99,"href":"https:\/\/casaporciatti.it\/shop\/wp-json\/wp\/v2\/pages\/7\/revisions"}],"predecessor-version":[{"id":11084,"href":"https:\/\/casaporciatti.it\/shop\/wp-json\/wp\/v2\/pages\/7\/revisions\/11084"}],"wp:attachment":[{"href":"https:\/\/casaporciatti.it\/shop\/wp-json\/wp\/v2\/media?parent=7"}],"curies":[{"name":"wp","href":"https:\/\/api.w.org\/{rel}","templated":true}]}}